{"id":201,"date":"2024-07-30T11:32:52","date_gmt":"2024-07-30T09:32:52","guid":{"rendered":"https:\/\/uni-freiburg.de\/beispielseiten\/?page_id=201"},"modified":"2026-03-12T18:07:21","modified_gmt":"2026-03-12T17:07:21","slug":"lehre","status":"publish","type":"page","link":"https:\/\/uni-freiburg.de\/aam\/lehre\/","title":{"rendered":"Studium und Lehre"},"content":{"rendered":"\n<p>Auf dieser Seite finden Sie die aktuellen Lehrveranstaltungen der Abteilung f\u00fcr Angewandte Mathematik sowie eine \u00dcbersicht \u00fcber einen typischen Studienablauf im Schwerpunktgebiet Angewandte Analysis und Numerik.<\/p>\n\n\n\n<div style=\"height:25px\" aria-hidden=\"true\" class=\"wp-block-spacer\"><\/div>\n\n\n\n<h3 class=\"wp-block-heading\">Aktuelle Lehrveranstaltungen<\/h3>\n\n\n\n<h4 class=\"wp-block-heading\">1a. Einf\u00fchrende Pflichtvorlesungen der verschiedenen Studieng\u00e4nge<\/h4>\n\n\n\n<figure class=\"wp-block-table\"><table><tbody><tr><td>D<\/td><td><strong>Numerik II<\/strong><br>Vorlesung: Mi, 14-16 Uhr, HS Rundbau, <a href=\"https:\/\/www.openstreetmap.org\/?mlat=48.001613&amp;mlon=7.849254#map=19\/48.001613\/7.849254\">Albertstr. 21<\/a><br>\u00dcbung: 2-st\u00fcndig 14-t\u00e4glich, verschiedene Termine <br>Assistenz<\/td><td class=\"has-text-align-right\" data-align=\"right\"><a href=\"https:\/\/aam.uni-freiburg.de\/agdo\/index.html\">Patrick Dondl<\/a><br><br><br>Jonathan Brugger<\/td><\/tr><\/tbody><\/table><\/figure>\n\n\n\n<h4 class=\"wp-block-heading\">1c. Weiterf\u00fchrende zweist\u00fcndige Vorlesungen<\/h4>\n\n\n\n<figure class=\"wp-block-table\"><table><tbody><tr><td>E<\/td><td><strong><a href=\"https:\/\/aam.uni-freiburg.de\/agba\/lehre\/ss26\/algml\/index.html\">Algorithmic Aspects of Data Analytics and Machine Learning<\/a><\/strong><br>Vorlesung: Mo, 12-14 Uhr, SR 226, <a href=\"https:\/\/www.openstreetmap.org\/?mlat=48.003472&amp;mlon=7.848195#map=19\/48.003472\/7.848195\">Hermann-Herder-Str. 10<\/a><br>\u00dcbung: 2-st\u00fcndig, Termin wird noch festgelegt und in der Vorlesung bekanntgegeben <br>Assistenz<\/td><td class=\"has-text-align-right\" data-align=\"right\"><a href=\"https:\/\/aam.uni-freiburg.de\/agba\/index.html\">S\u00f6ren Bartels<\/a><br><br><br><a href=\"https:\/\/aam.uni-freiburg.de\/mitarb\/stiefken\/index.html\">Tatjana Schreiber<\/a><\/td><\/tr><tr><td>E<\/td><td><strong>Introduction to Theory and Numerics of Stochastic Differential Equations<\/strong><br>Vorlesung: Mi, 12-14 Uhr, SR 226, <a href=\"https:\/\/www.openstreetmap.org\/?mlat=48.003472&amp;mlon=7.848195#map=19\/48.003472\/7.848195\">Hermann-Herder-Str. 10<\/a><br>\u00dcbung: 2-st\u00fcndig, Termin wird noch festgelegt und in der Vorlesung bekanntgegeben<\/td><td class=\"has-text-align-right\" data-align=\"right\"><a href=\"https:\/\/www.salimova.org\/\">Diyora Salimova<\/a><br><br><br><\/td><\/tr><tr><td>E<\/td><td><strong>&#8222;Short course&#8220; des IGRK <\/strong><\/td><td class=\"has-text-align-right\" data-align=\"right\"><a href=\"https:\/\/aam.uni-freiburg.de\/agba\/index.html\">S\u00f6ren Bartels<\/a><\/td><\/tr><\/tbody><\/table><\/figure>\n\n\n\n<h4 class=\"wp-block-heading\">2c. Praktische \u00dcbungen<\/h4>\n\n\n\n<figure class=\"wp-block-table\"><table><tbody><tr><td>D<\/td><td><strong>Praktische \u00dcbung Numerik<\/strong><br>Praktische \u00dcbung: 2-st\u00fcndig 14-t\u00e4glich, verschiedene Termine<\/td><td class=\"has-text-align-right\" data-align=\"right\"><a href=\"https:\/\/aam.uni-freiburg.de\/agdo\/index.html\">Patrick Dondl<\/a><br><br><\/td><\/tr><\/tbody><\/table><\/figure>\n\n\n\n<h4 class=\"wp-block-heading\">3a. Proseminare<\/h4>\n\n\n\n<figure class=\"wp-block-table\"><table><tbody><tr><td>D<\/td><td><strong>Proseminar: Numerik<\/strong><br>Seminar: Mo, 14-16 Uhr, SR 226, <a href=\"https:\/\/www.openstreetmap.org\/?mlat=48.003472&amp;mlon=7.848195#map=19\/48.003472\/7.848195\">Hermann-Herder-Str. 10<\/a><br>Assistenz<\/td><td class=\"has-text-align-right\" data-align=\"right\"><a href=\"https:\/\/aam.uni-freiburg.de\/agba\/index.html\">S\u00f6ren Bartels<\/a><br><br>Dominik Schneider<\/td><\/tr><\/tbody><\/table><\/figure>\n\n\n\n<h4 class=\"wp-block-heading\">3b. Seminare<\/h4>\n\n\n\n<figure class=\"wp-block-table\"><table><tbody><tr><td>D\/E<\/td><td><strong>Seminar: Approximation Properties of Deep Learning<\/strong><br>Seminar: Mi, 14-16 Uhr, SR 226, <a href=\"https:\/\/www.openstreetmap.org\/?mlat=48.003472&amp;mlon=7.848195#map=19\/48.003472\/7.848195\">Hermann-Herder-Str. 10<\/a><\/td><td class=\"has-text-align-right\" data-align=\"right\"><a href=\"https:\/\/www.salimova.org\/\">Diyora Salimova<\/a><br><br><\/td><\/tr><tr><td>D\/E<\/td><td><strong>Seminar: Topics in the Calculus of Variations<\/strong><br>Seminar: Mi, 16-18 Uhr, SR 125, <a href=\"https:\/\/www.openstreetmap.org\/?mlat=48.000637&amp;mlon=7.846006#map=19\/48.000636\/7.846006\">Ernst-Zermelo-Str. 1<\/a><\/td><td class=\"has-text-align-right\" data-align=\"right\"><a href=\"https:\/\/aam.uni-freiburg.de\/agdo\/index.html\">Patrick Dondl<\/a>, <a href=\"http:\/\/home.mathematik.uni-freiburg.de\/wang\/\">Guofang Wang<\/a><br><\/td><\/tr><\/tbody><\/table><\/figure>\n\n\n\n<h4 class=\"wp-block-heading\">5b. Oberseminare<\/h4>\n\n\n\n<figure class=\"wp-block-table\"><table><tbody><tr><td>D\/E<\/td><td class=\"has-text-align-left\" data-align=\"left\"><strong>Oberseminar: Angewandte Mathematik<\/strong><br>Di, 14-16 Uhr, SR 226, Hermann-Herder-Str. 10<\/td><td class=\"has-text-align-right\" data-align=\"right\">S\u00f6ren Bartels, Patrick Dondl,<br>Michael R\u016f\u017ei\u010dka, Diyora Salimova<\/td><\/tr><\/tbody><\/table><\/figure>\n\n\n\n<div style=\"height:25px\" aria-hidden=\"true\" class=\"wp-block-spacer\"><\/div>\n\n\n\n<h3 class=\"wp-block-heading\">Typischer Studienablauf<\/h3>\n\n\n\n<p>Eine Spezialisierung im Bereich der <strong>Angewandte Analysis \/ Numerik<\/strong> beinhaltet in der Regel die folgenden Veranstaltungen. Alternative Studienabl\u00e4ufe besprechen Sie am besten mit der Studienfachberatung oder einem der Dozierenden des Schwerpunktgebiets.<\/p>\n\n\n\n<p><strong>Bachelor:<\/strong><\/p>\n\n\n\n<ul class=\"wp-block-list\">\n<li>3. Semester: <em>Analysis III<\/em>, <em>Numerik I<\/em><\/li>\n\n\n\n<li>4. Semester: <em>Funktionalanalysis<\/em>, <em>Numerik II<\/em>, <em>Numerik f\u00fcr Differentialgleichungen<\/em><\/li>\n\n\n\n<li>5. Semester: <em>Einf\u00fchrung in die Theorie und Numerik f\u00fcr partielle Differentialgleichungen<\/em><\/li>\n\n\n\n<li>6. Semester: Seminar und Bachelor-Arbeit<\/li>\n<\/ul>\n\n\n\n<p><strong>Master:<\/strong> (bei Beginn im Wintersemester; sonst entsprechende Umstellungen)<\/p>\n\n\n\n<ul class=\"wp-block-list\">\n<li>7. und 8. Semester: vertiefte Vorlesungen wie <em>Theorie und Numerik f\u00fcr partielle Differentialgleichungen \u2013 &#8230;<\/em>, <em>Nichtlineare Funktionalanalysis<\/em> (alle unregelm\u00e4\u00dfig angeboten)<\/li>\n\n\n\n<li>9. Semester: Spezialvorlesung oder <em>Wissenschaftliches Arbeiten<\/em>; Seminar aus dem Schwerpunktgebiet<\/li>\n\n\n\n<li>10. Semester: Master-Arbeit<\/li>\n<\/ul>\n\n\n\n<p>Zu den numerisch orientierten Vorlesungen wird die Teilnahme an den dazu angebotenen Praktischen \u00dcbungen empfohlen. Den eher theoretisch interessierten Studierenden wird empfohlen, im 7.\u20139. Semester zus\u00e4tzlich Vorlesungen zur Theorie partieller Differentialgleichungen zu h\u00f6ren.<\/p>\n\n\n\n<p>Mehr Informationen zum Master-Studiengang MSc Mathematics in Data and Technology gibt es auf der <a href=\"https:\/\/www.math.uni-freiburg.de\/nlehre\/de\/page\/mscdata\/\">Seite des Mathematischen Instituts<\/a>.<\/p>\n\n\n\n<div style=\"height:100px\" aria-hidden=\"true\" class=\"wp-block-spacer\"><\/div>\n","protected":false},"excerpt":{"rendered":"<p>Auf dieser Seite finden Sie die aktuellen Lehrveranstaltungen der Abteilung f\u00fcr Angewandte Mathematik sowie eine \u00dcbersicht \u00fcber einen typischen Studienablauf im Schwerpunktgebiet Angewandte Analysis und Numerik. Aktuelle Lehrveranstaltungen 1a. Einf\u00fchrende Pflichtvorlesungen der verschiedenen Studieng\u00e4nge D Numerik IIVorlesung: Mi, 14-16 Uhr, HS Rundbau, Albertstr. 21\u00dcbung: 2-st\u00fcndig 14-t\u00e4glich, verschiedene Termine Assistenz Patrick Dondl Jonathan Brugger 1c. Weiterf\u00fchrende<\/p>\n","protected":false},"author":2,"featured_media":0,"parent":0,"menu_order":0,"comment_status":"closed","ping_status":"closed","template":"","meta":{"_trash_the_other_posts":false,"editor_notices":[],"footnotes":""},"class_list":["post-201","page","type-page","status-publish","hentry"],"_links":{"self":[{"href":"https:\/\/uni-freiburg.de\/aam\/wp-json\/wp\/v2\/pages\/201","targetHints":{"allow":["GET"]}}],"collection":[{"href":"https:\/\/uni-freiburg.de\/aam\/wp-json\/wp\/v2\/pages"}],"about":[{"href":"https:\/\/uni-freiburg.de\/aam\/wp-json\/wp\/v2\/types\/page"}],"author":[{"embeddable":true,"href":"https:\/\/uni-freiburg.de\/aam\/wp-json\/wp\/v2\/users\/2"}],"replies":[{"embeddable":true,"href":"https:\/\/uni-freiburg.de\/aam\/wp-json\/wp\/v2\/comments?post=201"}],"version-history":[{"count":14,"href":"https:\/\/uni-freiburg.de\/aam\/wp-json\/wp\/v2\/pages\/201\/revisions"}],"predecessor-version":[{"id":1080,"href":"https:\/\/uni-freiburg.de\/aam\/wp-json\/wp\/v2\/pages\/201\/revisions\/1080"}],"wp:attachment":[{"href":"https:\/\/uni-freiburg.de\/aam\/wp-json\/wp\/v2\/media?parent=201"}],"curies":[{"name":"wp","href":"https:\/\/api.w.org\/{rel}","templated":true}]}}