{"id":248,"date":"2024-07-30T12:04:49","date_gmt":"2024-07-30T10:04:49","guid":{"rendered":"https:\/\/uni-freiburg.de\/beispielseiten\/?page_id=248"},"modified":"2025-07-11T08:39:46","modified_gmt":"2025-07-11T06:39:46","slug":"partner-netzwerke","status":"publish","type":"page","link":"https:\/\/uni-freiburg.de\/act\/partner-netzwerke\/","title":{"rendered":"Partnerschaften und Netzwerke"},"content":{"rendered":"\n<div class=\"wp-block-media-text is-stacked-on-mobile\" style=\"grid-template-columns:36% auto\"><figure class=\"wp-block-media-text__media\"><a href=\"www.arnold-bergstraesser.de\/\"><img loading=\"lazy\" decoding=\"async\" width=\"375\" height=\"144\" src=\"https:\/\/uni-freiburg.de\/act\/wp-content\/uploads\/sites\/169\/logo-abi-2023.png\" alt=\"\" class=\"wp-image-582 size-full\" srcset=\"https:\/\/uni-freiburg.de\/act\/wp-content\/uploads\/sites\/169\/logo-abi-2023.png 375w, https:\/\/uni-freiburg.de\/act\/wp-content\/uploads\/sites\/169\/logo-abi-2023-300x115.png 300w\" sizes=\"auto, (max-width: 375px) 100vw, 375px\" \/><\/a><\/figure><div class=\"wp-block-media-text__content\">\n<h2 class=\"wp-block-heading\">Arnold-Bergstraesser-Institut<\/h2>\n\n\n\n<p>Das ABI ist eines der wichtigsten Forschungszentren in Deutschland im Bereich der vergleichenden Regionalstudien und der transregionalen Studien. Als unabh\u00e4ngige, gemeinn\u00fctzige Forschungseinrichtung beherbergt das ABI die R\u00e4umlichkeiten des ACT und kooperiert eng mit dem ACT sowie der Universit\u00e4t Freiburg. Das Institut wurde 1960 gegr\u00fcndet und geht auf Arnold Bergstraesser, damals Professor f\u00fcr Politikwissenschaft und Soziologie an der Universit\u00e4t Freiburg, zur\u00fcck.<\/p>\n<\/div><\/div>\n\n\n\n<div class=\"wp-block-media-text is-stacked-on-mobile\" style=\"grid-template-columns:36% auto\"><figure class=\"wp-block-media-text__media\"><a href=\"https:\/\/www.hochschulnetzwerk-glopart.de\/das-netzwerk\"><img loading=\"lazy\" decoding=\"async\" width=\"1000\" height=\"700\" src=\"https:\/\/uni-freiburg.de\/act\/wp-content\/uploads\/sites\/169\/glopart-logo.jpg\" alt=\"\" class=\"wp-image-817 size-full\" srcset=\"https:\/\/uni-freiburg.de\/act\/wp-content\/uploads\/sites\/169\/glopart-logo.jpg 1000w, https:\/\/uni-freiburg.de\/act\/wp-content\/uploads\/sites\/169\/glopart-logo-300x210.jpg 300w, https:\/\/uni-freiburg.de\/act\/wp-content\/uploads\/sites\/169\/glopart-logo-768x538.jpg 768w\" sizes=\"auto, (max-width: 1000px) 100vw, 1000px\" \/><\/a><\/figure><div class=\"wp-block-media-text__content\">\n<h2 class=\"wp-block-heading\">GloPart &#8211; Hochschulnetzwerk f\u00fcr Globale Partnerschaften Baden W\u00fcrttemberg<\/h2>\n\n\n\n<p>Das ACT ist Gr\u00fcndungsmitglied des Hochschulnetzwerks f\u00fcr globale Partnerschaften Baden-W\u00fcrttemberg. GloPart hat sich 2017 im Rahmen des \u201eEntwicklungspolitischen Hochschultags\u201c (SDG-Hochschultag) gegr\u00fcndet und m\u00f6chte zur Vernetzung und zum Informationsaustausch von Einzelpersonen an Hochschulen beitragen sowie gemeinsame Anliegen in Bezug auf die Umsetzung der Agenda 2030 und den Ausbau globaler Partnerschaften in die Hochschulen und in die Landespolitik einbringen.<\/p>\n<\/div><\/div>\n\n\n\n<div class=\"wp-block-media-text is-stacked-on-mobile\" style=\"grid-template-columns:36% auto\"><figure class=\"wp-block-media-text__media\"><a href=\"https:\/\/miasa.ug.edu.gh\/\"><img loading=\"lazy\" decoding=\"async\" width=\"511\" height=\"159\" src=\"https:\/\/uni-freiburg.de\/act\/wp-content\/uploads\/sites\/169\/miasa-logo-single.webp\" alt=\"\" class=\"wp-image-583 size-full\" srcset=\"https:\/\/uni-freiburg.de\/act\/wp-content\/uploads\/sites\/169\/miasa-logo-single.webp 511w, https:\/\/uni-freiburg.de\/act\/wp-content\/uploads\/sites\/169\/miasa-logo-single-300x93.webp 300w\" sizes=\"auto, (max-width: 511px) 100vw, 511px\" \/><\/a><\/figure><div class=\"wp-block-media-text__content\">\n<h2 class=\"wp-block-heading\">MIASA<\/h2>\n\n\n\n<p>MIASA wurde 2018 am College of Humanities der University of Ghana, Campus Legon, gegr\u00fcndet. Es basiert auf einer Zusammenarbeit zwischen der Universit\u00e4t von Ghana und einem Konsortium deutscher Partner &#8211; der Universit\u00e4t Freiburg, der Goethe-Universit\u00e4t Frankfurt, dem German Institute for Global and Area Studies (GIGA) und dem Deutschen Historischen Institut Paris (DHIP). Das ACT leitet die Administration auf Seite der Universit\u00e4t Freiburg.<\/p>\n<\/div><\/div>\n\n\n\n<div class=\"wp-block-media-text is-stacked-on-mobile\" style=\"grid-template-columns:36% auto\"><figure class=\"wp-block-media-text__media\"><a href=\"https:\/\/www.aegis-eu.org\/\"><img loading=\"lazy\" decoding=\"async\" width=\"354\" height=\"354\" src=\"https:\/\/uni-freiburg.de\/act\/wp-content\/uploads\/sites\/169\/Design-ohne-Titel1.png\" alt=\"\" class=\"wp-image-649 size-full\" srcset=\"https:\/\/uni-freiburg.de\/act\/wp-content\/uploads\/sites\/169\/Design-ohne-Titel1.png 354w, https:\/\/uni-freiburg.de\/act\/wp-content\/uploads\/sites\/169\/Design-ohne-Titel1-300x300.png 300w, https:\/\/uni-freiburg.de\/act\/wp-content\/uploads\/sites\/169\/Design-ohne-Titel1-150x150.png 150w\" sizes=\"auto, (max-width: 354px) 100vw, 354px\" \/><\/a><\/figure><div class=\"wp-block-media-text__content\">\n<h2 class=\"wp-block-heading\">AEGIS<\/h2>\n\n\n\n<p>ACT ist regul\u00e4res Mitglies von AEGIS (Africa-Europe Group for Interdisciplinary Studies), ein Netzwerk aus in Europa ans\u00e4ssigen Mitgliedsinstitutionen, die sich mit Forschung und Lehre zu Afrika und den Afrikastudien befassen. Ein Schwerpunkt liegt bis heute auf der F\u00f6rderung institutioneller und individueller Verbindungen und Synergien innerhalb Europas sowie der St\u00e4rkung der Beziehungen zu \u00e4hnlichen Wissenschaftlern und Institutionen in Afrika und anderen Teilen der Welt. <\/p>\n<\/div><\/div>\n\n\n\n<div style=\"height:100px\" aria-hidden=\"true\" class=\"wp-block-spacer\"><\/div>\n\n\n\n<h2 class=\"wp-block-heading\">Weitere Partner<\/h2>\n\n\n\n<figure class=\"wp-block-gallery has-nested-images columns-4 is-cropped wp-block-gallery-1 is-layout-flex wp-block-gallery-is-layout-flex\">\n<figure class=\"wp-block-image size-full\"><a href=\"https:\/\/mwk.baden-wuerttemberg.de\/de\/startseite\"><img loading=\"lazy\" decoding=\"async\" width=\"225\" height=\"225\" data-id=\"645\" src=\"https:\/\/uni-freiburg.de\/act\/wp-content\/uploads\/sites\/169\/BW-i.jpg\" alt=\"\" class=\"wp-image-645\" srcset=\"https:\/\/uni-freiburg.de\/act\/wp-content\/uploads\/sites\/169\/BW-i.jpg 225w, https:\/\/uni-freiburg.de\/act\/wp-content\/uploads\/sites\/169\/BW-i-150x150.jpg 150w\" sizes=\"auto, (max-width: 225px) 100vw, 225px\" \/><\/a><\/figure>\n\n\n\n<figure class=\"wp-block-image size-full\"><a href=\"https:\/\/www.bwstiftung.de\/de\/\"><img loading=\"lazy\" decoding=\"async\" width=\"520\" height=\"520\" data-id=\"641\" src=\"https:\/\/uni-freiburg.de\/act\/wp-content\/uploads\/sites\/169\/BWS-Quadrat.jpg\" alt=\"\" class=\"wp-image-641\" srcset=\"https:\/\/uni-freiburg.de\/act\/wp-content\/uploads\/sites\/169\/BWS-Quadrat.jpg 520w, https:\/\/uni-freiburg.de\/act\/wp-content\/uploads\/sites\/169\/BWS-Quadrat-300x300.jpg 300w, https:\/\/uni-freiburg.de\/act\/wp-content\/uploads\/sites\/169\/BWS-Quadrat-150x150.jpg 150w\" sizes=\"auto, (max-width: 520px) 100vw, 520px\" \/><\/a><\/figure>\n\n\n\n<figure class=\"wp-block-image size-full\"><a href=\"https:\/\/fairburg.de\/\"><img loading=\"lazy\" decoding=\"async\" width=\"340\" height=\"340\" data-id=\"640\" src=\"https:\/\/uni-freiburg.de\/act\/wp-content\/uploads\/sites\/169\/Fairburg-Quadrat.jpg\" alt=\"\" class=\"wp-image-640\" srcset=\"https:\/\/uni-freiburg.de\/act\/wp-content\/uploads\/sites\/169\/Fairburg-Quadrat.jpg 340w, https:\/\/uni-freiburg.de\/act\/wp-content\/uploads\/sites\/169\/Fairburg-Quadrat-300x300.jpg 300w, https:\/\/uni-freiburg.de\/act\/wp-content\/uploads\/sites\/169\/Fairburg-Quadrat-150x150.jpg 150w\" sizes=\"auto, (max-width: 340px) 100vw, 340px\" \/><\/a><\/figure>\n\n\n\n<figure class=\"wp-block-image size-full\"><img loading=\"lazy\" decoding=\"async\" width=\"200\" height=\"200\" data-id=\"938\" src=\"https:\/\/uni-freiburg.de\/act\/wp-content\/uploads\/sites\/169\/gai.png\" alt=\"\" class=\"wp-image-938\" srcset=\"https:\/\/uni-freiburg.de\/act\/wp-content\/uploads\/sites\/169\/gai.png 200w, https:\/\/uni-freiburg.de\/act\/wp-content\/uploads\/sites\/169\/gai-150x150.png 150w\" sizes=\"auto, (max-width: 200px) 100vw, 200px\" \/><\/figure>\n\n\n\n<figure class=\"wp-block-image size-full\"><a href=\"https:\/\/www.giga-hamburg.de\/de\/das-giga\/regionalinstitute\/giga-institut-fuer-afrika-studien\"><img loading=\"lazy\" decoding=\"async\" width=\"420\" height=\"420\" data-id=\"634\" src=\"https:\/\/uni-freiburg.de\/act\/wp-content\/uploads\/sites\/169\/GIGA-Quadrat.jpg\" alt=\"\" class=\"wp-image-634\" srcset=\"https:\/\/uni-freiburg.de\/act\/wp-content\/uploads\/sites\/169\/GIGA-Quadrat.jpg 420w, https:\/\/uni-freiburg.de\/act\/wp-content\/uploads\/sites\/169\/GIGA-Quadrat-300x300.jpg 300w, https:\/\/uni-freiburg.de\/act\/wp-content\/uploads\/sites\/169\/GIGA-Quadrat-150x150.jpg 150w\" sizes=\"auto, (max-width: 420px) 100vw, 420px\" \/><\/a><\/figure>\n\n\n\n<figure class=\"wp-block-image size-full\"><a href=\"https:\/\/gssc.uni-koeln.de\/\"><img loading=\"lazy\" decoding=\"async\" width=\"200\" height=\"200\" data-id=\"633\" src=\"https:\/\/uni-freiburg.de\/act\/wp-content\/uploads\/sites\/169\/GSSC-Quadrat.jpg\" alt=\"\" class=\"wp-image-633\" srcset=\"https:\/\/uni-freiburg.de\/act\/wp-content\/uploads\/sites\/169\/GSSC-Quadrat.jpg 200w, https:\/\/uni-freiburg.de\/act\/wp-content\/uploads\/sites\/169\/GSSC-Quadrat-150x150.jpg 150w\" sizes=\"auto, (max-width: 200px) 100vw, 200px\" \/><\/a><\/figure>\n\n\n\n<figure class=\"wp-block-image size-full\"><a href=\"https:\/\/www.ias.uni-bayreuth.de\/de\/index.html\"><img loading=\"lazy\" decoding=\"async\" width=\"520\" height=\"520\" data-id=\"631\" src=\"https:\/\/uni-freiburg.de\/act\/wp-content\/uploads\/sites\/169\/Institut-fuer-Afrikastudien-Uni-Bayreuth-Quadrat.jpg\" alt=\"\" class=\"wp-image-631\" srcset=\"https:\/\/uni-freiburg.de\/act\/wp-content\/uploads\/sites\/169\/Institut-fuer-Afrikastudien-Uni-Bayreuth-Quadrat.jpg 520w, https:\/\/uni-freiburg.de\/act\/wp-content\/uploads\/sites\/169\/Institut-fuer-Afrikastudien-Uni-Bayreuth-Quadrat-300x300.jpg 300w, https:\/\/uni-freiburg.de\/act\/wp-content\/uploads\/sites\/169\/Institut-fuer-Afrikastudien-Uni-Bayreuth-Quadrat-150x150.jpg 150w\" sizes=\"auto, (max-width: 520px) 100vw, 520px\" \/><\/a><\/figure>\n\n\n\n<figure class=\"wp-block-image size-full\"><a href=\"https:\/\/www.gkr.uni-leipzig.de\/institut-fuer-afrikastudien\"><img loading=\"lazy\" decoding=\"async\" width=\"500\" height=\"500\" data-id=\"629\" src=\"https:\/\/uni-freiburg.de\/act\/wp-content\/uploads\/sites\/169\/Afrikastudien-Leipzig-Quadrat.jpg\" alt=\"\" class=\"wp-image-629\" srcset=\"https:\/\/uni-freiburg.de\/act\/wp-content\/uploads\/sites\/169\/Afrikastudien-Leipzig-Quadrat.jpg 500w, https:\/\/uni-freiburg.de\/act\/wp-content\/uploads\/sites\/169\/Afrikastudien-Leipzig-Quadrat-300x300.jpg 300w, https:\/\/uni-freiburg.de\/act\/wp-content\/uploads\/sites\/169\/Afrikastudien-Leipzig-Quadrat-150x150.jpg 150w\" sizes=\"auto, (max-width: 500px) 100vw, 500px\" \/><\/a><\/figure>\n\n\n\n<figure class=\"wp-block-image size-full\"><a href=\"institut f\u00fcr afrika und asienwissenschaften humboldt universit\u00e4t zu berlin\"><img loading=\"lazy\" decoding=\"async\" width=\"500\" height=\"500\" data-id=\"632\" src=\"https:\/\/uni-freiburg.de\/act\/wp-content\/uploads\/sites\/169\/IAAW-Quadrat.jpg\" alt=\"\" class=\"wp-image-632\" srcset=\"https:\/\/uni-freiburg.de\/act\/wp-content\/uploads\/sites\/169\/IAAW-Quadrat.jpg 500w, https:\/\/uni-freiburg.de\/act\/wp-content\/uploads\/sites\/169\/IAAW-Quadrat-300x300.jpg 300w, https:\/\/uni-freiburg.de\/act\/wp-content\/uploads\/sites\/169\/IAAW-Quadrat-150x150.jpg 150w\" sizes=\"auto, (max-width: 500px) 100vw, 500px\" \/><\/a><\/figure>\n\n\n\n<figure class=\"wp-block-image size-full\"><a href=\"https:\/\/www.ifeas.uni-mainz.de\/\"><img loading=\"lazy\" decoding=\"async\" width=\"680\" height=\"680\" data-id=\"630\" src=\"https:\/\/uni-freiburg.de\/act\/wp-content\/uploads\/sites\/169\/IFEAS-Quadrat.jpg\" alt=\"\" class=\"wp-image-630\" srcset=\"https:\/\/uni-freiburg.de\/act\/wp-content\/uploads\/sites\/169\/IFEAS-Quadrat.jpg 680w, https:\/\/uni-freiburg.de\/act\/wp-content\/uploads\/sites\/169\/IFEAS-Quadrat-300x300.jpg 300w, https:\/\/uni-freiburg.de\/act\/wp-content\/uploads\/sites\/169\/IFEAS-Quadrat-150x150.jpg 150w\" sizes=\"auto, (max-width: 680px) 100vw, 680px\" \/><\/a><\/figure>\n\n\n\n<figure class=\"wp-block-image size-full\"><a href=\"https:\/\/www.fu-berlin.de\/\"><img loading=\"lazy\" decoding=\"async\" width=\"550\" height=\"550\" data-id=\"635\" src=\"https:\/\/uni-freiburg.de\/act\/wp-content\/uploads\/sites\/169\/FU-Berlin-Quadrat.jpg\" alt=\"\" class=\"wp-image-635\" srcset=\"https:\/\/uni-freiburg.de\/act\/wp-content\/uploads\/sites\/169\/FU-Berlin-Quadrat.jpg 550w, https:\/\/uni-freiburg.de\/act\/wp-content\/uploads\/sites\/169\/FU-Berlin-Quadrat-300x300.jpg 300w, https:\/\/uni-freiburg.de\/act\/wp-content\/uploads\/sites\/169\/FU-Berlin-Quadrat-150x150.jpg 150w\" sizes=\"auto, (max-width: 550px) 100vw, 550px\" \/><\/a><\/figure>\n\n\n\n<figure class=\"wp-block-image size-full\"><a href=\"https:\/\/museen.freiburg.de\/museen\/mnm\/ethnologische-sammlung\"><img loading=\"lazy\" decoding=\"async\" width=\"225\" height=\"225\" data-id=\"642\" src=\"https:\/\/uni-freiburg.de\/act\/wp-content\/uploads\/sites\/169\/Museum-Natur-Mensch.png\" alt=\"\" class=\"wp-image-642\" srcset=\"https:\/\/uni-freiburg.de\/act\/wp-content\/uploads\/sites\/169\/Museum-Natur-Mensch.png 225w, https:\/\/uni-freiburg.de\/act\/wp-content\/uploads\/sites\/169\/Museum-Natur-Mensch-150x150.png 150w\" sizes=\"auto, (max-width: 225px) 100vw, 225px\" \/><\/a><\/figure>\n\n\n\n<figure class=\"wp-block-image size-full\"><a href=\"https:\/\/www.oeko.de\/\"><img loading=\"lazy\" decoding=\"async\" width=\"300\" height=\"300\" data-id=\"639\" src=\"https:\/\/uni-freiburg.de\/act\/wp-content\/uploads\/sites\/169\/Oekoinstitut-Quadrat.jpg\" alt=\"\" class=\"wp-image-639\" srcset=\"https:\/\/uni-freiburg.de\/act\/wp-content\/uploads\/sites\/169\/Oekoinstitut-Quadrat.jpg 300w, https:\/\/uni-freiburg.de\/act\/wp-content\/uploads\/sites\/169\/Oekoinstitut-Quadrat-150x150.jpg 150w\" sizes=\"auto, (max-width: 300px) 100vw, 300px\" \/><\/a><\/figure>\n\n\n\n<figure class=\"wp-block-image size-full\"><a href=\"https:\/\/www.postcolonial-hierarchies.net\/\"><img loading=\"lazy\" decoding=\"async\" width=\"450\" height=\"450\" data-id=\"648\" src=\"https:\/\/uni-freiburg.de\/act\/wp-content\/uploads\/sites\/169\/Postcolonial-Hierarchies_Logo.jpg\" alt=\"\" class=\"wp-image-648\" srcset=\"https:\/\/uni-freiburg.de\/act\/wp-content\/uploads\/sites\/169\/Postcolonial-Hierarchies_Logo.jpg 450w, https:\/\/uni-freiburg.de\/act\/wp-content\/uploads\/sites\/169\/Postcolonial-Hierarchies_Logo-300x300.jpg 300w, https:\/\/uni-freiburg.de\/act\/wp-content\/uploads\/sites\/169\/Postcolonial-Hierarchies_Logo-150x150.jpg 150w\" sizes=\"auto, (max-width: 450px) 100vw, 450px\" \/><\/a><\/figure>\n\n\n\n<figure class=\"wp-block-image size-full\"><a href=\"https:\/\/sez.de\/\"><img loading=\"lazy\" decoding=\"async\" width=\"474\" height=\"474\" data-id=\"638\" src=\"https:\/\/uni-freiburg.de\/act\/wp-content\/uploads\/sites\/169\/SEZ-Quadrat.jpg\" alt=\"\" class=\"wp-image-638\" srcset=\"https:\/\/uni-freiburg.de\/act\/wp-content\/uploads\/sites\/169\/SEZ-Quadrat.jpg 474w, https:\/\/uni-freiburg.de\/act\/wp-content\/uploads\/sites\/169\/SEZ-Quadrat-300x300.jpg 300w, https:\/\/uni-freiburg.de\/act\/wp-content\/uploads\/sites\/169\/SEZ-Quadrat-150x150.jpg 150w\" sizes=\"auto, (max-width: 474px) 100vw, 474px\" \/><\/a><\/figure>\n\n\n\n<figure class=\"wp-block-image size-full\"><a href=\"https:\/\/tang-ev.de\/\"><img loading=\"lazy\" decoding=\"async\" width=\"863\" height=\"863\" data-id=\"637\" src=\"https:\/\/uni-freiburg.de\/act\/wp-content\/uploads\/sites\/169\/TANG-Quadrat.jpg\" alt=\"\" class=\"wp-image-637\" srcset=\"https:\/\/uni-freiburg.de\/act\/wp-content\/uploads\/sites\/169\/TANG-Quadrat.jpg 863w, https:\/\/uni-freiburg.de\/act\/wp-content\/uploads\/sites\/169\/TANG-Quadrat-300x300.jpg 300w, https:\/\/uni-freiburg.de\/act\/wp-content\/uploads\/sites\/169\/TANG-Quadrat-150x150.jpg 150w, https:\/\/uni-freiburg.de\/act\/wp-content\/uploads\/sites\/169\/TANG-Quadrat-768x768.jpg 768w\" sizes=\"auto, (max-width: 863px) 100vw, 863px\" \/><\/a><\/figure>\n\n\n\n<figure class=\"wp-block-image size-full\"><a href=\"https:\/\/vad-ev.de\/\"><img loading=\"lazy\" decoding=\"async\" width=\"242\" height=\"242\" data-id=\"636\" src=\"https:\/\/uni-freiburg.de\/act\/wp-content\/uploads\/sites\/169\/VAD-Quadrat.jpg\" alt=\"\" class=\"wp-image-636\" srcset=\"https:\/\/uni-freiburg.de\/act\/wp-content\/uploads\/sites\/169\/VAD-Quadrat.jpg 242w, https:\/\/uni-freiburg.de\/act\/wp-content\/uploads\/sites\/169\/VAD-Quadrat-150x150.jpg 150w\" sizes=\"auto, (max-width: 242px) 100vw, 242px\" \/><\/a><\/figure>\n\n\n\n<figure class=\"wp-block-image size-full\"><a href=\"https:\/\/zasb.unibas.ch\/de\/\"><img loading=\"lazy\" decoding=\"async\" width=\"960\" height=\"960\" data-id=\"643\" src=\"https:\/\/uni-freiburg.de\/act\/wp-content\/uploads\/sites\/169\/ZASB-Web.png\" alt=\"\" class=\"wp-image-643\" srcset=\"https:\/\/uni-freiburg.de\/act\/wp-content\/uploads\/sites\/169\/ZASB-Web.png 960w, https:\/\/uni-freiburg.de\/act\/wp-content\/uploads\/sites\/169\/ZASB-Web-300x300.png 300w, https:\/\/uni-freiburg.de\/act\/wp-content\/uploads\/sites\/169\/ZASB-Web-150x150.png 150w, https:\/\/uni-freiburg.de\/act\/wp-content\/uploads\/sites\/169\/ZASB-Web-768x768.png 768w\" sizes=\"auto, (max-width: 960px) 100vw, 960px\" \/><\/a><\/figure>\n\n\n\n<figure class=\"wp-block-image size-full\"><a href=\"https:\/\/www.uni-frankfurt.de\/39313203\/Zentrum_f%C3%BCr_Interdisziplin%C3%A4re_Afrikaforschung__ZIAF\"><img loading=\"lazy\" decoding=\"async\" width=\"300\" height=\"300\" data-id=\"628\" src=\"https:\/\/uni-freiburg.de\/act\/wp-content\/uploads\/sites\/169\/ZIAF.jpg\" alt=\"\" class=\"wp-image-628\" srcset=\"https:\/\/uni-freiburg.de\/act\/wp-content\/uploads\/sites\/169\/ZIAF.jpg 300w, https:\/\/uni-freiburg.de\/act\/wp-content\/uploads\/sites\/169\/ZIAF-150x150.jpg 150w\" sizes=\"auto, (max-width: 300px) 100vw, 300px\" \/><\/a><\/figure>\n\n\n\n<figure class=\"wp-block-image size-large\"><a href=\"https:\/\/sez.de\/burundi\/\"><img loading=\"lazy\" decoding=\"async\" width=\"383\" height=\"132\" data-id=\"652\" src=\"https:\/\/uni-freiburg.de\/act\/wp-content\/uploads\/sites\/169\/burundi.jpeg\" alt=\"\" class=\"wp-image-652\" srcset=\"https:\/\/uni-freiburg.de\/act\/wp-content\/uploads\/sites\/169\/burundi.jpeg 383w, https:\/\/uni-freiburg.de\/act\/wp-content\/uploads\/sites\/169\/burundi-300x103.jpeg 300w\" sizes=\"auto, (max-width: 383px) 100vw, 383px\" \/><\/a><\/figure>\n\n\n\n<figure class=\"wp-block-image size-large\"><a href=\"https:\/\/mwk.baden-wuerttemberg.de\/de\/startseite\"><img loading=\"lazy\" decoding=\"async\" width=\"1024\" height=\"731\" data-id=\"874\" src=\"https:\/\/uni-freiburg.de\/act\/wp-content\/uploads\/sites\/169\/mint-buendnispartner-logo-bw-ministerium-wissenschaft-forschung-kunst-1024x731.jpg\" alt=\"\" class=\"wp-image-874\" srcset=\"https:\/\/uni-freiburg.de\/act\/wp-content\/uploads\/sites\/169\/mint-buendnispartner-logo-bw-ministerium-wissenschaft-forschung-kunst-1024x731.jpg 1024w, https:\/\/uni-freiburg.de\/act\/wp-content\/uploads\/sites\/169\/mint-buendnispartner-logo-bw-ministerium-wissenschaft-forschung-kunst-300x214.jpg 300w, https:\/\/uni-freiburg.de\/act\/wp-content\/uploads\/sites\/169\/mint-buendnispartner-logo-bw-ministerium-wissenschaft-forschung-kunst-768x549.jpg 768w, https:\/\/uni-freiburg.de\/act\/wp-content\/uploads\/sites\/169\/mint-buendnispartner-logo-bw-ministerium-wissenschaft-forschung-kunst.jpg 1120w\" sizes=\"auto, (max-width: 1024px) 100vw, 1024px\" \/><\/a><\/figure>\n<\/figure>\n\n\n\n<p><\/p>\n","protected":false},"excerpt":{"rendered":"<p>Arnold-Bergstraesser-Institut Das ABI ist eines der wichtigsten Forschungszentren in Deutschland im Bereich der vergleichenden Regionalstudien und der transregionalen Studien. Als unabh\u00e4ngige, gemeinn\u00fctzige Forschungseinrichtung beherbergt das ABI die R\u00e4umlichkeiten des ACT und kooperiert eng mit dem ACT sowie der Universit\u00e4t Freiburg. Das Institut wurde 1960 gegr\u00fcndet und geht auf Arnold Bergstraesser, damals Professor f\u00fcr Politikwissenschaft und<\/p>\n","protected":false},"author":2,"featured_media":0,"parent":0,"menu_order":0,"comment_status":"closed","ping_status":"closed","template":"","meta":{"_trash_the_other_posts":false,"editor_notices":[],"footnotes":""},"class_list":["post-248","page","type-page","status-publish","hentry"],"_links":{"self":[{"href":"https:\/\/uni-freiburg.de\/act\/wp-json\/wp\/v2\/pages\/248","targetHints":{"allow":["GET"]}}],"collection":[{"href":"https:\/\/uni-freiburg.de\/act\/wp-json\/wp\/v2\/pages"}],"about":[{"href":"https:\/\/uni-freiburg.de\/act\/wp-json\/wp\/v2\/types\/page"}],"author":[{"embeddable":true,"href":"https:\/\/uni-freiburg.de\/act\/wp-json\/wp\/v2\/users\/2"}],"replies":[{"embeddable":true,"href":"https:\/\/uni-freiburg.de\/act\/wp-json\/wp\/v2\/comments?post=248"}],"version-history":[{"count":15,"href":"https:\/\/uni-freiburg.de\/act\/wp-json\/wp\/v2\/pages\/248\/revisions"}],"predecessor-version":[{"id":1018,"href":"https:\/\/uni-freiburg.de\/act\/wp-json\/wp\/v2\/pages\/248\/revisions\/1018"}],"wp:attachment":[{"href":"https:\/\/uni-freiburg.de\/act\/wp-json\/wp\/v2\/media?parent=248"}],"curies":[{"name":"wp","href":"https:\/\/api.w.org\/{rel}","templated":true}]}}