{"id":167,"date":"2024-07-30T11:10:50","date_gmt":"2024-07-30T09:10:50","guid":{"rendered":"https:\/\/uni-freiburg.de\/beispielseiten\/?page_id=167"},"modified":"2026-08-31T15:34:43","modified_gmt":"2026-08-31T13:34:43","slug":"startseite","status":"publish","type":"page","link":"https:\/\/uni-freiburg.de\/alumni\/","title":{"rendered":""},"content":{"rendered":"\n<h1 class=\"wp-block-heading\">Herzlich willkommen <br>in Ihrer Alumni Community<\/h1>\n\n\n\n<div class=\"wp-block-columns alignfull is-layout-flex wp-container-core-columns-is-layout-7387b849 wp-block-columns-is-layout-flex\">\n<div class=\"wp-block-column is-layout-flow wp-block-column-is-layout-flow\" style=\"flex-basis:100%\">\n<div class=\"wp-block-cover is-light\" style=\"min-height:346px;aspect-ratio:unset;\"><video class=\"wp-block-cover__video-background intrinsic-ignore\" autoplay muted loop playsinline src=\"https:\/\/uni-freiburg.de\/alumni\/wp-content\/uploads\/sites\/16\/20230915_165724.mp4\" data-object-fit=\"cover\"><\/video><span aria-hidden=\"true\" class=\"wp-block-cover__background has-pure-white-100-background-color has-background-dim-0 has-background-dim\"><\/span><div class=\"wp-block-cover__inner-container has-global-padding is-layout-constrained wp-block-cover-is-layout-constrained\">\n<p class=\"has-text-align-center wp-block-paragraph\"><\/p>\n<\/div><\/div>\n<\/div>\n<\/div>\n\n\n\n<div class=\"wp-block-columns is-layout-flex wp-container-core-columns-is-layout-7387b849 wp-block-columns-is-layout-flex\">\n<div class=\"wp-block-column is-layout-flow wp-block-column-is-layout-flow\" style=\"flex-basis:100%\">\n<p class=\"has-text-align-left wp-block-paragraph\">Wer einmal an der Universit\u00e4t Freiburg studiert oder gearbeitet hat, vergisst diese besondere Zeit nie. Ob der exzellente Ruf der Universit\u00e4t oder die hohe Lebensqualit\u00e4t Sie nach Freiburg gelockt hat \u2013 die Gr\u00fcnde, in der \u201eGreen City\u201c zu studieren und zu arbeiten sind zahlreich. Dies finden auch die \u00fcber 24.000 Studierende und \u00fcber 8.000 Mitarbeitende an der Universit\u00e4t Freiburg.<\/p>\n\n\n\n<div class=\"wp-block-group has-global-padding is-layout-constrained wp-block-group-is-layout-constrained\">\n<p class=\"has-text-align-left wp-block-paragraph\">Doch unabh\u00e4ngig, ob Ihre Studien- oder Arbeitsjahre einige Jahre oder Jahrzehnte zur\u00fcckliegen oder Sie gerade im ersten Semester eingeschrieben sind:<\/p>\n<\/div>\n\n\n\n<p class=\"has-text-align-left wp-block-paragraph\">Sie sind als Alumna oder Alumnus hier goldrichtig und herzlich willkommen!<\/p>\n\n\n\n<p class=\"has-text-align-left wp-block-paragraph\">Doch wer sind \u00fcberhaupt Alumni? Die Bezeichnung ist vom lateinischem \u201eAlumnus\u201d, der Z\u00f6gling, abgeleitet und wird weltweit verwendet. Alumni sind alle Personen, die an einer Universit\u00e4t studiert haben oder studieren \u2013 im Sinne der \u201efuture Alums\u201c. Auch aktive und ehemalige Mitarbeitende in Wissenschaft und im wissenschaftsunterst\u00fctzenden Dienst sind Alumni. Um die Beziehung zu ihnen als Alumni und der Universit\u00e4t zu pflegen, gr\u00fcndete die Albert-Ludwigs-Universit\u00e4t Alumni Freiburg.<\/p>\n\n\n\n<p class=\"has-text-align-center wp-block-paragraph\">Wir laden Sie ein, seien Sie Sprecher*innen f\u00fcr Ihre Universit\u00e4t Freiburg!<\/p>\n\n\n\n<div class=\"wp-block-columns is-layout-flex wp-container-core-columns-is-layout-7387b849 wp-block-columns-is-layout-flex\">\n<div class=\"wp-block-column is-layout-flow wp-block-column-is-layout-flow\" style=\"flex-basis:100%\">\n<\/p>\n<\/div>\n<\/div>\n<\/div>\n<\/div>\n\n\n\n<div class=\"wp-block-columns is-layout-flex wp-container-core-columns-is-layout-7387b849 wp-block-columns-is-layout-flex\">\n<div class=\"wp-block-column is-layout-flow wp-block-column-is-layout-flow\" style=\"flex-basis:100%\">\n<div class=\"wp-block-group has-global-padding is-layout-constrained wp-block-group-is-layout-constrained\"><figure class=\"bl-text-center bl-@container\/counter flex-1 bl-min-w-full md:bl-min-w-[10rem]\" data-counter=\"start: 0; end: 250000; duration: 3s; delay: 0s; easing: linear;\" >\n\t<div>\n\t\t<p class=\"bl-text-center bl-font-['ABC Social'] bl-font-medium bl-text-[1.25rem] bl-leading-[1.75rem] md:bl-text-[1.5rem] md:bl-leading-[2.25rem] xl:bl-text-[2.3125rem] xl:bl-leading-[3.125rem] bl-my-0\">\n\t\t\t<span class=\"\">\u00fcber<\/span>\n\t\t\t<span class=\"\">250000<\/span>\n\t\t\t<span class=\"\">Alumni<\/span>\n\t\t<\/p>\n\t\t<p class=\"bl-text-center bl-font-['ABC Social'] bl-font-medium bl-text-[1.125rem] bl-leading-[1.5625rem] md:bl-text-[1.25rem] md:bl-leading-[1.5625rem] xl:bl-text-[1.5625rem] xl:bl-leading-[2.1875rem] bl-my-0\">sind Teil der Universit\u00e4t Freiburg.<\/p>\n\t\t<p class=\"bl-text-center bl-text-[1rem] bl-leading-[1.375rem] bl-font-[350] md:bl-text-[1.125rem] md:bl-leading-[1.5625rem] xl:bl-text-[1.375rem] xl:bl-leading-[2.0625rem]\">Lassen Sie uns gemeinsam das Netzwerk lebendig gestalten.<\/p>\n<\/figure><\/div>\n<\/div>\n<\/div>\n\n\n\n<div style=\"height:25px\" aria-hidden=\"true\" class=\"wp-block-spacer\"><\/div>\n\n\n\n<div class=\"wp-block-group has-global-padding is-layout-constrained wp-block-group-is-layout-constrained\">\n<div class=\"wp-block-group has-global-padding is-content-justification-right is-layout-constrained wp-container-core-group-is-layout-2910ada7 wp-block-group-is-layout-constrained\">\n<div class=\"bl-@container\/teaser-service bl-bg-identity-teal bl-text-pure-white dark:bl-bg-identity-teal dark:bl-text-pure-white bl-self-stretch bl-px-[25px] bl-py-[20px] md:!bl-px-[45px] md:!bl-py-[40px] xl:!bl-px-[55px] xl:!bl-py-[50px] bl-min-w-full md:bl-min-w-[670px] xl:bl-min-w-[320px] [&amp;_a]:!bl-text-pure-white hover:[&amp;_a]:!bl-text-identity-yellow-60 active:[&amp;_a]:!bl-text-identity-yellow [&amp;_a]:dark:!bl-text-pure-white hover:[&amp;_a]:dark:!bl-text-identity-yellow-60 active:dark:[&amp;_a]:!bl-text-identity-yellow wp-block-ufr-teaser-service\" >\n\n\t<div\n\t\taria-hidden=\"true\"\n\t\tclass=\"bl-float-right rtl:bl-float-left\n\t\t\tbl-bg-pure-white\n\t\t\t-bl-mt-[20px] md:-bl-mt-[40px] xl:-bl-mt-[50px]\n\t\t\t-bl-mr-[5px] md:-bl-mr-[25px] xl:-bl-mr-[20px]\n\t\t\tbl-w-[35px] bl-h-[40px] @sm\/teaser-service:md:!-bl-mr-[20px]\n\t\t\t@md\/teaser-service:xl:!-bl-mr-[20px] @md\/teaser-service:xl:!-bl-mt-[50px]\n\t\t\t@md\/teaser-service:md:!-bl-mr-[25px] @md\/teaser-service:md:!-bl-mt-[40px]\n\t\t\tmd:bl-w-[45px] md:bl-h-[50px]\n\t\t\txl:bl-w-[85px] xl:bl-h-[100px]\n\t\t\tbl-rounded-b-full\n\t\t\tbl-ms-1.5 bl-mb-1.5\n\t\t\tbl-drop-shadow-[4px_4px_10px_rgba(42,_42,_42,_0.60)]\n\t\t\tbl-justify-center bl-text-identity-darkblue bl-items-center bl-text-[15px] xl:bl-text-[40px]\">\n\t\t<svg height=\"100%\" xmlns=\"http:\/\/www.w3.org\/2000\/svg\" viewBox=\"0 0 512 512\" aria-label=\"fontawesome\/circle-info\" class=\"bl-text-identity-darkblue bl-w-[20px] xl:bl-w-[50px] bl-mx-auto\" role=\"img\">\n\t<title>fontawesome\/circle-info<\/title>\n\t<path fill=\"currentColor\" d=\"M256 512A256 256 0 1 0 256 0a256 256 0 1 0 0 512zM216 336h24V272H216c-13.3 0-24-10.7-24-24s10.7-24 24-24h48c13.3 0 24 10.7 24 24v88h8c13.3 0 24 10.7 24 24s-10.7 24-24 24H216c-13.3 0-24-10.7-24-24s10.7-24 24-24zm40-208a32 32 0 1 1 0 64 32 32 0 1 1 0-64z\"\/>\n<\/svg>\n\t<\/div>\n\t<p class=\"font-medium bl-m-0 bl-text-inherit dark:bl-text-inherit\n\t\tbl-text-[1.25rem] bl-leading-[1.75rem]\n\t\tmd:bl-text-[1.5rem] md:bl-leading-[2.25rem]\n\t\txl:bl-text-[2.3125rem] xl:bl-leading-[3.125rem] [overflow-wrap:anywhere]\">\n\t\tRegistrierung als Alumni\t<\/p>\n\t<p class=\"font-medium bl-mt-[10px] bl-mb-0\n\t\tbl-text-[1rem] bl-leading-[1.375rem]\n\t\tmd:bl-text-[1.125rem] md:bl-leading-[1.375rem]\n\t\txl:bl-text-[1.375rem] xl:bl-leading-[2.0625rem] [overflow-wrap:anywhere]\">\n\t\t\t<\/p>\n\t<p class=\"font-book bl-mt-[20px] xl:bl-mt-[30px] bl-mb-0\n\t\tbl-text-[1rem] bl-leading-[1.375rem]\n\t\tmd:bl-text-[1.125rem] md:bl-leading-[1.625rem]\n\t\txl:bl-text-[1.375rem] xl:bl-leading-[2.0625rem]\">\n\t\tSie haben an der Universit\u00e4t Freiburg studiert oder gearbeitet? Sie studieren oder arbeiten derzeit an der Universit\u00e4t Freiburg? Dann sind Sie hier richtig! Bleiben Sie ein aktiver Teil der Universit\u00e4t und lernen Sie die Alumni-Community kennen. Schreiben Sie uns gerne unter <a href=\"mailto:alumni@zv.uni-freiburg.de\">alumni@zv.uni-freiburg.de<\/a> und wir nehmen Sie als  Kontakt in unser Alumni-Netzwerk auf. \t<\/p>\n<\/div>\n\n\n\n<div style=\"height:63px\" aria-hidden=\"true\" class=\"wp-block-spacer\"><\/div>\n\n\n\n<h2 class=\"wp-block-heading\">Sommerspende 2026<\/h2>\n\n\n\n<div class=\"wp-block-media-text is-stacked-on-mobile\" style=\"grid-template-columns:43% auto\"><figure class=\"wp-block-media-text__media\"><img loading=\"lazy\" decoding=\"async\" width=\"608\" height=\"422\" src=\"https:\/\/uni-freiburg.de\/alumni\/wp-content\/uploads\/sites\/16\/Grafik-Sommerspende-2026_Startseite_1.png\" alt=\"Grafik Sommerspende 2026 mit Logo des Alumni Freiburg e.V. und tanzenden Noten\" class=\"wp-image-3033 size-full\" srcset=\"https:\/\/uni-freiburg.de\/alumni\/wp-content\/uploads\/sites\/16\/Grafik-Sommerspende-2026_Startseite_1.png 608w, https:\/\/uni-freiburg.de\/alumni\/wp-content\/uploads\/sites\/16\/Grafik-Sommerspende-2026_Startseite_1-300x208.png 300w\" sizes=\"auto, (max-width: 608px) 100vw, 608px\" \/><\/figure><div class=\"wp-block-media-text__content\">\n<p class=\"wp-block-paragraph\">Die Sommerspende 2026 hat begonnen.<\/p>\n\n\n\n<p class=\"wp-block-paragraph\">In diesem Jahr unterst\u00fctzt Ihre Spende die Anschaffung eines hochwertigen Konzertfl\u00fcgels.<\/p>\n\n\n\n<p class=\"wp-block-paragraph\"><a href=\"https:\/\/uni-freiburg.de\/alumni\/engagieren\/#sommerspende-2026\" data-type=\"link\" data-id=\"https:\/\/uni-freiburg.de\/alumni\/engagieren\/#sommerspende-2026\">Hier <\/a>erhalten Sie weitere Informationen \u00fcber das diesj\u00e4hrige F\u00f6rderprojekt und erfahren, wie Ihre Spende Studierende und die universit\u00e4re Gemeinschaft unterst\u00fctzen kann.<\/p>\n\n\n\n<div style=\"height:35px\" aria-hidden=\"true\" class=\"wp-block-spacer\"><\/div>\n\n\n\n<div class=\"is-horizontal is-content-justification-left is-layout-flex wp-container-ufr-buttons-is-layout-7b1574cb wp-block-ufr-buttons-is-layout-flex\">\n\t\n\n<div class=\"wp-block-ufr-button\"> \n\t<a href=\"https:\/\/www.alumni-foerdern.uni-freiburg.de\/jetzt-spenden\/\"\n\t\t\t\taria-label=\"\"\n\t\tclass=\"\n\t\tbl-text-[1.5625rem] bl-leading-[2.1875rem] bl-px-[44px] bl-py-[12px] bl-border-[4px] bl-gap-[14px] !bl-decoration-4 !bl-underline-offset-[9px] focus-visible:bl-outline-offset-[9px]\t\tbl-no-underline hover:bl-underline bl-font-medium\n\t\t\n\t\tfocus-visible:bl-outline-dotted focus-visible:bl-outline-2 bl-border-identity-black bl-bg-identity-black bl-text-pure-white\n\t   hover:bl-bg-identity-blue-80 hover:bl-border-identity-blue-80 hover:bl-text-pure-white\n\t   active:bl-border-identity-blue active:bl-bg-identity-blue\n\t   bl-outline-identity-black dark:bl-border-pure-white dark:bl-bg-pure-white dark:bl-text-identity-black\n\t\tdark:hover:bl-bg-identity-yellow-40 dark:hover:bl-border-identity-yellow-40\n\t\tdark:active:bl-border-identity-yellow dark:active:bl-bg-identity-yellow\n\t\tdark:bl-outline-pure-white\t\tbl-inline-flex bl-flex-row bl-items-center motion-safe:bl-transition-colors\n\t\tmotion-safe:bl-duration-[400ms] justify-center bl-hyphens-auto\n\t\t\">\n\t\t\t\t<span class=\"bl-inline-block\">\n\t\t\tJetzt spenden\t\t<\/span>\n\t<\/a>\n<\/div>\n\n<\/div>\n\n<\/div><\/div>\n\n\n\n<div style=\"height:62px\" aria-hidden=\"true\" class=\"wp-block-spacer\"><\/div>\n<\/div>\n<\/div>\n\n\n\n<div class=\"[&amp;&gt;*]:bl-relative last:[&amp;&gt;*.bl-absolute]:bl-absolute [&amp;&gt;*]:bl-z-20 last:[&amp;&gt;*]:bl-z-10 bl-relative bl-overflow-x-clip [.wp-block-ufr-section_&amp;]:bl-overflow-x-visible bl-bg-identity-lightblue bl-text-identity-black dark:bl-bg-identity-lightblue dark:bl-text-identity-black bl-py-[24px] align wp-block-ufr-section has-global-padding is-layout-constrained wp-block-ufr-section-is-layout-constrained\">\n\n\t\n\n<div class=\"wp-block-media-text is-stacked-on-mobile\" style=\"grid-template-columns:70% auto\"><figure class=\"wp-block-media-text__media\"><img loading=\"lazy\" decoding=\"async\" width=\"1024\" height=\"576\" src=\"https:\/\/uni-freiburg.de\/alumni\/wp-content\/uploads\/sites\/16\/Freiburg-Foto-1024x576.jpeg\" alt=\"Die Stadt Freiburg schmiegt sich an den Schlossberg\" class=\"wp-image-523 size-full\" srcset=\"https:\/\/uni-freiburg.de\/alumni\/wp-content\/uploads\/sites\/16\/Freiburg-Foto-1024x576.jpeg 1024w, https:\/\/uni-freiburg.de\/alumni\/wp-content\/uploads\/sites\/16\/Freiburg-Foto-300x169.jpeg 300w, https:\/\/uni-freiburg.de\/alumni\/wp-content\/uploads\/sites\/16\/Freiburg-Foto-768x432.jpeg 768w, https:\/\/uni-freiburg.de\/alumni\/wp-content\/uploads\/sites\/16\/Freiburg-Foto-1536x864.jpeg 1536w, https:\/\/uni-freiburg.de\/alumni\/wp-content\/uploads\/sites\/16\/Freiburg-Foto-2048x1152.jpeg 2048w\" sizes=\"auto, (max-width: 1024px) 100vw, 1024px\" \/><\/figure><div class=\"wp-block-media-text__content\">\n<h2 class=\"wp-block-heading alignfull\">Verbunden bleiben<\/h2>\n\n\n\n<p class=\"wp-block-paragraph\">Bleiben Sie mit der Universit\u00e4t Freiburg verbunden. Als Alumni profitieren Sie auf vielf\u00e4ltige Weise von einem internationalen Netzwerk &#8211; egal in welcher Lebensphase. <\/p>\n\n\n\n<div class=\"is-layout-flex wp-block-ufr-buttons-is-layout-flex\">\n\t\n\n<div class=\"wp-block-ufr-button\"> \n\t<a href=\"https:\/\/uni-freiburg.de\/alumni\/verbundenbleiben\/\"\n\t\t\t\taria-label=\"\"\n\t\tclass=\"\n\t\tbl-text-[1.125rem] bl-leading-[1.5625rem] bl-px-[26px] bl-py-[7px] bl-border-[2px] bl-gap-[8px] !bl-decoration-2 !bl-underline-offset-[5px] focus-visible:bl-outline-offset-[6px]\t\tbl-no-underline hover:bl-underline bl-font-medium\n\t\t\n\t\tfocus-visible:bl-outline-dotted focus-visible:bl-outline-2 bl-border-identity-black bl-text-identity-black\n\t   hover:bl-bg-identity-blue-80 hover:bl-border-identity-blue-80 hover:bl-text-pure-white\n\t   active:bl-bg-identity-blue active:bl-text-pure-white active:bl-border-identity-blue\n\t   !bl-outline-identity-black dark:!bl-border-identity-black dark:bl-text-identity-black\n\t\tdark:hover:bl-bg-identity-blue-80 dark:hover:!bl-border-identity-blue-80 dark:hover:bl-text-pure-white\n\t\tdark:active:bl-bg-identity-blue dark:active:bl-text-pure-white dark:active:!bl-border-identity-blue\n\t\tdark:!bl-outline-identity-black\t\tbl-inline-flex bl-flex-row bl-items-center motion-safe:bl-transition-colors\n\t\tmotion-safe:bl-duration-[400ms] justify-center bl-hyphens-auto\n\t\t\">\n\t\t<svg width=\"100%\" viewBox=\"0 0 35 50\" fill=\"none\" xmlns=\"http:\/\/www.w3.org\/2000\/svg\"\n\taria-label=\"chevron-right\" class=\"bl-w-[17px] bl-h-[20px] -bl-ml-[10px]\" role=\"img\">\n\t<title>chevron-right<\/title>\n\t<path d=\"M5.00012 5L25.6062 25.0002L5.00012 45\" stroke=\"currentColor\" stroke-width=\"12\" \/>\n<\/svg>\n\t\t<span class=\"bl-inline-block\">\n\t\t\tMEHR ZU VERBUNDEN BLEIBEN\t\t<\/span>\n\t<\/a>\n<\/div>\n\n<\/div>\n\n<\/div><\/div>\n\n\t<\/div>\n\n\n\n<div style=\"height:50px\" aria-hidden=\"true\" class=\"wp-block-spacer\"><\/div>\n\n\n\n<div class=\"wp-block-columns is-layout-flex wp-container-core-columns-is-layout-7387b849 wp-block-columns-is-layout-flex\">\n<div class=\"wp-block-column is-layout-flow wp-block-column-is-layout-flow\">\n\n<div\n\tclass=\"bl-@container\/teaser-person\n\t\tbl-bg-identity-blue bl-text-pure-white dark:bl-bg-identity-blue dark:bl-text-pure-white\t\tbl-relative bl-self-stretch\n\t\tbl-min-w-full md:bl-min-w-[660px] xl:bl-min-w-[310px]\">\n\n\t<div class=\"\n\t\tbl-flex bl-flex-col bl-h-full\n\t\t@[500px]\/teaser-person:!bl-flex-row\n\t\t@md\/teaser-person:!bl-flex-row\">\n\t\t\t\t\t<img decoding=\"async\" src=\"https:\/\/uni-freiburg.de\/alumni\/wp-content\/uploads\/sites\/16\/Prof.-Dr.-Throsten-Schmidt_Zuschnitt-Website-scaled.jpg\" alt=\"Portr\u00e4t Professor Doktor Thorsten Schmidt\"\n\t\t\t\t\t\t\tclass=\"bl-object-cover\n\t\t\t\t\t\t\t@[500px]\/teaser-person:bl-w-[233px] @[500px]\/teaser-person:bl-min-w-[233px]\n\t\t\t\t\t\t\t@md\/teaser-person:bl-w-[310px] @md\/teaser-person:bl-min-w-[310px]\" \/>\n\t\t\n\t\t<div\n\t\t\tclass=\"bl-flex-grow bl-flex bl-flex-col bl-justify-between bl-h-full bl-px-[25px] bl-py-[20px]\n\t\t\t\t\t\tmd:bl-px-[45px] md:bl-py-[40px]\n\t\t\t\t\t\txl:bl-px-[55px] xl:bl-py-[50px] [overflow-wrap:anywhere]\"\n\t\t>\n\t\t\t<div>\n\t\t\t\t\t\t\t\t\t\t\t\t<p\n\t\t\t\t\tclass=\"font-medium bl-text-inherit dark:bl-text-inherit bl-m-0 bl-mb-[5px]\n\t\t\t\t\t\t\t\tbl-text-[1rem] bl-leading-[1.375rem]\n\t\t\t\t\t\t\t\tmd:bl-text-[1.125rem] md:bl-leading-[1.375rem]\n\t\t\t\t\t\t\t\txl:bl-text-[1.375rem] xl:bl-leading-[2.0625rem]\"\n\t\t\t\t>\n\t\t\t\t\tProf. Dr. Thorsten Schmidt\t\t\t\t<\/p>\n\t\t\t\t\t\t\t\t\t\t\t\t<p\n\t\t\t\t\tclass=\"bl-font-book\n\t\t\t\t\t\t\t\tbl-text-[1rem] bl-leading-[1.375rem]\n\t\t\t\t\t\t\t\tmd:bl-text-[1.125rem] md:bl-leading-[1.375rem]\n\t\t\t\t\t\t\t\txl:bl-text-[1.375rem] xl:bl-leading-[2.0625rem] bl-mt-0 bl-mb-[20px] xl:bl-mb-[30px]\n\t\t\t\t\t\t\t\t[&amp;_a]:bl-text-pure-white hover:[&amp;_a]:bl-text-identity-yellow-60 active:[&amp;_a]:bl-text-identity-yellow [&amp;_a]:dark:bl-text-pure-white dark:hover:[&amp;_a]:bl-text-identity-yellow-60 dark:active:[&amp;_a]:bl-text-identity-yellow\"\n\t\t\t\t\tdata-role=\"contactlist-item\"\n\t\t\t\t>\n\t\t\t\t\tAlumni Beauftragter<em> <\/em><br><br>Fakult\u00e4t f\u00fcr Mathematik und Physik\t\t\t\t<\/p>\n\t\t\t\t\t\t<\/div>\n\t\t\t\t\t<\/div>\n\n\t<\/div>\n<\/div>\n<\/div>\n\n\n\n<div class=\"wp-block-column is-layout-flow wp-block-column-is-layout-flow\">\n<h3 class=\"wp-block-heading\">Alumni-Beauftragter im Kurzinterview<\/h3>\n\n\n\n<p class=\"wp-block-paragraph\">Prof. Dr. Thorsten Schmidt teilt Einblicke in seine Arbeit und Erfahrungen aus unserer Alumni-Community.<\/p>\n\n\n\n<p class=\"wp-block-paragraph\">Jetzt mehr erfahren im&nbsp;Videoformat.<\/p>\n\n\n\n<div class=\"is-layout-flex wp-block-ufr-buttons-is-layout-flex\">\n\t\n\n<div class=\"wp-block-ufr-button\"> \n\t<a href=\"https:\/\/uni-freiburg.de\/alumni\/alumni-beauftragte-im-interview\/\"\n\t\t\t\taria-label=\"\"\n\t\tclass=\"\n\t\tbl-text-[1.125rem] bl-leading-[1.5625rem] bl-px-[26px] bl-py-[7px] bl-border-[2px] bl-gap-[8px] !bl-decoration-2 !bl-underline-offset-[5px] focus-visible:bl-outline-offset-[6px]\t\tbl-no-underline hover:bl-underline bl-font-medium\n\t\t\n\t\tfocus-visible:bl-outline-dotted focus-visible:bl-outline-2 bl-border-identity-black bl-text-identity-black\n\t   hover:bl-bg-identity-blue-80 hover:bl-border-identity-blue-80 hover:bl-text-pure-white\n\t   active:bl-bg-identity-blue active:bl-text-pure-white active:bl-border-identity-blue\n\t   !bl-outline-identity-black dark:bl-text-pure-white dark:!bl-border-pure-white\n\t\tdark:hover:bl-text-identity-black dark:hover:bl-bg-identity-yellow-40 dark:hover:!bl-border-identity-yellow-40\n\t\tdark:active:bl-text-identity-black dark:active:bl-bg-identity-yellow dark:active:!bl-border-identity-yellow\n\t\tdark:!bl-outline-pure-white\t\tbl-inline-flex bl-flex-row bl-items-center motion-safe:bl-transition-colors\n\t\tmotion-safe:bl-duration-[400ms] justify-center bl-hyphens-auto\n\t\t\">\n\t\t\t\t<span class=\"bl-inline-block\">\n\t\t\tZUM VIDEO\t\t<\/span>\n\t<\/a>\n<\/div>\n\n<\/div>\n\n<\/div>\n<\/div>\n\n\n\n<div style=\"height:35px\" aria-hidden=\"true\" class=\"wp-block-spacer\"><\/div>\n\n\n\n<h2 class=\"wp-block-heading\">Alumni &#8211; Kurzfilm<\/h2>\n\n\n<div>\n\t<div class=\"bl-relative bl-w-full bl-pb-[56.25%]\">\n\t\t\t\t<iframe\n\t\t\t\tclass=\"bl-absolute bl-top-0 bl-left-0 bl-w-full bl-h-full\"\n\t\t\t\taria-label=\"Video from the VIMP media portal of the University of Freiburg\"\n\t\t\t\taria-description=\"\"\n\t\t\t\tsrc=\"https:\/\/videoportal.uni-freiburg.de\/media\/embed?key=6b1a0b1f3dea1768e4fd8242cc28a561&#038;autoplay=false&#038;autolightsoff=false&#038;loop=false&#038;chapters=false&#038;responsive=true&#038;loadonclick=true&#038;thumb=true\"\n\t\t\t\tdata-src=\"https:\/\/videoportal.uni-freiburg.de\/media\/embed?key=6b1a0b1f3dea1768e4fd8242cc28a561&#038;autoplay=false&#038;autolightsoff=false&#038;loop=false&#038;chapters=false&#038;responsive=true&#038;loadonclick=true\"\n\t\t\t\tframeborder=\"0\"\n\t\t\t\tallowfullscreen=\"allowfullscreen\"\n\t\t\t\tallowtransparency=\"true\"\n\t\t\t\tscrolling=\"no\"\n\t\t\t><\/iframe>\n\t\t\t\t<\/div>\n<\/div>\n\n\n\n<div style=\"height:50px\" aria-hidden=\"true\" class=\"wp-block-spacer\"><\/div>\n\n\n\n<div class=\"[&amp;&gt;*]:bl-relative last:[&amp;&gt;*.bl-absolute]:bl-absolute [&amp;&gt;*]:bl-z-20 last:[&amp;&gt;*]:bl-z-10 bl-relative bl-overflow-x-clip [.wp-block-ufr-section_&amp;]:bl-overflow-x-visible bl-bg-identity-blue bl-text-pure-white dark:bl-bg-identity-blue dark:bl-text-pure-white bl-py-[24px] align wp-block-ufr-section has-global-padding is-layout-constrained wp-block-ufr-section-is-layout-constrained\">\n\n\t\n\n<div class=\"wp-block-media-text has-media-on-the-right is-stacked-on-mobile\" style=\"grid-template-columns:auto 70%\"><div class=\"wp-block-media-text__content\">\n<h2 class=\"wp-block-heading\">Engagieren und F\u00f6rdern<\/h2>\n\n\n\n<p class=\"wp-block-paragraph\">Wenn auch Sie Ihre Freiburger Universit\u00e4t unterst\u00fctzen m\u00f6chten, bieten wir Ihnen verschiedene M\u00f6glichkeiten.<\/p>\n\n\n\n<div class=\"is-layout-flex wp-block-ufr-buttons-is-layout-flex\">\n\t\n\n<div class=\"wp-block-ufr-button\"> \n\t<a href=\"https:\/\/uni-freiburg.de\/alumni\/engagieren\/\"\n\t\t\t\taria-label=\"\"\n\t\tclass=\"\n\t\tbl-text-[1.125rem] bl-leading-[1.5625rem] bl-px-[26px] bl-py-[7px] bl-border-[2px] bl-gap-[8px] !bl-decoration-2 !bl-underline-offset-[5px] focus-visible:bl-outline-offset-[6px]\t\tbl-no-underline hover:bl-underline bl-font-medium\n\t\t\n\t\tfocus-visible:bl-outline-dotted focus-visible:bl-outline-2 bl-text-pure-white dark:bl-border-pure-white\n\t   hover:bl-text-identity-black hover:bl-bg-identity-yellow-40 hover:bl-border-identity-yellow-40\n\t   active:bl-text-identity-black active:bl-bg-identity-yellow active:bl-border-identity-yellow\n\t   !bl-outline-pure-white dark:bl-text-pure-white dark:!bl-border-pure-white\n\t\tdark:hover:bl-text-identity-black dark:hover:bl-bg-identity-yellow-40 dark:hover:!bl-border-identity-yellow-40\n\t\tdark:active:bl-text-identity-black dark:active:bl-bg-identity-yellow dark:active:!bl-border-identity-yellow\n\t\tdark:!bl-outline-pure-white\t\tbl-inline-flex bl-flex-row bl-items-center motion-safe:bl-transition-colors\n\t\tmotion-safe:bl-duration-[400ms] justify-center bl-hyphens-auto\n\t\t\">\n\t\t<svg width=\"100%\" viewBox=\"0 0 35 50\" fill=\"none\" xmlns=\"http:\/\/www.w3.org\/2000\/svg\"\n\taria-label=\"chevron-right\" class=\"bl-w-[17px] bl-h-[20px] -bl-ml-[10px]\" role=\"img\">\n\t<title>chevron-right<\/title>\n\t<path d=\"M5.00012 5L25.6062 25.0002L5.00012 45\" stroke=\"currentColor\" stroke-width=\"12\" \/>\n<\/svg>\n\t\t<span class=\"bl-inline-block\">\n\t\t\tMEHR ZU ENGAGIEREN UND F\u00d6RDERN\t\t<\/span>\n\t<\/a>\n<\/div>\n\n<\/div>\n\n<\/div><figure class=\"wp-block-media-text__media\"><a href=\"https:\/\/uni-freiburg.de\/alumni\/startseite\/forschung\/\"><img loading=\"lazy\" decoding=\"async\" width=\"1024\" height=\"683\" src=\"https:\/\/uni-freiburg.de\/alumni\/wp-content\/uploads\/sites\/16\/studierende_campus_klaus_polkowski_universitaet_freiburg-1-1-1024x683.jpg\" alt=\"Drei junge Menschen unterhalten sich lebhaft vor einem Universitaetsgebaude der Uni Freiburg\" class=\"wp-image-769 size-full\" srcset=\"https:\/\/uni-freiburg.de\/alumni\/wp-content\/uploads\/sites\/16\/studierende_campus_klaus_polkowski_universitaet_freiburg-1-1-1024x683.jpg 1024w, https:\/\/uni-freiburg.de\/alumni\/wp-content\/uploads\/sites\/16\/studierende_campus_klaus_polkowski_universitaet_freiburg-1-1-300x200.jpg 300w, https:\/\/uni-freiburg.de\/alumni\/wp-content\/uploads\/sites\/16\/studierende_campus_klaus_polkowski_universitaet_freiburg-1-1-768x512.jpg 768w, https:\/\/uni-freiburg.de\/alumni\/wp-content\/uploads\/sites\/16\/studierende_campus_klaus_polkowski_universitaet_freiburg-1-1-1536x1025.jpg 1536w, https:\/\/uni-freiburg.de\/alumni\/wp-content\/uploads\/sites\/16\/studierende_campus_klaus_polkowski_universitaet_freiburg-1-1.jpg 1920w\" sizes=\"auto, (max-width: 1024px) 100vw, 1024px\" \/><\/a><\/figure><\/div>\n\n\t<\/div>\n\n\n\n<div style=\"height:50px\" aria-hidden=\"true\" class=\"wp-block-spacer\"><\/div>\n\n\n\n<h2 class=\"wp-block-heading\">News<\/h2>\n\n\n\n<div class=\"wp-block-columns is-layout-flex wp-container-core-columns-is-layout-7387b849 wp-block-columns-is-layout-flex\">\n<div class=\"wp-block-column is-layout-flow wp-block-column-is-layout-flow\"><div\n\tclass=\"bl-@container\/teaser-event bl-block bl-relative bl-self-stretch bl-min-w-full md:bl-min-w-[670px] xl:bl-min-w-[320px] bl-bg-identity-teal bl-text-pure-white dark:bl-bg-identity-teal dark:bl-text-pure-white wp-block-ufr-teaser-event\"\tdata-eventteaser=\"a9b77789-7323-4bd6-9431-e77ddb813ac2\">\n\t<div class=\"bl-flex bl-flex-col bl-h-full lg:@md\/teaser-event:bl-flex-row\">\n\t\t\t\t<div class=\"bl-w-full bl-aspect-[3\/2]\n\t\t\t@lg\/teaser-event:bl-min-w-[50%] bl-flex-shrink-0 lg:@md\/teaser-event:bl-w-[50%] lg:@md\/teaser-event:bl-max-w-[774px]\n\t\t\t@lg\/teaser-event:bl-w-[50%] @lg\/teaser-event:bl-max-w-[774px]\n\t\t\t2xl:@2xl\/teaser-event:bl-min-w-[30%] 2xl:@2xl\/teaser-event:bl-w-[30%] 2xl:@2xl\/teaser-event:bl-max-w-[478px]\">\n\t\t\t<div class=\"bl-relative bl-items-center bl-w-full bl-aspect-[3\/2] bl-leading-[1.5625rem]\">\n\t\t\t\t\t\t\t\t\t<img decoding=\"async\" src=\"https:\/\/uni-freiburg.de\/alumni\/wp-content\/uploads\/sites\/16\/Grafik-Sommerspende-2026_Startseite_1.png\" alt=\"Grafik Sommerspende 2026 mit Logo des Alumni Freiburg e.V. und tanzenden Noten\"\n\t\t\t\t\t\tclass=\"bl-object-cover bl-w-full bl-inline-block bl-aspect-[3\/2]\">\n\t\t\t\t\t\t\t\t\t\t\t<\/div>\n\t\t<\/div>\n\t\t\n\t\t\t\t<div class=\"bl-flex-grow bl-flex bl-flex-col bl-h-full bl-justify-between bl-px-[25px] bl-py-[20px]\n\t\t\tmd:bl-px-[45px] md:bl-py-[40px]\n\t\t\txl:bl-px-[55px] xl:bl-py-[50px]\n\t\t\txl:@2xl\/teaser-event:*:*:bl-me-[119px]\n\t\t\t[overflow-wrap:anywhere]\">\n\t\t\t<div>\n\t\t\t\t\t\t\t\t<p class=\"bl-font-medium bl-text-inherit dark:bl-text-inherit bl-m-0\n\t\t\t\t\tbl-text-[1.125rem] bl-leading-[1.5625rem]\n\t\t\t\t\tmd:bl-text-[1.25rem]\n\t\t\t\t\txl:bl-text-[1.5625rem] xl:bl-leading-[2.1875rem]\">\n\t\t\t\t\t\t\t\t\t\t\t\t\t\t\tStart der Sommerspende 2026\t\t\t\t<\/p>\n\t\t\t\t\t\t\t\t<hr class=\"bl-h-[1px] bl-border-none bl-relative bl-bg-current bl-mt-[20px] md:bl-mt-[30px] xl:bl-mt-[40px] bl-mb-[20px] xl:bl-mb-[30px]\">\n\t\t\t\t<p class=\"bl-font-book [&#038;_a]:bl-font-medium\n\t\t\t\t\tbl-text-[1rem] bl-leading-[1.375rem] bl-my-0\n\t\t\t\t\tmd:bl-text-[1.125rem] md:bl-leading-[1.375rem]\n\t\t\t\t\txl:bl-text-[1.375rem] xl:bl-leading-[2.0625rem]\n\t\t\t\t\t[&#038;_a]:bl-underline [&#038;_a]:bl-underline-offset-[5px] [&#038;_a]:!bl-decoration-[1px]\n\t\t\t\t\thover:[&#038;_a]:!bl-decoration-[2px] focus-visible:[&#038;_a]:bl-outline\n\t\t\t\t\t[&#038;_a]:bl-outline-1 [&#038;_a]:bl-outline-offset-4\n\t\t\t\t\tactive:[&#038;_a]:bl-outline-transparent\n\n\t\t\t\t\t[&amp;_a]:bl-text-pure-white hover:[&amp;_a]:bl-text-identity-yellow-60 active:[&amp;_a]:bl-text-identity-yellow [&amp;_a]:dark:bl-text-pure-white hover:dark:[&amp;_a]:bl-text-identity-yellow-60 active:dark:[&amp;_a]:bl-text-identity-yellow\">\n\n\t\t\t\t\t\t\t\t\t\t\t\t\t\t\tDie Sommerspende 2026 des Alumni Freiburg e.V. hat offiziell begonnen. In diesem Jahr unterst\u00fctzt Ihre Spende die <br>Anschaffung eines hochwertigen <br>Konzertfl\u00fcgels. Wie in jeder Spendenaktion, freuen sich auch weitere Studierendenprojekte und studentische F\u00f6rderprogramme \u00fcber Ihre finanzielle Zuwendung. <br>Ausf\u00fchrliche Informationen zu allen <br>Spendenm\u00f6glichkeiten finden Sie&nbsp;<a href=\"https:\/\/uni-freiburg.de\/alumni\/engagieren\/#sommerspende-2026\">hier<\/a>.<br>\t\t\t\t\t\t\t\t\t<\/p>\n\t\t\t\t<p class=\"bl-font-book [&#038;_a]:bl-font-medium bl-my-0\n\t\t\t\t\tbl-text-[1rem] bl-leading-[1.375rem]\n\t\t\t\t\tmd:bl-text-[1.125rem] md:bl-leading-[1.375rem]\n\t\t\t\t\txl:bl-text-[1.375rem] xl:bl-leading-[2.0625rem]\n\t\t\t\t\t[&#038;_a]:bl-underline [&#038;_a]:bl-underline-offset-[5px] [&#038;_a]:!bl-decoration-[1px]\n\t\t\t\t\thover:[&#038;_a]:!bl-decoration-[2px] focus-visible:[&#038;_a]:bl-outline\n\t\t\t\t\t[&#038;_a]:bl-outline-1 [&#038;_a]:bl-outline-offset-4\n\t\t\t\t\tactive:[&#038;_a]:bl-outline-transparent\n\n\t\t\t\t\t[&amp;_a]:bl-text-pure-white hover:[&amp;_a]:bl-text-identity-yellow-60 active:[&amp;_a]:bl-text-identity-yellow [&amp;_a]:dark:bl-text-pure-white hover:dark:[&amp;_a]:bl-text-identity-yellow-60 active:dark:[&amp;_a]:bl-text-identity-yellow\">\n\n\t\t\t\t\t\t\t\t\t\t\t\t\t\t\t\t\t\t\t<\/p>\n\t\t\t\t<p class=\"bl-font-book [&#038;_a]:bl-font-medium bl-my-0\n\t\t\t\t\tbl-text-[1rem] bl-leading-[1.375rem]\n\t\t\t\t\tmd:bl-text-[1.125rem] md:bl-leading-[1.375rem]\n\t\t\t\t\txl:bl-text-[1.375rem] xl:bl-leading-[2.0625rem]\n\t\t\t\t\t[&#038;_a]:bl-underline [&#038;_a]:bl-underline-offset-[5px] [&#038;_a]:!bl-decoration-[1px]\n\t\t\t\t\thover:[&#038;_a]:!bl-decoration-[2px] focus-visible:[&#038;_a]:bl-outline\n\t\t\t\t\t[&#038;_a]:bl-outline-1 [&#038;_a]:bl-outline-offset-4\n\t\t\t\t\tactive:[&#038;_a]:bl-outline-transparent\n\t\t\t\t\txl:@2xl\/teaser-event:bl-mb-0\n\t\t\t\t\txl:@2xl\/teaser-event:bl-inline-block\n\t\t\t\t\t[&amp;_a]:bl-text-pure-white hover:[&amp;_a]:bl-text-identity-yellow-60 active:[&amp;_a]:bl-text-identity-yellow [&amp;_a]:dark:bl-text-pure-white hover:dark:[&amp;_a]:bl-text-identity-yellow-60 active:dark:[&amp;_a]:bl-text-identity-yellow\">\n\t\t\t\t\t\t\t\t\t\t\t\t\t\t\t\t\t\t\t<\/p>\n\t\t\t<\/div>\n\t\t\t<div>\n\t\t\t\t\t\t\t<\/div>\n\t\t<\/div>\n\n\t<\/div>\n\t<\/div>\n<\/div>\n\n\n\n<div class=\"wp-block-column is-layout-flow wp-block-column-is-layout-flow\"><div\n\tclass=\"bl-@container\/teaser-event bl-block bl-relative bl-self-stretch bl-min-w-full md:bl-min-w-[670px] xl:bl-min-w-[320px] bl-bg-identity-teal bl-text-pure-white dark:bl-bg-identity-teal dark:bl-text-pure-white wp-block-ufr-teaser-event\"\tdata-eventteaser=\"ce5b547b-55de-4a25-8315-b5dff6864dc9\">\n\t<div class=\"bl-flex bl-flex-col bl-h-full lg:@md\/teaser-event:bl-flex-row\">\n\t\t\t\t<div class=\"bl-w-full bl-aspect-[3\/2]\n\t\t\t@lg\/teaser-event:bl-min-w-[50%] bl-flex-shrink-0 lg:@md\/teaser-event:bl-w-[50%] lg:@md\/teaser-event:bl-max-w-[774px]\n\t\t\t@lg\/teaser-event:bl-w-[50%] @lg\/teaser-event:bl-max-w-[774px]\n\t\t\t2xl:@2xl\/teaser-event:bl-min-w-[30%] 2xl:@2xl\/teaser-event:bl-w-[30%] 2xl:@2xl\/teaser-event:bl-max-w-[478px]\">\n\t\t\t<div class=\"bl-relative bl-items-center bl-w-full bl-aspect-[3\/2] bl-leading-[1.5625rem]\">\n\t\t\t\t\t\t\t\t\t<img decoding=\"async\" src=\"https:\/\/uni-freiburg.de\/alumni\/wp-content\/uploads\/sites\/16\/DSC_0277-scaled.jpg\" alt=\"\"\n\t\t\t\t\t\tclass=\"bl-object-cover bl-w-full bl-inline-block bl-aspect-[3\/2]\">\n\t\t\t\t\t\t\t\t\t\t\t<\/div>\n\t\t<\/div>\n\t\t\n\t\t\t\t<div class=\"bl-flex-grow bl-flex bl-flex-col bl-h-full bl-justify-between bl-px-[25px] bl-py-[20px]\n\t\t\tmd:bl-px-[45px] md:bl-py-[40px]\n\t\t\txl:bl-px-[55px] xl:bl-py-[50px]\n\t\t\txl:@2xl\/teaser-event:*:*:bl-me-[119px]\n\t\t\t[overflow-wrap:anywhere]\">\n\t\t\t<div>\n\t\t\t\t\t\t\t\t<p class=\"bl-font-medium bl-text-inherit dark:bl-text-inherit bl-m-0\n\t\t\t\t\tbl-text-[1.125rem] bl-leading-[1.5625rem]\n\t\t\t\t\tmd:bl-text-[1.25rem]\n\t\t\t\t\txl:bl-text-[1.5625rem] xl:bl-leading-[2.1875rem]\">\n\t\t\t\t\t\t\t\t\t\t\t\t\t\t\tAlumni unterst\u00fctzen studentisches Zuh\u00f6rtelefon\t\t\t\t<\/p>\n\t\t\t\t\t\t\t\t<hr class=\"bl-h-[1px] bl-border-none bl-relative bl-bg-current bl-mt-[20px] md:bl-mt-[30px] xl:bl-mt-[40px] bl-mb-[20px] xl:bl-mb-[30px]\">\n\t\t\t\t<p class=\"bl-font-book [&#038;_a]:bl-font-medium\n\t\t\t\t\tbl-text-[1rem] bl-leading-[1.375rem] bl-my-0\n\t\t\t\t\tmd:bl-text-[1.125rem] md:bl-leading-[1.375rem]\n\t\t\t\t\txl:bl-text-[1.375rem] xl:bl-leading-[2.0625rem]\n\t\t\t\t\t[&#038;_a]:bl-underline [&#038;_a]:bl-underline-offset-[5px] [&#038;_a]:!bl-decoration-[1px]\n\t\t\t\t\thover:[&#038;_a]:!bl-decoration-[2px] focus-visible:[&#038;_a]:bl-outline\n\t\t\t\t\t[&#038;_a]:bl-outline-1 [&#038;_a]:bl-outline-offset-4\n\t\t\t\t\tactive:[&#038;_a]:bl-outline-transparent\n\n\t\t\t\t\t[&amp;_a]:bl-text-pure-white hover:[&amp;_a]:bl-text-identity-yellow-60 active:[&amp;_a]:bl-text-identity-yellow [&amp;_a]:dark:bl-text-pure-white hover:dark:[&amp;_a]:bl-text-identity-yellow-60 active:dark:[&amp;_a]:bl-text-identity-yellow\">\n\n\t\t\t\t\t\t\t\t\t\t\t\t\t\t\tGro\u00dfer Grund zur Freude Anfang Juli vor dem Haus zur Lieben Hand. Dank den zahlreichen Spenderinnen und Spendern der Winterspende 2025\/26 konnten Vertreterinnen des Alumni Freiburg e.V. feierlich <br>2.500 \u20ac an den Nightline Freiburg e.V. \u00fcberreichen. Das Geld kommt nicht nur dem Verein zugute, sondern mit seiner Unterst\u00fctzung auch allen Studierenden, die das Angebot eines anonymen Zuh\u00f6rtelefons bei Sorgen, \u00c4ngsten und N\u00f6ten nutzen. Mehr dazu erfahren Sie&nbsp;<a href=\"https:\/\/www.alumni-foerdern.uni-freiburg.de\/alumni-helfen-mit-spenden-bei-der-krisenbewaeltigung-danke\/\">hier<\/a>.\t\t\t\t\t\t\t\t\t<\/p>\n\t\t\t\t<p class=\"bl-font-book [&#038;_a]:bl-font-medium bl-my-0\n\t\t\t\t\tbl-text-[1rem] bl-leading-[1.375rem]\n\t\t\t\t\tmd:bl-text-[1.125rem] md:bl-leading-[1.375rem]\n\t\t\t\t\txl:bl-text-[1.375rem] xl:bl-leading-[2.0625rem]\n\t\t\t\t\t[&#038;_a]:bl-underline [&#038;_a]:bl-underline-offset-[5px] [&#038;_a]:!bl-decoration-[1px]\n\t\t\t\t\thover:[&#038;_a]:!bl-decoration-[2px] focus-visible:[&#038;_a]:bl-outline\n\t\t\t\t\t[&#038;_a]:bl-outline-1 [&#038;_a]:bl-outline-offset-4\n\t\t\t\t\tactive:[&#038;_a]:bl-outline-transparent\n\n\t\t\t\t\t[&amp;_a]:bl-text-pure-white hover:[&amp;_a]:bl-text-identity-yellow-60 active:[&amp;_a]:bl-text-identity-yellow [&amp;_a]:dark:bl-text-pure-white hover:dark:[&amp;_a]:bl-text-identity-yellow-60 active:dark:[&amp;_a]:bl-text-identity-yellow\">\n\n\t\t\t\t\t\t\t\t\t\t\t\t\t\t\t\t\t\t\t<\/p>\n\t\t\t\t<p class=\"bl-font-book [&#038;_a]:bl-font-medium bl-my-0\n\t\t\t\t\tbl-text-[1rem] bl-leading-[1.375rem]\n\t\t\t\t\tmd:bl-text-[1.125rem] md:bl-leading-[1.375rem]\n\t\t\t\t\txl:bl-text-[1.375rem] xl:bl-leading-[2.0625rem]\n\t\t\t\t\t[&#038;_a]:bl-underline [&#038;_a]:bl-underline-offset-[5px] [&#038;_a]:!bl-decoration-[1px]\n\t\t\t\t\thover:[&#038;_a]:!bl-decoration-[2px] focus-visible:[&#038;_a]:bl-outline\n\t\t\t\t\t[&#038;_a]:bl-outline-1 [&#038;_a]:bl-outline-offset-4\n\t\t\t\t\tactive:[&#038;_a]:bl-outline-transparent\n\t\t\t\t\txl:@2xl\/teaser-event:bl-mb-0\n\t\t\t\t\txl:@2xl\/teaser-event:bl-inline-block\n\t\t\t\t\t[&amp;_a]:bl-text-pure-white hover:[&amp;_a]:bl-text-identity-yellow-60 active:[&amp;_a]:bl-text-identity-yellow [&amp;_a]:dark:bl-text-pure-white hover:dark:[&amp;_a]:bl-text-identity-yellow-60 active:dark:[&amp;_a]:bl-text-identity-yellow\">\n\t\t\t\t\t\t\t\t\t\t\t\t\t\t\t\t\t\t\t<\/p>\n\t\t\t<\/div>\n\t\t\t<div>\n\t\t\t\t\t\t\t<\/div>\n\t\t<\/div>\n\n\t<\/div>\n\t<\/div>\n<\/div>\n\n\n\n<div class=\"wp-block-column is-layout-flow wp-block-column-is-layout-flow\"><div\n\tclass=\"bl-@container\/teaser-event bl-block bl-relative bl-self-stretch bl-min-w-full md:bl-min-w-[670px] xl:bl-min-w-[320px] bl-bg-identity-teal bl-text-pure-white dark:bl-bg-identity-teal dark:bl-text-pure-white wp-block-ufr-teaser-event\"\tdata-eventteaser=\"192d415d-2747-4326-a3a4-7830d7b7c6c6\">\n\t<div class=\"bl-flex bl-flex-col bl-h-full lg:@md\/teaser-event:bl-flex-row\">\n\t\t\t\t<div class=\"bl-w-full bl-aspect-[3\/2]\n\t\t\t@lg\/teaser-event:bl-min-w-[50%] bl-flex-shrink-0 lg:@md\/teaser-event:bl-w-[50%] lg:@md\/teaser-event:bl-max-w-[774px]\n\t\t\t@lg\/teaser-event:bl-w-[50%] @lg\/teaser-event:bl-max-w-[774px]\n\t\t\t2xl:@2xl\/teaser-event:bl-min-w-[30%] 2xl:@2xl\/teaser-event:bl-w-[30%] 2xl:@2xl\/teaser-event:bl-max-w-[478px]\">\n\t\t\t<div class=\"bl-relative bl-items-center bl-w-full bl-aspect-[3\/2] bl-leading-[1.5625rem]\">\n\t\t\t\t\t\t\t\t\t<img decoding=\"async\" src=\"https:\/\/uni-freiburg.de\/alumni\/wp-content\/uploads\/sites\/16\/EUG2026-Basketball-AWARD-CEREMONY-University-of-Zagreb-University-of-Bologna-068-scaled.jpg\" alt=\"Jubelndes Frauen Basketball Team bei der Preisverleihung auf dem zweiten Treppchen\"\n\t\t\t\t\t\tclass=\"bl-object-cover bl-w-full bl-inline-block bl-aspect-[3\/2]\">\n\t\t\t\t\t\t\t\t\t\t\t<\/div>\n\t\t<\/div>\n\t\t\n\t\t\t\t<div class=\"bl-flex-grow bl-flex bl-flex-col bl-h-full bl-justify-between bl-px-[25px] bl-py-[20px]\n\t\t\tmd:bl-px-[45px] md:bl-py-[40px]\n\t\t\txl:bl-px-[55px] xl:bl-py-[50px]\n\t\t\txl:@2xl\/teaser-event:*:*:bl-me-[119px]\n\t\t\t[overflow-wrap:anywhere]\">\n\t\t\t<div>\n\t\t\t\t\t\t\t\t<p class=\"bl-font-medium bl-text-inherit dark:bl-text-inherit bl-m-0\n\t\t\t\t\tbl-text-[1.125rem] bl-leading-[1.5625rem]\n\t\t\t\t\tmd:bl-text-[1.25rem]\n\t\t\t\t\txl:bl-text-[1.5625rem] xl:bl-leading-[2.1875rem]\">\n\t\t\t\t\t\t\t\t\t\t\t\t\t\t\tSilber f\u00fcr Basketballerinnen bei der europ\u00e4ischen Hochschulmeisterschaft\t\t\t\t<\/p>\n\t\t\t\t\t\t\t\t<hr class=\"bl-h-[1px] bl-border-none bl-relative bl-bg-current bl-mt-[20px] md:bl-mt-[30px] xl:bl-mt-[40px] bl-mb-[20px] xl:bl-mb-[30px]\">\n\t\t\t\t<p class=\"bl-font-book [&#038;_a]:bl-font-medium\n\t\t\t\t\tbl-text-[1rem] bl-leading-[1.375rem] bl-my-0\n\t\t\t\t\tmd:bl-text-[1.125rem] md:bl-leading-[1.375rem]\n\t\t\t\t\txl:bl-text-[1.375rem] xl:bl-leading-[2.0625rem]\n\t\t\t\t\t[&#038;_a]:bl-underline [&#038;_a]:bl-underline-offset-[5px] [&#038;_a]:!bl-decoration-[1px]\n\t\t\t\t\thover:[&#038;_a]:!bl-decoration-[2px] focus-visible:[&#038;_a]:bl-outline\n\t\t\t\t\t[&#038;_a]:bl-outline-1 [&#038;_a]:bl-outline-offset-4\n\t\t\t\t\tactive:[&#038;_a]:bl-outline-transparent\n\n\t\t\t\t\t[&amp;_a]:bl-text-pure-white hover:[&amp;_a]:bl-text-identity-yellow-60 active:[&amp;_a]:bl-text-identity-yellow [&amp;_a]:dark:bl-text-pure-white hover:dark:[&amp;_a]:bl-text-identity-yellow-60 active:dark:[&amp;_a]:bl-text-identity-yellow\">\n\n\t\t\t\t\t\t\t\t\t\t\t\t\t\t\tDie Basketballerinnen der Universit\u00e4t <br>Freiburg und der P\u00e4dagogischen <br>Hochschule Freiburg feierten dieses <br>Fr\u00fchjahr in Salerno bei den European <br>Universities Games gro\u00dfe Erfolge. Im internationalen Wettbewerb setzte sich das Freiburger Team durch und erreichte den zweiten Platz. Wie der Alumni Freiburg e.V. das Projekt dank Ihrer Unterst\u00fctzung f\u00f6rdern konnte, erfahren Sie <a href=\"https:\/\/www.alumni-foerdern.uni-freiburg.de\/europaeische-hochschulmeisterschaft-im-basketball\/\" data-type=\"link\" data-id=\"https:\/\/www.alumni-foerdern.uni-freiburg.de\/europaeische-hochschulmeisterschaft-im-basketball\/\">hier<\/a>.<br>\t\t\t\t\t\t\t\t\t<\/p>\n\t\t\t\t<p class=\"bl-font-book [&#038;_a]:bl-font-medium bl-my-0\n\t\t\t\t\tbl-text-[1rem] bl-leading-[1.375rem]\n\t\t\t\t\tmd:bl-text-[1.125rem] md:bl-leading-[1.375rem]\n\t\t\t\t\txl:bl-text-[1.375rem] xl:bl-leading-[2.0625rem]\n\t\t\t\t\t[&#038;_a]:bl-underline [&#038;_a]:bl-underline-offset-[5px] [&#038;_a]:!bl-decoration-[1px]\n\t\t\t\t\thover:[&#038;_a]:!bl-decoration-[2px] focus-visible:[&#038;_a]:bl-outline\n\t\t\t\t\t[&#038;_a]:bl-outline-1 [&#038;_a]:bl-outline-offset-4\n\t\t\t\t\tactive:[&#038;_a]:bl-outline-transparent\n\n\t\t\t\t\t[&amp;_a]:bl-text-pure-white hover:[&amp;_a]:bl-text-identity-yellow-60 active:[&amp;_a]:bl-text-identity-yellow [&amp;_a]:dark:bl-text-pure-white hover:dark:[&amp;_a]:bl-text-identity-yellow-60 active:dark:[&amp;_a]:bl-text-identity-yellow\">\n\n\t\t\t\t\t\t\t\t\t\t\t\t\t\t\t\t\t\t\t<\/p>\n\t\t\t\t<p class=\"bl-font-book [&#038;_a]:bl-font-medium bl-my-0\n\t\t\t\t\tbl-text-[1rem] bl-leading-[1.375rem]\n\t\t\t\t\tmd:bl-text-[1.125rem] md:bl-leading-[1.375rem]\n\t\t\t\t\txl:bl-text-[1.375rem] xl:bl-leading-[2.0625rem]\n\t\t\t\t\t[&#038;_a]:bl-underline [&#038;_a]:bl-underline-offset-[5px] [&#038;_a]:!bl-decoration-[1px]\n\t\t\t\t\thover:[&#038;_a]:!bl-decoration-[2px] focus-visible:[&#038;_a]:bl-outline\n\t\t\t\t\t[&#038;_a]:bl-outline-1 [&#038;_a]:bl-outline-offset-4\n\t\t\t\t\tactive:[&#038;_a]:bl-outline-transparent\n\t\t\t\t\txl:@2xl\/teaser-event:bl-mb-0\n\t\t\t\t\txl:@2xl\/teaser-event:bl-inline-block\n\t\t\t\t\t[&amp;_a]:bl-text-pure-white hover:[&amp;_a]:bl-text-identity-yellow-60 active:[&amp;_a]:bl-text-identity-yellow [&amp;_a]:dark:bl-text-pure-white hover:dark:[&amp;_a]:bl-text-identity-yellow-60 active:dark:[&amp;_a]:bl-text-identity-yellow\">\n\t\t\t\t\t\t\t\t\t\t\t\t\t\t\t\t\t\t\t<\/p>\n\t\t\t<\/div>\n\t\t\t<div>\n\t\t\t\t\t\t\t<\/div>\n\t\t<\/div>\n\n\t<\/div>\n\t<\/div>\n<\/div>\n<\/div>\n\n\n\n<p class=\"wp-block-paragraph\"><a href=\"https:\/\/uni-freiburg.de\/alumni\/news\/\">Hier<\/a> gibt es noch mehr News zu entdecken.<\/p>\n\n\n\n<div class=\"wp-block-group has-global-padding is-layout-constrained wp-block-group-is-layout-constrained\">\n<div style=\"height:50px\" aria-hidden=\"true\" class=\"wp-block-spacer\"><\/div>\n<\/div>\n\n\n\n<div class=\"wp-block-group alignfull is-layout-flex wp-block-group-is-layout-flex\"><\/div>\n\n\n\n<div style=\"height:50px\" aria-hidden=\"true\" class=\"wp-block-spacer\"><\/div>\n\n\n\n<div class=\"wp-block-columns is-layout-flex wp-container-core-columns-is-layout-7387b849 wp-block-columns-is-layout-flex\">\n<div class=\"wp-block-column is-layout-flow wp-block-column-is-layout-flow\" style=\"flex-basis:100%\">\n<h2 class=\"wp-block-heading has-text-align-left\">Folgen Sie uns auf<\/h2>\n\n\n\n<div class=\"wp-block-columns is-layout-flex wp-container-core-columns-is-layout-7387b849 wp-block-columns-is-layout-flex\">\n<div class=\"wp-block-column is-layout-flow wp-block-column-is-layout-flow\" style=\"flex-basis:100%\">\n<div class=\"wp-block-group is-content-justification-space-between is-nowrap is-layout-flex wp-container-core-group-is-layout-f36ac205 wp-block-group-is-layout-flex\">\n<div class=\"wp-block-group has-global-padding is-content-justification-left is-layout-constrained wp-container-core-group-is-layout-54d22900 wp-block-group-is-layout-constrained\">\n<h3 class=\"wp-block-heading has-text-align-left\"><a href=\"https:\/\/www.linkedin.com\/in\/alumni-freiburg\/\">LinkedIn<\/a><\/h3>\n\n\n\n<h3 class=\"wp-block-heading has-text-align-left\"><a href=\"https:\/\/www.facebook.com\/AlumniFreiburg\/\">Facebook<\/a><\/h3>\n<\/div>\n<\/div>\n<\/div>\n<\/div>\n\n\n\n<div class=\"wp-block-columns is-layout-flex wp-container-core-columns-is-layout-7387b849 wp-block-columns-is-layout-flex\">\n<div class=\"wp-block-column is-layout-flow wp-block-column-is-layout-flow\"><\/div>\n<\/div>\n<\/div>\n\n\n\n<div class=\"wp-block-column is-layout-flow wp-block-column-is-layout-flow\" style=\"flex-basis:100%\">\n<div class=\"[&amp;&gt;*]:bl-relative last:[&amp;&gt;*.bl-absolute]:bl-absolute [&amp;&gt;*]:bl-z-20 last:[&amp;&gt;*]:bl-z-10 bl-relative bl-overflow-x-clip [.wp-block-ufr-section_&amp;]:bl-overflow-x-visible bl-bg-identity-rose bl-text-identity-black dark:bl-bg-identity-brown dark:bl-text-pure-white bl-py-[24px] align wp-block-ufr-section has-global-padding is-layout-constrained wp-block-ufr-section-is-layout-constrained\">\n\n\t\n\n<h3 class=\"wp-block-heading\">Alumni-Team<\/h3>\n\n\n\n<p class=\"wp-block-paragraph\">Ob Alumni-Beauftragte der Fakult\u00e4t oder das Team Beziehungsmanagement und Alumni (BMA) wir sind f\u00fcr Sie da.<\/p>\n\n\n\n<p class=\"wp-block-paragraph\"><\/p>\n\n\n\n<div class=\"is-layout-flex wp-block-ufr-buttons-is-layout-flex\">\n\t\n\n<div class=\"wp-block-ufr-button\"> \n\t<a href=\"https:\/\/uni-freiburg.de\/alumni\/alumni-team\/#alumni-beauftragte\"\n\t\t\t\taria-label=\"\"\n\t\tclass=\"\n\t\tbl-text-[1.125rem] bl-leading-[1.5625rem] bl-px-[26px] bl-py-[7px] bl-border-[2px] bl-gap-[8px] !bl-decoration-2 !bl-underline-offset-[5px] focus-visible:bl-outline-offset-[6px]\t\tbl-no-underline hover:bl-underline bl-font-medium\n\t\t\n\t\tfocus-visible:bl-outline-dotted focus-visible:bl-outline-2 bl-border-identity-black bl-text-identity-black\n\t   hover:bl-bg-identity-blue-80 hover:bl-border-identity-blue-80 hover:bl-text-pure-white\n\t   active:bl-bg-identity-blue active:bl-text-pure-white active:bl-border-identity-blue\n\t   !bl-outline-identity-black dark:bl-text-pure-white dark:!bl-border-pure-white\n\t\tdark:hover:bl-text-identity-black dark:hover:bl-bg-identity-yellow-40 dark:hover:!bl-border-identity-yellow-40\n\t\tdark:active:bl-text-identity-black dark:active:bl-bg-identity-yellow dark:active:!bl-border-identity-yellow\n\t\tdark:!bl-outline-pure-white\t\tbl-inline-flex bl-flex-row bl-items-center motion-safe:bl-transition-colors\n\t\tmotion-safe:bl-duration-[400ms] justify-center bl-hyphens-auto\n\t\t\">\n\t\t<svg width=\"100%\" viewBox=\"0 0 35 50\" fill=\"none\" xmlns=\"http:\/\/www.w3.org\/2000\/svg\"\n\taria-label=\"chevron-right\" class=\"bl-w-[17px] bl-h-[20px] -bl-ml-[10px]\" role=\"img\">\n\t<title>chevron-right<\/title>\n\t<path d=\"M5.00012 5L25.6062 25.0002L5.00012 45\" stroke=\"currentColor\" stroke-width=\"12\" \/>\n<\/svg>\n\t\t<span class=\"bl-inline-block\">\n\t\t\tzu den Alumni-Beauftragten der Fakult\u00e4ten\t\t<\/span>\n\t<\/a>\n<\/div>\n\n\n\n<div class=\"wp-block-ufr-button\"> \n\t<a href=\"https:\/\/uni-freiburg.de\/alumni\/alumni-team\/#beziehungsmanagement-und-alumni\"\n\t\t\t\taria-label=\"\"\n\t\tclass=\"\n\t\tbl-text-[1.125rem] bl-leading-[1.5625rem] bl-px-[26px] bl-py-[7px] bl-border-[2px] bl-gap-[8px] !bl-decoration-2 !bl-underline-offset-[5px] focus-visible:bl-outline-offset-[6px]\t\tbl-no-underline hover:bl-underline bl-font-medium\n\t\t\n\t\tfocus-visible:bl-outline-dotted focus-visible:bl-outline-2 bl-border-identity-black bl-text-identity-black\n\t   hover:bl-bg-identity-blue-80 hover:bl-border-identity-blue-80 hover:bl-text-pure-white\n\t   active:bl-bg-identity-blue active:bl-text-pure-white active:bl-border-identity-blue\n\t   !bl-outline-identity-black dark:bl-text-pure-white dark:!bl-border-pure-white\n\t\tdark:hover:bl-text-identity-black dark:hover:bl-bg-identity-yellow-40 dark:hover:!bl-border-identity-yellow-40\n\t\tdark:active:bl-text-identity-black dark:active:bl-bg-identity-yellow dark:active:!bl-border-identity-yellow\n\t\tdark:!bl-outline-pure-white\t\tbl-inline-flex bl-flex-row bl-items-center motion-safe:bl-transition-colors\n\t\tmotion-safe:bl-duration-[400ms] justify-center bl-hyphens-auto\n\t\t\">\n\t\t<svg width=\"100%\" viewBox=\"0 0 35 50\" fill=\"none\" xmlns=\"http:\/\/www.w3.org\/2000\/svg\"\n\taria-label=\"chevron-right\" class=\"bl-w-[17px] bl-h-[20px] -bl-ml-[10px]\" role=\"img\">\n\t<title>chevron-right<\/title>\n\t<path d=\"M5.00012 5L25.6062 25.0002L5.00012 45\" stroke=\"currentColor\" stroke-width=\"12\" \/>\n<\/svg>\n\t\t<span class=\"bl-inline-block\">\n\t\t\tzum BMA-Team\t\t<\/span>\n\t<\/a>\n<\/div>\n\n<\/div>\n\n\n\t<\/div>\n<\/div>\n<\/div>\n\n\n\n<div style=\"height:50px;width:0px\" aria-hidden=\"true\" class=\"wp-block-spacer\"><\/div>\n\n\n\n<h2 class=\"wp-block-heading\">Alumni-Magazin<\/h2>\n\n\n\n<div class=\"wp-block-group is-nowrap is-layout-flex wp-container-core-group-is-layout-7387b849 wp-block-group-is-layout-flex\"><ul class=\"block-ufr-link-list-ul bl-@container\/download-list bl-w-fill wp-block-ufr-download-list\">\n\t\n<li class=\"block-ufr-link-list-li block-ufr-link-list-li-content bl-flex-wrap @xl\/download-list:bl-flex-nowrap block-ufr-link-list-li-content--light-in-lightmode block-ufr-link-list-li-content--dark-in-darkmode wp-block-ufr-download-list-item\">\n\t<hr class=\"block-ufr-link-list-hr block-ufr-link-list-hr--light-in-lightmode block-ufr-link-list-hr--dark-in-darkmode\">\n\t<a href=\"https:\/\/uni-freiburg.de\/alumni\/wp-content\/uploads\/sites\/16\/250514_Alumni_Magazin_2025_Englisch_doppelseitig-komprimiert.pdf\" aria-description=\"Downloadbares Element mit dem Titel Alumni-Magazine 2024\/25 -  English Version und der Beschreibung . Klicken zum Herunterladen.\" class=\"bl-no-underline bl-flex-wrap @xl\/download-list:bl-flex-nowrap\">\n\t<div class=\"block-ufr-link-list-icon block-ufr-link-list-icon--light-in-lightmode block-ufr-link-list-icon--dark-in-darkmode\">\n\t\t<svg height=\"100%\" xmlns=\"http:\/\/www.w3.org\/2000\/svg\" viewBox=\"0 0 512 512\" aria-label=\"Download icon\"  role=\"img\">\n\t<title>Download icon<\/title>\n\t<path fill=\"currentColor\" d=\"M288 32c0-17.7-14.3-32-32-32s-32 14.3-32 32V274.7l-73.4-73.4c-12.5-12.5-32.8-12.5-45.3 0s-12.5 32.8 0 45.3l128 128c12.5 12.5 32.8 12.5 45.3 0l128-128c12.5-12.5 12.5-32.8 0-45.3s-32.8-12.5-45.3 0L288 274.7V32zM64 352c-35.3 0-64 28.7-64 64v32c0 35.3 28.7 64 64 64H448c35.3 0 64-28.7 64-64V416c0-35.3-28.7-64-64-64H346.5l-45.3 45.3c-25 25-65.5 25-90.5 0L165.5 352H64zm368 56a24 24 0 1 1 0 48 24 24 0 1 1 0-48z\"\/>\n<\/svg>\n\n\t<\/div>\n\t<div class=\"bl-flex-[1_1]\">\n\t\t<p class=\"block-ufr-link-list-heading\nbl-font-medium bl-text-[1rem] bl-leading-[1.375rem] md:bl-text-[1.125rem] md:bl-leading-[1.375rem] xl:bl-text-[1.375rem] xl:bl-leading-[2.0625rem] block-ufr-link-list-heading--light-in-lightmode block-ufr-link-list-heading--dark-in-darkmode\">Alumni-Magazine 2024\/25 &#8211;  English Version<\/p>\n\t\t<p class=\"block-ufr-link-list-subheading\nbl-font-book bl-text-[1rem] bl-leading-[1.375rem] md:bl-text-[1.125rem] md:bl-leading-[1.5625rem] xl:bl-text-[1.375rem] xl:bl-leading-[2.0625rem] block-ufr-link-list-subheading--light-in-lightmode block-ufr-link-list-subheading--dark-in-darkmode\"><\/p>\n\t<\/div>\n\t<div class=\"bl-self-end bl-shrink-[10] xl:ml-[17px] xl:bl-mr-[23px] bl-w-full @xl\/download-list:bl-w-[revert] bl-pl-[30px] md:bl-pl-[40px] xl:bl-pl-[44px] xl:@xl\/download-list:bl-pl-[revert]\">\n\t\t\n\t<\/div>\n\t<\/a>\n\t<hr class=\"block-ufr-link-list-hr block-ufr-link-list-hr--light-in-lightmode block-ufr-link-list-hr--dark-in-darkmode\">\n<\/li>\n\n<li class=\"block-ufr-link-list-li block-ufr-link-list-li-content bl-flex-wrap @xl\/download-list:bl-flex-nowrap block-ufr-link-list-li-content--light-in-lightmode block-ufr-link-list-li-content--dark-in-darkmode wp-block-ufr-download-list-item\">\n\t<hr class=\"block-ufr-link-list-hr block-ufr-link-list-hr--light-in-lightmode block-ufr-link-list-hr--dark-in-darkmode\">\n\t<a href=\"https:\/\/uni-freiburg.de\/alumni\/wp-content\/uploads\/sites\/16\/Alumni_Magazin_2024_Doppelseiten_Web.pdf\" aria-description=\"Downloadbares Element mit dem Titel Alumni-Magazin 2024\/25 - Deutsche Ausgabe  und der Beschreibung . Klicken zum Herunterladen.\" class=\"bl-no-underline bl-flex-wrap @xl\/download-list:bl-flex-nowrap\">\n\t<div class=\"block-ufr-link-list-icon block-ufr-link-list-icon--light-in-lightmode block-ufr-link-list-icon--dark-in-darkmode\">\n\t\t<svg height=\"100%\" xmlns=\"http:\/\/www.w3.org\/2000\/svg\" viewBox=\"0 0 512 512\" aria-label=\"Download icon\"  role=\"img\">\n\t<title>Download icon<\/title>\n\t<path fill=\"currentColor\" d=\"M288 32c0-17.7-14.3-32-32-32s-32 14.3-32 32V274.7l-73.4-73.4c-12.5-12.5-32.8-12.5-45.3 0s-12.5 32.8 0 45.3l128 128c12.5 12.5 32.8 12.5 45.3 0l128-128c12.5-12.5 12.5-32.8 0-45.3s-32.8-12.5-45.3 0L288 274.7V32zM64 352c-35.3 0-64 28.7-64 64v32c0 35.3 28.7 64 64 64H448c35.3 0 64-28.7 64-64V416c0-35.3-28.7-64-64-64H346.5l-45.3 45.3c-25 25-65.5 25-90.5 0L165.5 352H64zm368 56a24 24 0 1 1 0 48 24 24 0 1 1 0-48z\"\/>\n<\/svg>\n\n\t<\/div>\n\t<div class=\"bl-flex-[1_1]\">\n\t\t<p class=\"block-ufr-link-list-heading\nbl-font-medium bl-text-[1rem] bl-leading-[1.375rem] md:bl-text-[1.125rem] md:bl-leading-[1.375rem] xl:bl-text-[1.375rem] xl:bl-leading-[2.0625rem] block-ufr-link-list-heading--light-in-lightmode block-ufr-link-list-heading--dark-in-darkmode\">Alumni-Magazin 2024\/25 &#8211; Deutsche Ausgabe <\/p>\n\t\t<p class=\"block-ufr-link-list-subheading\nbl-font-book bl-text-[1rem] bl-leading-[1.375rem] md:bl-text-[1.125rem] md:bl-leading-[1.5625rem] xl:bl-text-[1.375rem] xl:bl-leading-[2.0625rem] block-ufr-link-list-subheading--light-in-lightmode block-ufr-link-list-subheading--dark-in-darkmode\"><\/p>\n\t<\/div>\n\t<div class=\"bl-self-end bl-shrink-[10] xl:ml-[17px] xl:bl-mr-[23px] bl-w-full @xl\/download-list:bl-w-[revert] bl-pl-[30px] md:bl-pl-[40px] xl:bl-pl-[44px] xl:@xl\/download-list:bl-pl-[revert]\">\n\t\t\n\t<\/div>\n\t<\/a>\n\t<hr class=\"block-ufr-link-list-hr block-ufr-link-list-hr--light-in-lightmode block-ufr-link-list-hr--dark-in-darkmode\">\n<\/li>\n\n<li class=\"block-ufr-link-list-li block-ufr-link-list-li-content bl-flex-wrap @xl\/download-list:bl-flex-nowrap block-ufr-link-list-li-content--light-in-lightmode block-ufr-link-list-li-content--dark-in-darkmode wp-block-ufr-download-list-item\">\n\t<hr class=\"block-ufr-link-list-hr block-ufr-link-list-hr--light-in-lightmode block-ufr-link-list-hr--dark-in-darkmode\">\n\t<a href=\"https:\/\/www.pr2.uni-freiburg.de\/publikationen\/Alumnimagazin_2023\/EN\/#0\" aria-description=\"Downloadbares Element mit dem Titel Alumni-Magazine 2023\/24 -  English Version und der Beschreibung . Klicken zum Herunterladen.\" class=\"bl-no-underline bl-flex-wrap @xl\/download-list:bl-flex-nowrap\">\n\t<div class=\"block-ufr-link-list-icon block-ufr-link-list-icon--light-in-lightmode block-ufr-link-list-icon--dark-in-darkmode\">\n\t\t<svg height=\"100%\" xmlns=\"http:\/\/www.w3.org\/2000\/svg\" viewBox=\"0 0 512 512\" aria-label=\"Download icon\"  role=\"img\">\n\t<title>Download icon<\/title>\n\t<path fill=\"currentColor\" d=\"M288 32c0-17.7-14.3-32-32-32s-32 14.3-32 32V274.7l-73.4-73.4c-12.5-12.5-32.8-12.5-45.3 0s-12.5 32.8 0 45.3l128 128c12.5 12.5 32.8 12.5 45.3 0l128-128c12.5-12.5 12.5-32.8 0-45.3s-32.8-12.5-45.3 0L288 274.7V32zM64 352c-35.3 0-64 28.7-64 64v32c0 35.3 28.7 64 64 64H448c35.3 0 64-28.7 64-64V416c0-35.3-28.7-64-64-64H346.5l-45.3 45.3c-25 25-65.5 25-90.5 0L165.5 352H64zm368 56a24 24 0 1 1 0 48 24 24 0 1 1 0-48z\"\/>\n<\/svg>\n\n\t<\/div>\n\t<div class=\"bl-flex-[1_1]\">\n\t\t<p class=\"block-ufr-link-list-heading\nbl-font-medium bl-text-[1rem] bl-leading-[1.375rem] md:bl-text-[1.125rem] md:bl-leading-[1.375rem] xl:bl-text-[1.375rem] xl:bl-leading-[2.0625rem] block-ufr-link-list-heading--light-in-lightmode block-ufr-link-list-heading--dark-in-darkmode\">Alumni-Magazine 2023\/24 &#8211;  English Version<\/p>\n\t\t<p class=\"block-ufr-link-list-subheading\nbl-font-book bl-text-[1rem] bl-leading-[1.375rem] md:bl-text-[1.125rem] md:bl-leading-[1.5625rem] xl:bl-text-[1.375rem] xl:bl-leading-[2.0625rem] block-ufr-link-list-subheading--light-in-lightmode block-ufr-link-list-subheading--dark-in-darkmode\"><\/p>\n\t<\/div>\n\t<div class=\"bl-self-end bl-shrink-[10] xl:ml-[17px] xl:bl-mr-[23px] bl-w-full @xl\/download-list:bl-w-[revert] bl-pl-[30px] md:bl-pl-[40px] xl:bl-pl-[44px] xl:@xl\/download-list:bl-pl-[revert]\">\n\t\t\n\t<\/div>\n\t<\/a>\n\t<hr class=\"block-ufr-link-list-hr block-ufr-link-list-hr--light-in-lightmode block-ufr-link-list-hr--dark-in-darkmode\">\n<\/li>\n\n<li class=\"block-ufr-link-list-li block-ufr-link-list-li-content bl-flex-wrap @xl\/download-list:bl-flex-nowrap block-ufr-link-list-li-content--light-in-lightmode block-ufr-link-list-li-content--dark-in-darkmode wp-block-ufr-download-list-item\">\n\t<hr class=\"block-ufr-link-list-hr block-ufr-link-list-hr--light-in-lightmode block-ufr-link-list-hr--dark-in-darkmode\">\n\t<a href=\"https:\/\/uni-freiburg.de\/alumni\/wp-content\/uploads\/sites\/16\/Alumni_Magazin_2023_deutsch_.pdf\" aria-description=\"Downloadbares Element mit dem Titel Alumni-Magazin 2023\/24 - Deutsche Ausgabe  und der Beschreibung . Klicken zum Herunterladen.\" class=\"bl-no-underline bl-flex-wrap @xl\/download-list:bl-flex-nowrap\">\n\t<div class=\"block-ufr-link-list-icon block-ufr-link-list-icon--light-in-lightmode block-ufr-link-list-icon--dark-in-darkmode\">\n\t\t<svg height=\"100%\" xmlns=\"http:\/\/www.w3.org\/2000\/svg\" viewBox=\"0 0 512 512\" aria-label=\"Download icon\"  role=\"img\">\n\t<title>Download icon<\/title>\n\t<path fill=\"currentColor\" d=\"M288 32c0-17.7-14.3-32-32-32s-32 14.3-32 32V274.7l-73.4-73.4c-12.5-12.5-32.8-12.5-45.3 0s-12.5 32.8 0 45.3l128 128c12.5 12.5 32.8 12.5 45.3 0l128-128c12.5-12.5 12.5-32.8 0-45.3s-32.8-12.5-45.3 0L288 274.7V32zM64 352c-35.3 0-64 28.7-64 64v32c0 35.3 28.7 64 64 64H448c35.3 0 64-28.7 64-64V416c0-35.3-28.7-64-64-64H346.5l-45.3 45.3c-25 25-65.5 25-90.5 0L165.5 352H64zm368 56a24 24 0 1 1 0 48 24 24 0 1 1 0-48z\"\/>\n<\/svg>\n\n\t<\/div>\n\t<div class=\"bl-flex-[1_1]\">\n\t\t<p class=\"block-ufr-link-list-heading\nbl-font-medium bl-text-[1rem] bl-leading-[1.375rem] md:bl-text-[1.125rem] md:bl-leading-[1.375rem] xl:bl-text-[1.375rem] xl:bl-leading-[2.0625rem] block-ufr-link-list-heading--light-in-lightmode block-ufr-link-list-heading--dark-in-darkmode\">Alumni-Magazin 2023\/24 &#8211; Deutsche Ausgabe <\/p>\n\t\t<p class=\"block-ufr-link-list-subheading\nbl-font-book bl-text-[1rem] bl-leading-[1.375rem] md:bl-text-[1.125rem] md:bl-leading-[1.5625rem] xl:bl-text-[1.375rem] xl:bl-leading-[2.0625rem] block-ufr-link-list-subheading--light-in-lightmode block-ufr-link-list-subheading--dark-in-darkmode\"><\/p>\n\t<\/div>\n\t<div class=\"bl-self-end bl-shrink-[10] xl:ml-[17px] xl:bl-mr-[23px] bl-w-full @xl\/download-list:bl-w-[revert] bl-pl-[30px] md:bl-pl-[40px] xl:bl-pl-[44px] xl:@xl\/download-list:bl-pl-[revert]\">\n\t\t\n\t<\/div>\n\t<\/a>\n\t<hr class=\"block-ufr-link-list-hr block-ufr-link-list-hr--light-in-lightmode block-ufr-link-list-hr--dark-in-darkmode\">\n<\/li>\n\n<li class=\"block-ufr-link-list-li block-ufr-link-list-li-content bl-flex-wrap @xl\/download-list:bl-flex-nowrap block-ufr-link-list-li-content--light-in-lightmode block-ufr-link-list-li-content--dark-in-darkmode wp-block-ufr-download-list-item\">\n\t<hr class=\"block-ufr-link-list-hr block-ufr-link-list-hr--light-in-lightmode block-ufr-link-list-hr--dark-in-darkmode\">\n\t<a href=\"https:\/\/www.pr2.uni-freiburg.de\/publikationen\/alumni\/alumni-2022\/#0\" aria-description=\"Downloadbares Element mit dem Titel Alumni-Magazin 2022 - Deutsche Ausgabe und der Beschreibung . Klicken zum Herunterladen.\" class=\"bl-no-underline bl-flex-wrap @xl\/download-list:bl-flex-nowrap\">\n\t<div class=\"block-ufr-link-list-icon block-ufr-link-list-icon--light-in-lightmode block-ufr-link-list-icon--dark-in-darkmode\">\n\t\t<svg height=\"100%\" xmlns=\"http:\/\/www.w3.org\/2000\/svg\" viewBox=\"0 0 512 512\" aria-label=\"Download icon\"  role=\"img\">\n\t<title>Download icon<\/title>\n\t<path fill=\"currentColor\" d=\"M288 32c0-17.7-14.3-32-32-32s-32 14.3-32 32V274.7l-73.4-73.4c-12.5-12.5-32.8-12.5-45.3 0s-12.5 32.8 0 45.3l128 128c12.5 12.5 32.8 12.5 45.3 0l128-128c12.5-12.5 12.5-32.8 0-45.3s-32.8-12.5-45.3 0L288 274.7V32zM64 352c-35.3 0-64 28.7-64 64v32c0 35.3 28.7 64 64 64H448c35.3 0 64-28.7 64-64V416c0-35.3-28.7-64-64-64H346.5l-45.3 45.3c-25 25-65.5 25-90.5 0L165.5 352H64zm368 56a24 24 0 1 1 0 48 24 24 0 1 1 0-48z\"\/>\n<\/svg>\n\n\t<\/div>\n\t<div class=\"bl-flex-[1_1]\">\n\t\t<p class=\"block-ufr-link-list-heading\nbl-font-medium bl-text-[1rem] bl-leading-[1.375rem] md:bl-text-[1.125rem] md:bl-leading-[1.375rem] xl:bl-text-[1.375rem] xl:bl-leading-[2.0625rem] block-ufr-link-list-heading--light-in-lightmode block-ufr-link-list-heading--dark-in-darkmode\">Alumni-Magazin 2022 &#8211; Deutsche Ausgabe<\/p>\n\t\t<p class=\"block-ufr-link-list-subheading\nbl-font-book bl-text-[1rem] bl-leading-[1.375rem] md:bl-text-[1.125rem] md:bl-leading-[1.5625rem] xl:bl-text-[1.375rem] xl:bl-leading-[2.0625rem] block-ufr-link-list-subheading--light-in-lightmode block-ufr-link-list-subheading--dark-in-darkmode\"><\/p>\n\t<\/div>\n\t<div class=\"bl-self-end bl-shrink-[10] xl:ml-[17px] xl:bl-mr-[23px] bl-w-full @xl\/download-list:bl-w-[revert] bl-pl-[30px] md:bl-pl-[40px] xl:bl-pl-[44px] xl:@xl\/download-list:bl-pl-[revert]\">\n\t\t\n\t<\/div>\n\t<\/a>\n\t<hr class=\"block-ufr-link-list-hr block-ufr-link-list-hr--light-in-lightmode block-ufr-link-list-hr--dark-in-darkmode\">\n<\/li>\n\n<\/ul>\n\n\n<figure class=\"wp-block-image size-large is-resized\"><img loading=\"lazy\" decoding=\"async\" width=\"724\" height=\"1024\" src=\"https:\/\/uni-freiburg.de\/alumni\/wp-content\/uploads\/sites\/16\/Alumni_Magazin_2024_Web-724x1024.jpg\" alt=\"Ansicht eines Universit\u00e4tsgeb\u00e4udes mit dem Schwarzwald als Hintergrund\" class=\"wp-image-1625\" style=\"width:969px;height:auto\" srcset=\"https:\/\/uni-freiburg.de\/alumni\/wp-content\/uploads\/sites\/16\/Alumni_Magazin_2024_Web-724x1024.jpg 724w, https:\/\/uni-freiburg.de\/alumni\/wp-content\/uploads\/sites\/16\/Alumni_Magazin_2024_Web-212x300.jpg 212w, https:\/\/uni-freiburg.de\/alumni\/wp-content\/uploads\/sites\/16\/Alumni_Magazin_2024_Web-768x1086.jpg 768w, https:\/\/uni-freiburg.de\/alumni\/wp-content\/uploads\/sites\/16\/Alumni_Magazin_2024_Web-1086x1536.jpg 1086w, https:\/\/uni-freiburg.de\/alumni\/wp-content\/uploads\/sites\/16\/Alumni_Magazin_2024_Web.jpg 1240w\" sizes=\"auto, (max-width: 724px) 100vw, 724px\" \/><\/figure>\n<\/div>\n\n\n\n<p class=\"wp-block-paragraph\"><\/p>\n\n\n\n<div class=\"wp-block-group alignfull is-content-justification-center is-nowrap is-layout-flex wp-container-core-group-is-layout-f56f9fcf wp-block-group-is-layout-flex\">\n<div style=\"height:100px;width:0px\" aria-hidden=\"true\" class=\"wp-block-spacer wp-container-content-6388d5dc\"><\/div>\n<\/div>\n\n\n\n<p class=\"wp-block-paragraph\"><\/p>\n","protected":false},"excerpt":{"rendered":"<p>Herzlich willkommen in Ihrer Alumni Community Wer einmal an der Universit\u00e4t Freiburg studiert oder gearbeitet hat, vergisst diese besondere Zeit nie. Ob der exzellente Ruf der Universit\u00e4t oder die hohe Lebensqualit\u00e4t Sie nach Freiburg gelockt hat \u2013 die Gr\u00fcnde, in der \u201eGreen City\u201c zu studieren und zu arbeiten sind zahlreich. Dies finden auch die \u00fcber<\/p>\n","protected":false},"author":2,"featured_media":725,"parent":0,"menu_order":0,"comment_status":"closed","ping_status":"closed","template":"","meta":{"_trash_the_other_posts":false,"editor_notices":[],"footnotes":""},"class_list":["post-167","page","type-page","status-publish","has-post-thumbnail","hentry"],"_links":{"self":[{"href":"https:\/\/uni-freiburg.de\/alumni\/wp-json\/wp\/v2\/pages\/167","targetHints":{"allow":["GET"]}}],"collection":[{"href":"https:\/\/uni-freiburg.de\/alumni\/wp-json\/wp\/v2\/pages"}],"about":[{"href":"https:\/\/uni-freiburg.de\/alumni\/wp-json\/wp\/v2\/types\/page"}],"author":[{"embeddable":true,"href":"https:\/\/uni-freiburg.de\/alumni\/wp-json\/wp\/v2\/users\/2"}],"replies":[{"embeddable":true,"href":"https:\/\/uni-freiburg.de\/alumni\/wp-json\/wp\/v2\/comments?post=167"}],"version-history":[{"count":30,"href":"https:\/\/uni-freiburg.de\/alumni\/wp-json\/wp\/v2\/pages\/167\/revisions"}],"predecessor-version":[{"id":3070,"href":"https:\/\/uni-freiburg.de\/alumni\/wp-json\/wp\/v2\/pages\/167\/revisions\/3070"}],"wp:featuredmedia":[{"embeddable":true,"href":"https:\/\/uni-freiburg.de\/alumni\/wp-json\/wp\/v2\/media\/725"}],"wp:attachment":[{"href":"https:\/\/uni-freiburg.de\/alumni\/wp-json\/wp\/v2\/media?parent=167"}],"curies":[{"name":"wp","href":"https:\/\/api.w.org\/{rel}","templated":true}]}}