{"id":512,"date":"2024-08-13T12:21:34","date_gmt":"2024-08-13T10:21:34","guid":{"rendered":"https:\/\/uni-freiburg.de\/frs\/?page_id=512"},"modified":"2026-05-06T08:21:36","modified_gmt":"2026-05-06T06:21:36","slug":"beratung-promotionsphase","status":"publish","type":"page","link":"https:\/\/uni-freiburg.de\/frs\/grace\/beratung-und-service\/beratung-promotionsphase\/","title":{"rendered":"Beratung zur Promotionsphase"},"content":{"rendered":"\n<div class=\"wp-block-columns is-layout-flex wp-container-core-columns-is-layout-7387b849 wp-block-columns-is-layout-flex\">\n<div class=\"wp-block-column is-layout-flow wp-block-column-is-layout-flow\" style=\"flex-basis:66.66%\">\n<p class=\"wp-block-paragraph\">Sie denken dar\u00fcber nach, an der Universit\u00e4t Freiburg zu promovieren und w\u00fcnschen sich Hilfe bei der Entscheidungsfindung? Sie m\u00f6chten sich \u00fcber die allgemeinen Voraussetzungen zur Promotion informieren? Sie sind bereits Doktorand*in und haben \u00fcberfachliche Fragen zur Promotionsphase wie etwa:<\/p>\n\n\n\n<ul class=\"wp-block-list\">\n<li>Annahme als Doktorand*in an der Fakult\u00e4t,<\/li>\n\n\n\n<li>Immatrikulation und Befreiung von der Immatrikulationspflicht,<\/li>\n\n\n\n<li>Vernetzung, Status und Mitsprachem\u00f6glichkeiten?<\/li>\n<\/ul>\n\n\n\n<p class=\"wp-block-paragraph\">Auch wenn Ihr konkretes Thema nicht dabei ist: Schreiben Sie uns eine E-Mail oder rufen Sie an, um Ihre Fragen zu schildern und gegebenenfalls einen pers\u00f6nlichen Termin zu vereinbaren (siehe Ansprechpartner). Die Gespr\u00e4che sind vertraulich und kostenlos.<\/p>\n\n\n\n<p class=\"wp-block-paragraph\">Bei Fragen, die die <a href=\"https:\/\/www.jsl.uni-freiburg.de\/promotionsordnungen\" data-type=\"link\" data-id=\"https:\/\/www.jsl.uni-freiburg.de\/promotionsordnungen\" target=\"_blank\" rel=\"noreferrer noopener\">Promotionsordnung<\/a> betreffen, wenden Sie sich bitte an die jeweiligen <a href=\"https:\/\/uni-freiburg.de\/frs\/grace\/promovieren-an-der-ufr\/ansprechstellen-der-fakultaeten\/\" data-type=\"page\" data-id=\"339\">Ansprechstellen der Fakult\u00e4ten<\/a>. Mediziner*innen wenden sich bitte an das <a href=\"https:\/\/uni-freiburg.de\/med\/akad-laufbahn\/promotionen\/\" data-type=\"link\" data-id=\"https:\/\/uni-freiburg.de\/med\/akad-laufbahn\/promotionen\/\" target=\"_blank\" rel=\"noreferrer noopener\">Promotionsb\u00fcro der Medizinischen Fakult\u00e4t<\/a>.<\/p>\n\n\n\n<p class=\"wp-block-paragraph\">Der <a href=\"http:\/\/www.personalrat.uni-freiburg.de\" target=\"_blank\" rel=\"noreferrer noopener\">Personalrat<\/a> ber\u00e4t Promovierende, die Besch\u00e4ftigte der Universit\u00e4t Freiburg sind, bei Fragen zum Arbeitsvertrag, zum Tarif- und Arbeitsrecht, zur Eingruppierung oder auch bei Fragen zu Elternzeit und Kinderbetreuung. Bitte vereinbaren Sie einen Beratungstermin per <a href=\"mailto:info@personalrat.uni-freiburg.de\">E-Mail<\/a> oder telefonisch unter <a href=\"tel:+497612036900\">+49 (0)761 203-6900<\/a>.<br><br>F\u00fcr nicht-akademische Belange rund um Ihren Aufenthalt in Freiburg wenden Sie sich bitte an den <a href=\"https:\/\/www.international.uni-freiburg.de\/de\/welcome-service\/welcome-service\" target=\"_blank\" rel=\"noreferrer noopener\">Welcome Service<\/a>.<\/p>\n<\/div>\n\n\n\n<div class=\"wp-block-column is-layout-flow wp-block-column-is-layout-flow\" style=\"flex-basis:33.33%\">\n<figure class=\"wp-block-image aligncenter size-large is-resized\"><img loading=\"lazy\" decoding=\"async\" width=\"531\" height=\"1024\" src=\"https:\/\/uni-freiburg.de\/frs\/wp-content\/uploads\/sites\/11\/Titelbild-neu-531x1024.jpg\" alt=\"\" class=\"wp-image-1256\" style=\"box-shadow:var(--wp--preset--shadow--natural);width:auto;height:650px\" srcset=\"https:\/\/uni-freiburg.de\/frs\/wp-content\/uploads\/sites\/11\/Titelbild-neu-531x1024.jpg 531w, https:\/\/uni-freiburg.de\/frs\/wp-content\/uploads\/sites\/11\/Titelbild-neu-156x300.jpg 156w, https:\/\/uni-freiburg.de\/frs\/wp-content\/uploads\/sites\/11\/Titelbild-neu-768x1480.jpg 768w, https:\/\/uni-freiburg.de\/frs\/wp-content\/uploads\/sites\/11\/Titelbild-neu-797x1536.jpg 797w, https:\/\/uni-freiburg.de\/frs\/wp-content\/uploads\/sites\/11\/Titelbild-neu.jpg 827w\" sizes=\"auto, (max-width: 531px) 100vw, 531px\" \/><\/figure>\n<\/div>\n<\/div>\n\n\n\n<div style=\"height:50px\" aria-hidden=\"true\" class=\"wp-block-spacer\"><\/div>\n\n\n\n<h2 class=\"wp-block-heading\">Ansprechpartner<\/h2>\n\n\n\n\n<div\n\tclass=\"bl-@container\/teaser-person\n\t\tbl-bg-identity-blue bl-text-pure-white dark:bl-bg-identity-blue dark:bl-text-pure-white\t\tbl-relative bl-self-stretch\n\t\tbl-min-w-full md:bl-min-w-[660px] xl:bl-min-w-[310px]\"\n\tdata-role=\"teaser-contact\">\n\n\t<div class=\"\n\t\tbl-flex bl-flex-col bl-h-full\n\t\t@md\/teaser-person:!bl-flex-row\">\n\n\t\t\t\t\t<img decoding=\"async\" src=\"https:\/\/uni-freiburg.de\/frs\/wp-content\/uploads\/sites\/11\/Carl-Skarbek.jpg\" alt=\"Carl Skarbek\"\n\t\t\t\t\t\t\tclass=\"@[500px]\/teaser-person:bl-w-[233px] @[500px]\/teaser-person:bl-min-w-[233px] @md\/teaser-person:bl-w-[310px] @md\/teaser-person:bl-min-w-[310px] bl-aspect-square bl-object-cover bl-self-start\" \/>\n\t\t\n\t\t<div\n\t\t\tclass=\"bl-flex-grow bl-flex bl-flex-col bl-h-full bl-justify-between bl-px-[25px] bl-py-[20px]\n\t\t\t\t\t\tmd:bl-px-[45px] md:bl-py-[40px]\n\t\t\t\t\t\txl:bl-px-[55px] xl:bl-py-[50px] [overflow-wrap:anywhere]\"\n\t\t>\n\t\t\t<div>\n\t\t\t\t\t\t\t\t<p\n\t\t\t\t\tclass=\"font-medium bl-text-inherit dark:bl-text-inherit bl-m-0 bl-mb-[5px]\n\t\t\t\t\t\t\t\tbl-text-[1rem] bl-leading-[1.375rem]\n\t\t\t\t\t\t\t\tmd:bl-text-[1.125rem] md:bl-leading-[1.375rem]\n\t\t\t\t\t\t\t\txl:bl-text-[1.375rem] xl:bl-leading-[2.0625rem]\"\n\t\t\t\t>\n\t\t\t\tDr. Carl Skarbek\t\t\t\t<\/p>\n\t\t\t\t<p\n\t\t\t\t\tclass=\"bl-font-book\n\t\t\t\t\t\t\t\tbl-text-[1rem] bl-leading-[1.375rem]\n\t\t\t\t\t\t\t\tmd:bl-text-[1.125rem] md:bl-leading-[1.375rem]\n\t\t\t\t\t\t\t\txl:bl-text-[1.375rem] xl:bl-leading-[2.0625rem] bl-mt-0 bl-mb-[10px]\n\t\t\t\t\t\t\t\t[&amp;_a]:bl-text-pure-white hover:[&amp;_a]:bl-text-identity-yellow-60 active:[&amp;_a]:bl-text-identity-yellow [&amp;_a]:dark:bl-text-pure-white dark:hover:[&amp;_a]:bl-text-identity-yellow-60 dark:active:[&amp;_a]:bl-text-identity-yellow\"\n\t\t\t\t>\n\t\t\t\t\t&nbsp;\t\t\t\t<\/p>\n\t\t\t\t<ul class=\"bl-divide-y-2 bl-divide-current bl-m-0 bl-p-0 bl-mb-[30px] [&amp;_a]:bl-text-pure-white hover:[&amp;_a]:bl-text-identity-yellow-60 active:[&amp;_a]:bl-text-identity-yellow [&amp;_a]:dark:bl-text-pure-white dark:hover:[&amp;_a]:bl-text-identity-yellow-60 dark:active:[&amp;_a]:bl-text-identity-yellow [&amp;_button]:bl-text-pure-white hover:[&amp;_button]:bl-text-identity-yellow-60 active:[&amp;_button]:bl-text-identity-yellow [&amp;_button]:dark:bl-text-pure-white dark:hover:[&amp;_button]:bl-text-identity-yellow-60 dark:active:[&amp;_button]:bl-text-identity-yellow\">\n\t\t\t\t\t\n<li class=\"bl-group\/contactlistitem\n\tbl-flex bl-flex-row\n\tbl-py-[6px] md:bl-py-[10px] xl:bl-py-[14px]\"\n\taria-expanded=\"false\"\n\tdata-role=\"contactlist-item\">\n\n\t<div class=\"bl-flex bl-justify-center group-aria-expanded\/contactlistitem:bl-justify-normal bl-flex-col bl-w-full bl-text-start\">\n\n\t\t\t\t\t<button class=\"bl-transition-colors bl-duration-[400ms] bl-flex bl-flex-row bl-text-start bl-w-full\" data-action=\"toggle-item\">\n\t\t\t\t<span class=\"bl-flex-shrink-0 bl-me-[10px] md:bl-me-[20px] xl:bl-me-[24px] bl-mt-[6px]\">\n\t\t\t\t\t\t\t\t\t\t\t<svg xmlns=\"http:\/\/www.w3.org\/2000\/svg\" viewBox=\"0 0 384 512\" aria-label=\"\" class=\"bl-w-[14px] bl-h-[14px] md:bl-w-[16px] md:bl-h-[16px] xl:bl-w-[20px] xl:bl-h-[20px]\" role=\"img\">\n\t<title><\/title>\n\t<path d=\"M215.7 499.2C267 435 384 279.4 384 192C384 86 298 0 192 0S0 86 0 192c0 87.4 117 243 168.3 307.2c12.3 15.3 35.1 15.3 47.4 0zM192 128a64 64 0 1 1 0 128 64 64 0 1 1 0-128z\" fill=\"currentColor\"\/>\n<\/svg>\n\t\t\t\t\t\t\t\t\t<\/span>\n\t\t\t\t<span class=\"bl-flex-grow bl-self-center [&#038;_a]:bl-font-medium\">\n\n\t\t\t\t\t\t\t\t\t\t<strong>Rheinstra\u00dfe 10<\/strong>\t\t\t\t<\/span>\n\t\t\t\t<span class=\"bl-text-current bl-flex-shrink-0 bl-me-[2px] bl-ms-[16px] bl-self-center\">\n\t\t\t\t\t<svg width=\"24\" height=\"17\" viewBox=\"0 0 24 17\" fill=\"none\" xmlns=\"http:\/\/www.w3.org\/2000\/svg\"\n\taria-label=\"Toggle item expansion\" class=\"bl-text-current bl-flex-shrink-0 bl-rotate-180 group-aria-expanded\/contactlistitem:bl-rotate-0 bl-m-0 bl-p-0\" role=\"img\">\n\t<title><\/title>\n\t<path d=\"M12.0001 8.57706L4.28662 16.5242L-1.81865e-07 12.3636L12.0001 -4.43936e-05L24 12.3636L19.7133 16.5241L12.0001 8.57706Z\" fill=\"currentColor\"\/>\n<\/svg>\n\t\t\t\t<\/span>\n\t\t\t<\/button>\n\t\t\t<p class=\"bl-ps-[24px] md:bl-ps-[36px] xl:bl-ps-[44px] bl-m-0 bl-p-0 [&#038;_a]:bl-font-medium bl-w-full bl-hidden group-aria-expanded\/contactlistitem:bl-block\">\n\n\t\t\t\t\t\t\t\t\t<a href=\"https:\/\/www.openstreetmap.org\/?mlat=47.999053&amp;mlon=7.847570#map=19\/47.999053\/7.847570\" target=\"_blank\" rel=\"noreferrer noopener\"><\/a><a href=\"https:\/\/www.openstreetmap.org\/?mlat=47.999539&amp;mlon=7.850456#map=19\/47.999539\/7.850456\" target=\"_blank\" rel=\"noreferrer noopener\">Auf Openstreetmap anzeigen<\/a>\t\t\t<\/p>\n\t\t\t<\/div>\n<\/li>\n\n\n<li class=\"bl-group\/contactlistitem\n\tbl-flex bl-flex-row\n\tbl-py-[6px] md:bl-py-[10px] xl:bl-py-[14px]\"\n\taria-expanded=\"false\"\n\tdata-role=\"contactlist-item\">\n\n\t<div class=\"bl-flex bl-justify-center group-aria-expanded\/contactlistitem:bl-justify-normal bl-flex-col bl-w-full bl-text-start\">\n\n\t\t\t\t\t<div class=\"bl-flex\">\n\t\t\t\t<div class=\"bl-flex-shrink-0 bl-me-[10px] md:bl-me-[20px] xl:bl-me-[24px] bl-mt-[6px]\">\n\t\t\t\t\t\t\t\t\t\t\t<svg height=\"100%\" xmlns=\"http:\/\/www.w3.org\/2000\/svg\" viewBox=\"0 0 512 512\" aria-label=\"\" class=\"bl-w-[14px] bl-h-[14px] md:bl-w-[16px] md:bl-h-[16px] xl:bl-w-[20px] xl:bl-h-[20px]\" role=\"img\">\n\t<title><\/title>\n\t<path fill=\"currentColor\" d=\"M164.9 24.6c-7.7-18.6-28-28.5-47.4-23.2l-88 24C12.1 30.2 0 46 0 64C0 311.4 200.6 512 448 512c18 0 33.8-12.1 38.6-29.5l24-88c5.3-19.4-4.6-39.7-23.2-47.4l-96-40c-16.3-6.8-35.2-2.1-46.3 11.6L304.7 368C234.3 334.7 177.3 277.7 144 207.3L193.3 167c13.7-11.2 18.4-30 11.6-46.3l-40-96z\"\/>\n<\/svg>\n\t\t\t\t\t\t\t\t\t<\/div>\n\t\t\t\t<div class=\"bl-flex-grow bl-m-0 bl-p-0 bl-w-full [&#038;_a]:bl-font-medium [&#038;_a]:bl-hyphens-none\">\n\t\t\t\t\t\t\t\t\t\t<a href=\"tel:+4976120396799\" data-type=\"tel\" data-id=\"tel:+497612036813\">+49 (0)761 203-96799<\/a>\t\t\t\t<\/div>\n\t\t\t<\/div>\n\t\t\t<\/div>\n<\/li>\n\n\n<li class=\"bl-group\/contactlistitem\n\tbl-flex bl-flex-row\n\tbl-py-[6px] md:bl-py-[10px] xl:bl-py-[14px]\"\n\taria-expanded=\"false\"\n\tdata-role=\"contactlist-item\">\n\n\t<div class=\"bl-flex bl-justify-center group-aria-expanded\/contactlistitem:bl-justify-normal bl-flex-col bl-w-full bl-text-start\">\n\n\t\t\t\t\t<div class=\"bl-flex\">\n\t\t\t\t<div class=\"bl-flex-shrink-0 bl-me-[10px] md:bl-me-[20px] xl:bl-me-[24px] bl-mt-[6px]\">\n\t\t\t\t\t\t\t\t\t\t\t<svg height=\"100%\" xmlns=\"http:\/\/www.w3.org\/2000\/svg\" viewBox=\"0 0 512 512\" aria-label=\"\" class=\"bl-w-[14px] bl-h-[14px] md:bl-w-[16px] md:bl-h-[16px] xl:bl-w-[20px] xl:bl-h-[20px]\" role=\"img\">\n\t<title><\/title>\n\t<path fill=\"currentColor\" d=\"M48 64C21.5 64 0 85.5 0 112c0 15.1 7.1 29.3 19.2 38.4L236.8 313.6c11.4 8.5 27 8.5 38.4 0L492.8 150.4c12.1-9.1 19.2-23.3 19.2-38.4c0-26.5-21.5-48-48-48H48zM0 176V384c0 35.3 28.7 64 64 64H448c35.3 0 64-28.7 64-64V176L294.4 339.2c-22.8 17.1-54 17.1-76.8 0L0 176z\"\/>\n<\/svg>\n\t\t\t\t\t\t\t\t\t<\/div>\n\t\t\t\t<div class=\"bl-flex-grow bl-m-0 bl-p-0 bl-w-full [&#038;_a]:bl-font-medium [&#038;_a]:bl-hyphens-none\">\n\t\t\t\t\t\t\t\t\t\t<a href=\"mailto:carl.skarbek@zv.uni-freiburg.de\">carl.skarbek@zv.uni-freiburg.de<\/a>\t\t\t\t<\/div>\n\t\t\t<\/div>\n\t\t\t<\/div>\n<\/li>\n\n\t\t\t\t<\/ul>\n\t\t\t<\/div>\n\t\t\t\t\t<\/div>\n\n\t<\/div>\n<\/div>\n","protected":false},"excerpt":{"rendered":"<p>Sie denken dar\u00fcber nach, an der Universit\u00e4t Freiburg zu promovieren und w\u00fcnschen sich Hilfe bei der Entscheidungsfindung? Sie m\u00f6chten sich \u00fcber die allgemeinen Voraussetzungen zur Promotion informieren? Sie sind bereits Doktorand*in und haben \u00fcberfachliche Fragen zur Promotionsphase wie etwa: Auch wenn Ihr konkretes Thema nicht dabei ist: Schreiben Sie uns eine E-Mail oder rufen Sie<\/p>\n","protected":false},"author":22,"featured_media":0,"parent":501,"menu_order":0,"comment_status":"closed","ping_status":"closed","template":"","meta":{"_trash_the_other_posts":false,"editor_notices":[],"footnotes":""},"class_list":["post-512","page","type-page","status-publish","hentry"],"_links":{"self":[{"href":"https:\/\/uni-freiburg.de\/frs\/wp-json\/wp\/v2\/pages\/512","targetHints":{"allow":["GET"]}}],"collection":[{"href":"https:\/\/uni-freiburg.de\/frs\/wp-json\/wp\/v2\/pages"}],"about":[{"href":"https:\/\/uni-freiburg.de\/frs\/wp-json\/wp\/v2\/types\/page"}],"author":[{"embeddable":true,"href":"https:\/\/uni-freiburg.de\/frs\/wp-json\/wp\/v2\/users\/22"}],"replies":[{"embeddable":true,"href":"https:\/\/uni-freiburg.de\/frs\/wp-json\/wp\/v2\/comments?post=512"}],"version-history":[{"count":20,"href":"https:\/\/uni-freiburg.de\/frs\/wp-json\/wp\/v2\/pages\/512\/revisions"}],"predecessor-version":[{"id":4912,"href":"https:\/\/uni-freiburg.de\/frs\/wp-json\/wp\/v2\/pages\/512\/revisions\/4912"}],"up":[{"embeddable":true,"href":"https:\/\/uni-freiburg.de\/frs\/wp-json\/wp\/v2\/pages\/501"}],"wp:attachment":[{"href":"https:\/\/uni-freiburg.de\/frs\/wp-json\/wp\/v2\/media?parent=512"}],"curies":[{"name":"wp","href":"https:\/\/api.w.org\/{rel}","templated":true}]}}