{"id":158,"date":"2026-08-10T17:37:23","date_gmt":"2026-08-10T15:37:23","guid":{"rendered":"https:\/\/uni-freiburg.de\/futureforests\/?page_id=158"},"modified":"2026-09-04T11:05:03","modified_gmt":"2026-09-04T09:05:03","slug":"nachrichtenarchiv","status":"publish","type":"page","link":"https:\/\/uni-freiburg.de\/futureforests\/nachrichtenarchiv\/","title":{"rendered":"Nachrichtenarchiv"},"content":{"rendered":"\n<div class=\"wp-block-group is-nowrap is-layout-flex wp-container-core-group-is-layout-7387b849 wp-block-group-is-layout-flex\">\n\t<a class=\"bl-@container\/teaser-news bl-bg-identity-teal bl-text-pure-white dark:bl-bg-identity-teal dark:bl-text-pure-white bl-group hover:bl-shadow-[8px_8px_15px_rgba(0,0,0,0.25)] bl-transition-[color,background-color,border-color,text-decoration-color,fill,stroke,box-shadow] bl-duration-[400ms] hover:bl-text-pure-white active:bl-text-pure-white hover:dark:bl-text-pure-white active:dark:bl-text-pure-white bl-block bl-relative bl-self-stretch !bl-outline-2 focus-visible:!bl-outline-dotted !bl-outline-offset-4 bl-min-w-full md:bl-min-w-[670px] xl:bl-min-w-[320px] !bl-no-underline hover:!bl-no-underline wp-block-ufr-teaser-news wp-container-content-9cfa9a5a\"\thref=\"https:\/\/uni-freiburg.de\/stellenangebot\/00005090\/\"\n\t\ttarget=\"_blank\"\n\t >\n\n\t<div class=\"bl-flex bl-flex-col bl-h-full @lg\/teaser-news:!bl-flex-row\">\n\t\t\t\t\t<div class=\"bl-w-full @lg\/teaser-news:bl-min-w-[50%] @lg\/teaser-news:bl-w-[50%] @2xl\/teaser-news:bl-max-w-[774px]\">\n\t\t\t\t<img decoding=\"async\" src=\"https:\/\/uni-freiburg.de\/futureforests-en\/wp-content\/uploads\/sites\/74\/Versuchsflache_Mundenhof_29.10.24_Jurgen-Bauhus.png\" alt=\"\"\n\t\t\t\t\t\t\tclass=\"bl-object-cover bl-w-full bl-inline-block bl-aspect-[3\/2]\" \/>\n\t\t\t<\/div>\n\t\t\n\t\t<div\n\t\t\tclass=\"bl-flex-grow bl-flex bl-flex-col bl-h-full bl-justify-between bl-px-[25px] bl-py-[20px]\n\t\t\t\t\t\tmd:bl-px-[45px] md:bl-py-[40px]\n\t\t\t\t\t\txl:bl-px-[55px] xl:bl-py-[50px] [overflow-wrap:anywhere]\"\n\t\t>\n\t\t\t<div>\n\t\t\t\t\t\t\t\t\t\t\t\t\t<p\n\t\t\t\t\tclass=\"bl-mt-0 bl-font-medium bl-text-inherit dark:bl-text-inherit\n\t\t\t\t\t\t\t\tbl-text-[1rem] bl-leading-[1.375rem]\n\t\t\t\t\t\t\t\tmd:bl-text-[1.125rem] md:bl-leading-[1.375rem]\n\t\t\t\t\t\t\t\txl:bl-text-[1.375rem] xl:bl-leading-[2.0625rem]\n\t\t\t\t\t\t\t\tbl-mb-4 xl:bl-mb-3\"\n\t\t\t\t>\n\t\t\t\t\tStellenangebot\t\t\t\t<\/p>\n\t\t\t\t\t\t\t\t\t\t\t\t<p\n\t\t\t\t\tclass=\"bl-font-medium bl-text-inherit dark:bl-text-inherit\n\t\t\t\t\t\tbl-text-[1.125rem] bl-leading-[1.5625rem]\n\t\t\t\t\t\tmd:bl-text-[1.25rem] md:bl-leading-[1.5625rem]\n\t\t\t\t\t\txl:bl-text-[1.5625rem] xl:bl-leading-[2.1875rem]\n\t\t\t\t\t\tbl-m-0 bl-mb-4 xl:bl-mb-5\"\n\t\t\t\t>\n\t\t\t\t\t<strong>Tenure-Track-Professur f\u00fcr Waldbau und Klimawandelanpassung zu besetzen<\/strong>\t\t\t\t<\/p>\n\t\t\t\t\t\t\t\t\t\t\t\t<p\n\t\t\t\t\tclass=\"bl-font-book bl-text-inherit dark:bl-text-inherit\n\t\t\t\t\t\tbl-text-[1rem] bl-leading-[1.375rem]\n\t\t\t\t\t\tmd:bl-text-[1.125rem] md:bl-leading-[1.375rem]\n\t\t\t\t\t\txl:bl-text-[1.375rem] xl:bl-leading-[2.0625rem]\n\t\t\t\t\t\tbl-m-0\"\n\t\t\t\t>\n\t\t\t\t\tDie Fakult\u00e4t f\u00fcr Umwelt und Nat\u00fcrliche Ressourcen der Universit\u00e4t Freiburg besetzt eine Tenure-Track-Professur (W1) im Bereich Waldbau und Anpassung an den Klimawandel. Die von der Eva Mayr-Stihl Stiftung&nbsp;finanzierte Stiftungsprofessur wird den Exzellenzcluster \u201eFuture Forests\u201c unterst\u00fctzen. Der Forschungsschwerpunkt soll auf waldbaulichen Strategien zur Anpassung von Wald\u00f6kosystemen an den Klimawandel liegen. Die Lehre wird in den Bachelor- und Masterstudieng\u00e4ngen der Forstwissenschaft verankert sein. <br>Bewerbungsfrist: 31.08.2026.\t\t\t\t<\/p>\n\t\t\t\t\t\t\t<\/div>\n\t\t\t<div>\n\t\t\t\t\t\t\t<div\n\t\t\t\t\tclass=\"bl-cursor-pointer bl-float-left rtl:bl-float-right bl-text-center bl-mt-[20px] xl:bl-mt-[30px]\n\t\t\t\t\t\tbl-inline-block bl-font-medium bl-text-[1.125rem] xl:bl-text-[1.25rem] bl-leading-[1.5625rem] bl-no-underline hover:bl-underline bl-decoration-[2px] bl-transition-colors bl-duration-[400ms] bl-px-[26px] xl:bl-px-[32px] bl-py-[7.5px] xl:bl-py-[12.5px] focus-visible:bl-outline-dotted focus-visible:bl-outline-2 bl-outline-offset-[6px] xl:bl-outline-offset-[7px] bl-hyphens-manual\t\t\t\t\t\tbl-bg-pure-white bl-text-identity-black hover:bl-text-identity-black hover:bl-bg-identity-yellow-40 active:bl-bg-identity-yellow !bl-outline-pure-white\t\t\t\t\t\tdark:bl-bg-pure-white dark:bl-text-identity-black dark:hover:bl-text-identity-black dark:hover:bl-bg-identity-yellow-40 dark:active:bl-bg-identity-yellow dark:!bl-outline-pure-white\">\n\t\t\t\t\tZur Ausschreibung\t\t\t\t<\/div>\n\t\t\t\t\t\t\t<\/div>\n\t\t<\/div>\n\t<\/div>\n\n<\/a>\n\n\n\n\t<a class=\"bl-@container\/teaser-news bl-bg-identity-teal bl-text-pure-white dark:bl-bg-identity-teal dark:bl-text-pure-white bl-group hover:bl-shadow-[8px_8px_15px_rgba(0,0,0,0.25)] bl-transition-[color,background-color,border-color,text-decoration-color,fill,stroke,box-shadow] bl-duration-[400ms] hover:bl-text-pure-white active:bl-text-pure-white hover:dark:bl-text-pure-white active:dark:bl-text-pure-white bl-block bl-relative bl-self-stretch !bl-outline-2 focus-visible:!bl-outline-dotted !bl-outline-offset-4 bl-min-w-full md:bl-min-w-[670px] xl:bl-min-w-[320px] !bl-no-underline hover:!bl-no-underline wp-block-ufr-teaser-news wp-container-content-9cfa9a5a\"\thref=\"https:\/\/ineaf.ufpa.br\/ultimas-noticias\/338-ineaf-apresenta-projeto-de-pesquisa-em-cooperacao-internacional-na-amazon-week-e-no-future-forest-seminars-em-paris-e-berlim\"\n\t\ttarget=\"_blank\"\n\t >\n\n\t<div class=\"bl-flex bl-flex-col bl-h-full @lg\/teaser-news:!bl-flex-row\">\n\t\t\t\t\t<div class=\"bl-w-full @lg\/teaser-news:bl-min-w-[50%] @lg\/teaser-news:bl-w-[50%] @2xl\/teaser-news:bl-max-w-[774px]\">\n\t\t\t\t<img decoding=\"async\" src=\"https:\/\/uni-freiburg.de\/futureforests-en\/wp-content\/uploads\/sites\/74\/Brazil3-scaled.png\" alt=\"\"\n\t\t\t\t\t\t\tclass=\"bl-object-cover bl-w-full bl-inline-block bl-aspect-[3\/2]\" \/>\n\t\t\t<\/div>\n\t\t\n\t\t<div\n\t\t\tclass=\"bl-flex-grow bl-flex bl-flex-col bl-h-full bl-justify-between bl-px-[25px] bl-py-[20px]\n\t\t\t\t\t\tmd:bl-px-[45px] md:bl-py-[40px]\n\t\t\t\t\t\txl:bl-px-[55px] xl:bl-py-[50px] [overflow-wrap:anywhere]\"\n\t\t>\n\t\t\t<div>\n\t\t\t\t\t\t\t\t\t\t\t\t\t<p\n\t\t\t\t\tclass=\"bl-mt-0 bl-font-medium bl-text-inherit dark:bl-text-inherit\n\t\t\t\t\t\t\t\tbl-text-[1rem] bl-leading-[1.375rem]\n\t\t\t\t\t\t\t\tmd:bl-text-[1.125rem] md:bl-leading-[1.375rem]\n\t\t\t\t\t\t\t\txl:bl-text-[1.375rem] xl:bl-leading-[2.0625rem]\n\t\t\t\t\t\t\t\tbl-mb-4 xl:bl-mb-3\"\n\t\t\t\t>\n\t\t\t\t\tFuture Forests Seminarreihe\t\t\t\t<\/p>\n\t\t\t\t\t\t\t\t\t\t\t\t<p\n\t\t\t\t\tclass=\"bl-font-medium bl-text-inherit dark:bl-text-inherit\n\t\t\t\t\t\tbl-text-[1.125rem] bl-leading-[1.5625rem]\n\t\t\t\t\t\tmd:bl-text-[1.25rem] md:bl-leading-[1.5625rem]\n\t\t\t\t\t\txl:bl-text-[1.5625rem] xl:bl-leading-[2.1875rem]\n\t\t\t\t\t\tbl-m-0 bl-mb-4 xl:bl-mb-5\"\n\t\t\t\t>\n\t\t\t\t\t<strong>Gastwissenschaftler aus Brasilien zum Thema Agroforstwirtschaft<\/strong>\t\t\t\t<\/p>\n\t\t\t\t\t\t\t\t\t\t\t\t<p\n\t\t\t\t\tclass=\"bl-font-book bl-text-inherit dark:bl-text-inherit\n\t\t\t\t\t\tbl-text-[1rem] bl-leading-[1.375rem]\n\t\t\t\t\t\tmd:bl-text-[1.125rem] md:bl-leading-[1.375rem]\n\t\t\t\t\t\txl:bl-text-[1.375rem] xl:bl-leading-[2.0625rem]\n\t\t\t\t\t\tbl-m-0\"\n\t\t\t\t>\n\t\t\t\t\tDr. Daniel Praga vom Amazonischen Institut f\u00fcr Familienlandwirtschaft und der School of Rural Development der Bundesuniversit\u00e4t von Par\u00e1 (Brasilien) besuchte die Universit\u00e4t Freiburg, um im Rahmen der regelm\u00e4\u00dfigen Seminarreihe \u201aFuture Forests\u2018 einen Vortrag zu halten. Er sprach \u00fcber Familienbetriebe, die Agroforstsysteme zur nachhaltigen territorialen Entwicklung einf\u00fchren. Perspektiven wie diese tragen zu einem ganzheitlicheren Verst\u00e4ndnis von W\u00e4ldern als komplexe sozio-\u00f6kologische Systeme bei, welche den Kern von Future Forests bilden.\t\t\t\t<\/p>\n\t\t\t\t\t\t\t<\/div>\n\t\t\t<div>\n\t\t\t\t\t\t\t<div\n\t\t\t\t\tclass=\"bl-cursor-pointer bl-float-left rtl:bl-float-right bl-text-center bl-mt-[20px] xl:bl-mt-[30px]\n\t\t\t\t\t\tbl-inline-block bl-font-medium bl-text-[1.125rem] xl:bl-text-[1.25rem] bl-leading-[1.5625rem] bl-no-underline hover:bl-underline bl-decoration-[2px] bl-transition-colors bl-duration-[400ms] bl-px-[26px] xl:bl-px-[32px] bl-py-[7.5px] xl:bl-py-[12.5px] focus-visible:bl-outline-dotted focus-visible:bl-outline-2 bl-outline-offset-[6px] xl:bl-outline-offset-[7px] bl-hyphens-manual\t\t\t\t\t\tbl-bg-pure-white bl-text-identity-black hover:bl-text-identity-black hover:bl-bg-identity-yellow-40 active:bl-bg-identity-yellow !bl-outline-pure-white\t\t\t\t\t\tdark:bl-bg-pure-white dark:bl-text-identity-black dark:hover:bl-text-identity-black dark:hover:bl-bg-identity-yellow-40 dark:active:bl-bg-identity-yellow dark:!bl-outline-pure-white\">\n\t\t\t\t\tLesen\t\t\t\t<\/div>\n\t\t\t\t\t\t\t<\/div>\n\t\t<\/div>\n\t<\/div>\n\n<\/a>\n\n\n\n\t<a class=\"bl-@container\/teaser-news bl-bg-identity-teal bl-text-pure-white dark:bl-bg-identity-teal dark:bl-text-pure-white bl-group hover:bl-shadow-[8px_8px_15px_rgba(0,0,0,0.25)] bl-transition-[color,background-color,border-color,text-decoration-color,fill,stroke,box-shadow] bl-duration-[400ms] hover:bl-text-pure-white active:bl-text-pure-white hover:dark:bl-text-pure-white active:dark:bl-text-pure-white bl-block bl-relative bl-self-stretch !bl-outline-2 focus-visible:!bl-outline-dotted !bl-outline-offset-4 bl-min-w-full md:bl-min-w-[670px] xl:bl-min-w-[320px] !bl-no-underline hover:!bl-no-underline wp-block-ufr-teaser-news wp-container-content-9cfa9a5a\"\thref=\"https:\/\/www.fva-bw.de\/fileadmin\/user_upload\/Presse\/Pressemitteilungen\/PM_FVA_Waldforschung_ausgezeichnet.pdf\"\n\t\ttarget=\"_blank\"\n\t >\n\n\t<div class=\"bl-flex bl-flex-col bl-h-full @lg\/teaser-news:!bl-flex-row\">\n\t\t\t\t\t<div class=\"bl-w-full @lg\/teaser-news:bl-min-w-[50%] @lg\/teaser-news:bl-w-[50%] @2xl\/teaser-news:bl-max-w-[774px]\">\n\t\t\t\t<img decoding=\"async\" src=\"https:\/\/uni-freiburg.de\/futureforests\/wp-content\/uploads\/sites\/65\/csm_IMG_20260611_203232657_24a0b65616.jpg\" alt=\"\"\n\t\t\t\t\t\t\tclass=\"bl-object-cover bl-w-full bl-inline-block bl-aspect-[3\/2]\" \/>\n\t\t\t<\/div>\n\t\t\n\t\t<div\n\t\t\tclass=\"bl-flex-grow bl-flex bl-flex-col bl-h-full bl-justify-between bl-px-[25px] bl-py-[20px]\n\t\t\t\t\t\tmd:bl-px-[45px] md:bl-py-[40px]\n\t\t\t\t\t\txl:bl-px-[55px] xl:bl-py-[50px] [overflow-wrap:anywhere]\"\n\t\t>\n\t\t\t<div>\n\t\t\t\t\t\t\t\t\t\t\t\t\t<p\n\t\t\t\t\tclass=\"bl-mt-0 bl-font-medium bl-text-inherit dark:bl-text-inherit\n\t\t\t\t\t\t\t\tbl-text-[1rem] bl-leading-[1.375rem]\n\t\t\t\t\t\t\t\tmd:bl-text-[1.125rem] md:bl-leading-[1.375rem]\n\t\t\t\t\t\t\t\txl:bl-text-[1.375rem] xl:bl-leading-[2.0625rem]\n\t\t\t\t\t\t\t\tbl-mb-4 xl:bl-mb-3\"\n\t\t\t\t>\n\t\t\t\t\tAuszeichnung\t\t\t\t<\/p>\n\t\t\t\t\t\t\t\t\t\t\t\t<p\n\t\t\t\t\tclass=\"bl-font-medium bl-text-inherit dark:bl-text-inherit\n\t\t\t\t\t\tbl-text-[1.125rem] bl-leading-[1.5625rem]\n\t\t\t\t\t\tmd:bl-text-[1.25rem] md:bl-leading-[1.5625rem]\n\t\t\t\t\t\txl:bl-text-[1.5625rem] xl:bl-leading-[2.1875rem]\n\t\t\t\t\t\tbl-m-0 bl-mb-4 xl:bl-mb-5\"\n\t\t\t\t>\n\t\t\t\t\t<strong><strong><strong><strong>FVA-Projekt erh\u00e4lt Undine Award zum Thema &#8222;Wasser<\/strong><\/strong>r\u00fcckhalt im<strong><strong> Wald&#8220;<\/strong><\/strong><\/strong><\/strong>\t\t\t\t<\/p>\n\t\t\t\t\t\t\t\t\t\t\t\t<p\n\t\t\t\t\tclass=\"bl-font-book bl-text-inherit dark:bl-text-inherit\n\t\t\t\t\t\tbl-text-[1rem] bl-leading-[1.375rem]\n\t\t\t\t\t\tmd:bl-text-[1.125rem] md:bl-leading-[1.375rem]\n\t\t\t\t\t\txl:bl-text-[1.375rem] xl:bl-leading-[2.0625rem]\n\t\t\t\t\t\tbl-m-0\"\n\t\t\t\t>\n\t\t\t\t\tFuture Forests Forscherin, Dr. Heike Puhlmann (vierte v. l.), und ihr Team an der FVA wurden f\u00fcr ihr Projekt \u201eDezentraler Wasserr\u00fcckhalt im Wald\u201c mit dem Undine Award der Josef Wund Stiftung in Stuttgart&nbsp;geehrt. Durch Ma\u00dfnahmen wie Rigolen und Versickerungsgr\u00e4ben wird das Potenzial der W\u00e4lder als Wasserspeicher genutzt. Erfahren Sie mehr \u00fcber die Pilotversuche, Praxistipps und den geplanten Wissenstransfer.\t\t\t\t<\/p>\n\t\t\t\t\t\t\t<\/div>\n\t\t\t<div>\n\t\t\t\t\t\t\t<div\n\t\t\t\t\tclass=\"bl-cursor-pointer bl-float-left rtl:bl-float-right bl-text-center bl-mt-[20px] xl:bl-mt-[30px]\n\t\t\t\t\t\tbl-inline-block bl-font-medium bl-text-[1.125rem] xl:bl-text-[1.25rem] bl-leading-[1.5625rem] bl-no-underline hover:bl-underline bl-decoration-[2px] bl-transition-colors bl-duration-[400ms] bl-px-[26px] xl:bl-px-[32px] bl-py-[7.5px] xl:bl-py-[12.5px] focus-visible:bl-outline-dotted focus-visible:bl-outline-2 bl-outline-offset-[6px] xl:bl-outline-offset-[7px] bl-hyphens-manual\t\t\t\t\t\tbl-bg-pure-white bl-text-identity-black hover:bl-text-identity-black hover:bl-bg-identity-yellow-40 active:bl-bg-identity-yellow !bl-outline-pure-white\t\t\t\t\t\tdark:bl-bg-pure-white dark:bl-text-identity-black dark:hover:bl-text-identity-black dark:hover:bl-bg-identity-yellow-40 dark:active:bl-bg-identity-yellow dark:!bl-outline-pure-white\">\n\t\t\t\t\tPressemitteilung\t\t\t\t<\/div>\n\t\t\t\t\t\t\t<\/div>\n\t\t<\/div>\n\t<\/div>\n\n<\/a>\n<\/div>\n\n\n\n<div class=\"wp-block-group is-nowrap is-layout-flex wp-container-core-group-is-layout-7387b849 wp-block-group-is-layout-flex\"><\/div>\n\n\n\n<div class=\"wp-block-group is-nowrap is-layout-flex wp-container-core-group-is-layout-7387b849 wp-block-group-is-layout-flex\">\n\t<a class=\"bl-@container\/teaser-news bl-bg-identity-teal bl-text-pure-white dark:bl-bg-identity-teal dark:bl-text-pure-white bl-group hover:bl-shadow-[8px_8px_15px_rgba(0,0,0,0.25)] bl-transition-[color,background-color,border-color,text-decoration-color,fill,stroke,box-shadow] bl-duration-[400ms] hover:bl-text-pure-white active:bl-text-pure-white hover:dark:bl-text-pure-white active:dark:bl-text-pure-white bl-block bl-relative bl-self-stretch !bl-outline-2 focus-visible:!bl-outline-dotted !bl-outline-offset-4 bl-min-w-full md:bl-min-w-[670px] xl:bl-min-w-[320px] !bl-no-underline hover:!bl-no-underline wp-block-ufr-teaser-news wp-container-content-9cfa9a5a\"\thref=\"https:\/\/uni-freiburg.de\/enr-master\/forest-sciences\/future-forests\/\"\n\t\ttarget=\"_blank\"\n\t >\n\n\t<div class=\"bl-flex bl-flex-col bl-h-full @lg\/teaser-news:!bl-flex-row\">\n\t\t\t\t\t<div class=\"bl-w-full @lg\/teaser-news:bl-min-w-[50%] @lg\/teaser-news:bl-w-[50%] @2xl\/teaser-news:bl-max-w-[774px]\">\n\t\t\t\t<img decoding=\"async\" src=\"https:\/\/uni-freiburg.de\/futureforests\/wp-content\/uploads\/sites\/65\/dwlPpXa6-scaled-1.jpeg\" alt=\"\"\n\t\t\t\t\t\t\tclass=\"bl-object-cover bl-w-full bl-inline-block bl-aspect-[3\/2]\" \/>\n\t\t\t<\/div>\n\t\t\n\t\t<div\n\t\t\tclass=\"bl-flex-grow bl-flex bl-flex-col bl-h-full bl-justify-between bl-px-[25px] bl-py-[20px]\n\t\t\t\t\t\tmd:bl-px-[45px] md:bl-py-[40px]\n\t\t\t\t\t\txl:bl-px-[55px] xl:bl-py-[50px] [overflow-wrap:anywhere]\"\n\t\t>\n\t\t\t<div>\n\t\t\t\t\t\t\t\t\t\t\t\t\t<p\n\t\t\t\t\tclass=\"bl-mt-0 bl-font-medium bl-text-inherit dark:bl-text-inherit\n\t\t\t\t\t\t\t\tbl-text-[1rem] bl-leading-[1.375rem]\n\t\t\t\t\t\t\t\tmd:bl-text-[1.125rem] md:bl-leading-[1.375rem]\n\t\t\t\t\t\t\t\txl:bl-text-[1.375rem] xl:bl-leading-[2.0625rem]\n\t\t\t\t\t\t\t\tbl-mb-4 xl:bl-mb-3\"\n\t\t\t\t>\n\t\t\t\t\tStudium\t\t\t\t<\/p>\n\t\t\t\t\t\t\t\t\t\t\t\t<p\n\t\t\t\t\tclass=\"bl-font-medium bl-text-inherit dark:bl-text-inherit\n\t\t\t\t\t\tbl-text-[1.125rem] bl-leading-[1.5625rem]\n\t\t\t\t\t\tmd:bl-text-[1.25rem] md:bl-leading-[1.5625rem]\n\t\t\t\t\t\txl:bl-text-[1.5625rem] xl:bl-leading-[2.1875rem]\n\t\t\t\t\t\tbl-m-0 bl-mb-4 xl:bl-mb-5\"\n\t\t\t\t>\n\t\t\t\t\t<strong>Neues Masterprogramm Future Forests<\/strong>\t\t\t\t<\/p>\n\t\t\t\t\t\t\t\t\t\t\t\t<p\n\t\t\t\t\tclass=\"bl-font-book bl-text-inherit dark:bl-text-inherit\n\t\t\t\t\t\tbl-text-[1rem] bl-leading-[1.375rem]\n\t\t\t\t\t\tmd:bl-text-[1.125rem] md:bl-leading-[1.375rem]\n\t\t\t\t\t\txl:bl-text-[1.375rem] xl:bl-leading-[2.0625rem]\n\t\t\t\t\t\tbl-m-0\"\n\t\t\t\t>\n\t\t\t\t\tDie Fakult\u00e4t f\u00fcr Umwelt und Nat\u00fcrliche Ressourcen der Universit\u00e4t Freiburg hat in Zusammenarbeit mit Future Forests eine neues Masterprogramm \u201eFuture Forests\u201c angelegt.&nbsp;<br>Dieser englischsprachige Studiengang vermittelt ein interdisziplin\u00e4res Verst\u00e4ndnis von W\u00e4ldern als komplexen sozio\u00f6kologischen Systemen und ihrer nachhaltigen Bewirtschaftung vor dem Hintergrund tiefgreifender globaler Ver\u00e4nderungen.\t\t\t\t<\/p>\n\t\t\t\t\t\t\t<\/div>\n\t\t\t<div>\n\t\t\t\t\t\t\t<div\n\t\t\t\t\tclass=\"bl-cursor-pointer bl-float-left rtl:bl-float-right bl-text-center bl-mt-[20px] xl:bl-mt-[30px]\n\t\t\t\t\t\tbl-inline-block bl-font-medium bl-text-[1.125rem] xl:bl-text-[1.25rem] bl-leading-[1.5625rem] bl-no-underline hover:bl-underline bl-decoration-[2px] bl-transition-colors bl-duration-[400ms] bl-px-[26px] xl:bl-px-[32px] bl-py-[7.5px] xl:bl-py-[12.5px] focus-visible:bl-outline-dotted focus-visible:bl-outline-2 bl-outline-offset-[6px] xl:bl-outline-offset-[7px] bl-hyphens-manual\t\t\t\t\t\tbl-bg-pure-white bl-text-identity-black hover:bl-text-identity-black hover:bl-bg-identity-yellow-40 active:bl-bg-identity-yellow !bl-outline-pure-white\t\t\t\t\t\tdark:bl-bg-pure-white dark:bl-text-identity-black dark:hover:bl-text-identity-black dark:hover:bl-bg-identity-yellow-40 dark:active:bl-bg-identity-yellow dark:!bl-outline-pure-white\">\n\t\t\t\t\tLink\t\t\t\t<\/div>\n\t\t\t\t\t\t\t<\/div>\n\t\t<\/div>\n\t<\/div>\n\n<\/a>\n\n\n\n\t<a class=\"bl-@container\/teaser-news bl-bg-identity-teal bl-text-pure-white dark:bl-bg-identity-teal dark:bl-text-pure-white bl-group hover:bl-shadow-[8px_8px_15px_rgba(0,0,0,0.25)] bl-transition-[color,background-color,border-color,text-decoration-color,fill,stroke,box-shadow] bl-duration-[400ms] hover:bl-text-pure-white active:bl-text-pure-white hover:dark:bl-text-pure-white active:dark:bl-text-pure-white bl-block bl-relative bl-self-stretch !bl-outline-2 focus-visible:!bl-outline-dotted !bl-outline-offset-4 bl-min-w-full md:bl-min-w-[670px] xl:bl-min-w-[320px] !bl-no-underline hover:!bl-no-underline wp-block-ufr-teaser-news wp-container-content-9cfa9a5a\"\thref=\"https:\/\/uni-freiburg.de\/neue-foerderinitiative-der-eva-mayr-stihl-stiftung-staerkt-forschung-an-der-universitaet-freiburg-zur-anpassung-von-waeldern-an-den-globalen-wandel\/\"\n\t\ttarget=\"_blank\"\n\t >\n\n\t<div class=\"bl-flex bl-flex-col bl-h-full @lg\/teaser-news:!bl-flex-row\">\n\t\t\t\t\t<div class=\"bl-w-full @lg\/teaser-news:bl-min-w-[50%] @lg\/teaser-news:bl-w-[50%] @2xl\/teaser-news:bl-max-w-[774px]\">\n\t\t\t\t<img decoding=\"async\" src=\"https:\/\/uni-freiburg.de\/futureforests\/wp-content\/uploads\/sites\/65\/Stihl-1.jpg\" alt=\"\"\n\t\t\t\t\t\t\tclass=\"bl-object-cover bl-w-full bl-inline-block bl-aspect-[3\/2]\" \/>\n\t\t\t<\/div>\n\t\t\n\t\t<div\n\t\t\tclass=\"bl-flex-grow bl-flex bl-flex-col bl-h-full bl-justify-between bl-px-[25px] bl-py-[20px]\n\t\t\t\t\t\tmd:bl-px-[45px] md:bl-py-[40px]\n\t\t\t\t\t\txl:bl-px-[55px] xl:bl-py-[50px] [overflow-wrap:anywhere]\"\n\t\t>\n\t\t\t<div>\n\t\t\t\t\t\t\t\t\t\t\t\t\t<p\n\t\t\t\t\tclass=\"bl-mt-0 bl-font-medium bl-text-inherit dark:bl-text-inherit\n\t\t\t\t\t\t\t\tbl-text-[1rem] bl-leading-[1.375rem]\n\t\t\t\t\t\t\t\tmd:bl-text-[1.125rem] md:bl-leading-[1.375rem]\n\t\t\t\t\t\t\t\txl:bl-text-[1.375rem] xl:bl-leading-[2.0625rem]\n\t\t\t\t\t\t\t\tbl-mb-4 xl:bl-mb-3\"\n\t\t\t\t>\n\t\t\t\t\tF\u00f6rderung\t\t\t\t<\/p>\n\t\t\t\t\t\t\t\t\t\t\t\t<p\n\t\t\t\t\tclass=\"bl-font-medium bl-text-inherit dark:bl-text-inherit\n\t\t\t\t\t\tbl-text-[1.125rem] bl-leading-[1.5625rem]\n\t\t\t\t\t\tmd:bl-text-[1.25rem] md:bl-leading-[1.5625rem]\n\t\t\t\t\t\txl:bl-text-[1.5625rem] xl:bl-leading-[2.1875rem]\n\t\t\t\t\t\tbl-m-0 bl-mb-4 xl:bl-mb-5\"\n\t\t\t\t>\n\t\t\t\t\tEva Mayr-Stihl Stiftung st\u00e4rkt die Spitzenforschung von Future Forests mit \u00fcber 10 Millionen EUR\t\t\t\t<\/p>\n\t\t\t\t\t\t\t\t\t\t\t\t<p\n\t\t\t\t\tclass=\"bl-font-book bl-text-inherit dark:bl-text-inherit\n\t\t\t\t\t\tbl-text-[1rem] bl-leading-[1.375rem]\n\t\t\t\t\t\tmd:bl-text-[1.125rem] md:bl-leading-[1.375rem]\n\t\t\t\t\t\txl:bl-text-[1.375rem] xl:bl-leading-[2.0625rem]\n\t\t\t\t\t\tbl-m-0\"\n\t\t\t\t>\n\t\t\t\t\tMit insgesamt 10,4 Millionen Euro beabsichtigt die Eva Mayr-Stihl Stiftung ab 2026 den Exzellenzcluster&nbsp;<em>Future Forests<\/em> zu f\u00f6rdern. Neu eingerichtet werden unter anderem eine Tenure-Track-Stiftungsprofessur f\u00fcr Waldbau und Klimawandelanpassung, ein internationales Forschungslabor zur Waldanpassung sowie ein Inkubator-Fonds.<br>\t\t\t\t<\/p>\n\t\t\t\t\t\t\t<\/div>\n\t\t\t<div>\n\t\t\t\t\t\t\t<div\n\t\t\t\t\tclass=\"bl-cursor-pointer bl-float-left rtl:bl-float-right bl-text-center bl-mt-[20px] xl:bl-mt-[30px]\n\t\t\t\t\t\tbl-inline-block bl-font-medium bl-text-[1.125rem] xl:bl-text-[1.25rem] bl-leading-[1.5625rem] bl-no-underline hover:bl-underline bl-decoration-[2px] bl-transition-colors bl-duration-[400ms] bl-px-[26px] xl:bl-px-[32px] bl-py-[7.5px] xl:bl-py-[12.5px] focus-visible:bl-outline-dotted focus-visible:bl-outline-2 bl-outline-offset-[6px] xl:bl-outline-offset-[7px] bl-hyphens-manual\t\t\t\t\t\tbl-bg-pure-white bl-text-identity-black hover:bl-text-identity-black hover:bl-bg-identity-yellow-40 active:bl-bg-identity-yellow !bl-outline-pure-white\t\t\t\t\t\tdark:bl-bg-pure-white dark:bl-text-identity-black dark:hover:bl-text-identity-black dark:hover:bl-bg-identity-yellow-40 dark:active:bl-bg-identity-yellow dark:!bl-outline-pure-white\">\n\t\t\t\t\tZum Artikel\t\t\t\t<\/div>\n\t\t\t\t\t\t\t<\/div>\n\t\t<\/div>\n\t<\/div>\n\n<\/a>\n\n\n\n\t<a class=\"bl-@container\/teaser-news bl-bg-identity-teal bl-text-pure-white dark:bl-bg-identity-teal dark:bl-text-pure-white bl-group hover:bl-shadow-[8px_8px_15px_rgba(0,0,0,0.25)] bl-transition-[color,background-color,border-color,text-decoration-color,fill,stroke,box-shadow] bl-duration-[400ms] hover:bl-text-pure-white active:bl-text-pure-white hover:dark:bl-text-pure-white active:dark:bl-text-pure-white bl-block bl-relative bl-self-stretch !bl-outline-2 focus-visible:!bl-outline-dotted !bl-outline-offset-4 bl-min-w-full md:bl-min-w-[670px] xl:bl-min-w-[320px] !bl-no-underline hover:!bl-no-underline wp-block-ufr-teaser-news wp-container-content-9cfa9a5a\"\thref=\"https:\/\/uni-freiburg.de\/universitaet-freiburg-erhaelt-zwei-exzellenzcluster-und-zielt-auf-status-der-exzellenzuniversitaet\/\/\"\n\t\ttarget=\"_blank\"\n\t >\n\n\t<div class=\"bl-flex bl-flex-col bl-h-full @lg\/teaser-news:!bl-flex-row\">\n\t\t\t\t\t<div class=\"bl-w-full @lg\/teaser-news:bl-min-w-[50%] @lg\/teaser-news:bl-w-[50%] @2xl\/teaser-news:bl-max-w-[774px]\">\n\t\t\t\t<img decoding=\"async\" src=\"https:\/\/uni-freiburg.de\/futureforests-en\/wp-content\/uploads\/sites\/74\/Uni-Freiburg-Exzellenzcluster.71-scaled.jpg\" alt=\"\"\n\t\t\t\t\t\t\tclass=\"bl-object-cover bl-w-full bl-inline-block bl-aspect-[3\/2]\" \/>\n\t\t\t<\/div>\n\t\t\n\t\t<div\n\t\t\tclass=\"bl-flex-grow bl-flex bl-flex-col bl-h-full bl-justify-between bl-px-[25px] bl-py-[20px]\n\t\t\t\t\t\tmd:bl-px-[45px] md:bl-py-[40px]\n\t\t\t\t\t\txl:bl-px-[55px] xl:bl-py-[50px] [overflow-wrap:anywhere]\"\n\t\t>\n\t\t\t<div>\n\t\t\t\t\t\t\t\t\t\t\t\t\t<p\n\t\t\t\t\tclass=\"bl-mt-0 bl-font-medium bl-text-inherit dark:bl-text-inherit\n\t\t\t\t\t\t\t\tbl-text-[1rem] bl-leading-[1.375rem]\n\t\t\t\t\t\t\t\tmd:bl-text-[1.125rem] md:bl-leading-[1.375rem]\n\t\t\t\t\t\t\t\txl:bl-text-[1.375rem] xl:bl-leading-[2.0625rem]\n\t\t\t\t\t\t\t\tbl-mb-4 xl:bl-mb-3\"\n\t\t\t\t>\n\t\t\t\t\tExzellenzcluster\t\t\t\t<\/p>\n\t\t\t\t\t\t\t\t\t\t\t\t<p\n\t\t\t\t\tclass=\"bl-font-medium bl-text-inherit dark:bl-text-inherit\n\t\t\t\t\t\tbl-text-[1.125rem] bl-leading-[1.5625rem]\n\t\t\t\t\t\tmd:bl-text-[1.25rem] md:bl-leading-[1.5625rem]\n\t\t\t\t\t\txl:bl-text-[1.5625rem] xl:bl-leading-[2.1875rem]\n\t\t\t\t\t\tbl-m-0 bl-mb-4 xl:bl-mb-5\"\n\t\t\t\t>\n\t\t\t\t\tUniversit\u00e4t Freiburg erh\u00e4lt zwei Exzellenzcluster und zielt auf Status der Exzellenzuniversit\u00e4t\t\t\t\t<\/p>\n\t\t\t\t\t\t\t\t\t\t\t\t<p\n\t\t\t\t\tclass=\"bl-font-book bl-text-inherit dark:bl-text-inherit\n\t\t\t\t\t\tbl-text-[1rem] bl-leading-[1.375rem]\n\t\t\t\t\t\tmd:bl-text-[1.125rem] md:bl-leading-[1.375rem]\n\t\t\t\t\t\txl:bl-text-[1.375rem] xl:bl-leading-[2.0625rem]\n\t\t\t\t\t\tbl-m-0\"\n\t\t\t\t>\n\t\t\t\t\tAb 1. Januar 2026 f\u00f6rdert die Deutsche Forschungsgemeinschaft (DFG) zwei Exzellenzcluster der Universit\u00e4t Freiburg. Der bisherige Exzellenzcluster CIBSS wird weitere sieben Jahre fortgesetzt. Zudem startet der neue Exzellenzcluster Future Forests. <br>\t\t\t\t<\/p>\n\t\t\t\t\t\t\t<\/div>\n\t\t\t<div>\n\t\t\t\t\t\t\t<div\n\t\t\t\t\tclass=\"bl-cursor-pointer bl-float-left rtl:bl-float-right bl-text-center bl-mt-[20px] xl:bl-mt-[30px]\n\t\t\t\t\t\tbl-inline-block bl-font-medium bl-text-[1.125rem] xl:bl-text-[1.25rem] bl-leading-[1.5625rem] bl-no-underline hover:bl-underline bl-decoration-[2px] bl-transition-colors bl-duration-[400ms] bl-px-[26px] xl:bl-px-[32px] bl-py-[7.5px] xl:bl-py-[12.5px] focus-visible:bl-outline-dotted focus-visible:bl-outline-2 bl-outline-offset-[6px] xl:bl-outline-offset-[7px] bl-hyphens-manual\t\t\t\t\t\tbl-bg-pure-white bl-text-identity-black hover:bl-text-identity-black hover:bl-bg-identity-yellow-40 active:bl-bg-identity-yellow !bl-outline-pure-white\t\t\t\t\t\tdark:bl-bg-pure-white dark:bl-text-identity-black dark:hover:bl-text-identity-black dark:hover:bl-bg-identity-yellow-40 dark:active:bl-bg-identity-yellow dark:!bl-outline-pure-white\">\n\t\t\t\t\tLesen\t\t\t\t<\/div>\n\t\t\t\t\t\t\t<\/div>\n\t\t<\/div>\n\t<\/div>\n\n<\/a>\n<\/div>\n\n\n\n<div class=\"wp-block-group is-nowrap is-layout-flex wp-container-core-group-is-layout-7387b849 wp-block-group-is-layout-flex\">\n\t<a class=\"bl-@container\/teaser-news bl-bg-identity-teal bl-text-pure-white dark:bl-bg-identity-teal dark:bl-text-pure-white bl-group hover:bl-shadow-[8px_8px_15px_rgba(0,0,0,0.25)] bl-transition-[color,background-color,border-color,text-decoration-color,fill,stroke,box-shadow] bl-duration-[400ms] hover:bl-text-pure-white active:bl-text-pure-white hover:dark:bl-text-pure-white active:dark:bl-text-pure-white bl-block bl-relative bl-self-stretch !bl-outline-2 focus-visible:!bl-outline-dotted !bl-outline-offset-4 bl-min-w-full md:bl-min-w-[670px] xl:bl-min-w-[320px] !bl-no-underline hover:!bl-no-underline wp-block-ufr-teaser-news wp-container-content-9cfa9a5a\"\thref=\"https:\/\/www.baden-wuerttemberg.de\/de\/service\/presse\/pressemitteilung\/pid\/ki-unterstuetzt-waldmanagement-im-klimawandel\"\n\t\ttarget=\"_blank\"\n\t >\n\n\t<div class=\"bl-flex bl-flex-col bl-h-full @lg\/teaser-news:!bl-flex-row\">\n\t\t\t\t\t<div class=\"bl-w-full @lg\/teaser-news:bl-min-w-[50%] @lg\/teaser-news:bl-w-[50%] @2xl\/teaser-news:bl-max-w-[774px]\">\n\t\t\t\t<img decoding=\"async\" src=\"https:\/\/uni-freiburg.de\/futureforests\/wp-content\/uploads\/sites\/65\/Wald-Christopher-Morhart-1024x769-1.jpg\" alt=\"\"\n\t\t\t\t\t\t\tclass=\"bl-object-cover bl-w-full bl-inline-block bl-aspect-[3\/2]\" \/>\n\t\t\t<\/div>\n\t\t\n\t\t<div\n\t\t\tclass=\"bl-flex-grow bl-flex bl-flex-col bl-h-full bl-justify-between bl-px-[25px] bl-py-[20px]\n\t\t\t\t\t\tmd:bl-px-[45px] md:bl-py-[40px]\n\t\t\t\t\t\txl:bl-px-[55px] xl:bl-py-[50px] [overflow-wrap:anywhere]\"\n\t\t>\n\t\t\t<div>\n\t\t\t\t\t\t\t\t\t\t\t\t\t<p\n\t\t\t\t\tclass=\"bl-mt-0 bl-font-medium bl-text-inherit dark:bl-text-inherit\n\t\t\t\t\t\t\t\tbl-text-[1rem] bl-leading-[1.375rem]\n\t\t\t\t\t\t\t\tmd:bl-text-[1.125rem] md:bl-leading-[1.375rem]\n\t\t\t\t\t\t\t\txl:bl-text-[1.375rem] xl:bl-leading-[2.0625rem]\n\t\t\t\t\t\t\t\tbl-mb-4 xl:bl-mb-3\"\n\t\t\t\t>\n\t\t\t\t\tWald und KI\t\t\t\t<\/p>\n\t\t\t\t\t\t\t\t\t\t\t\t<p\n\t\t\t\t\tclass=\"bl-font-medium bl-text-inherit dark:bl-text-inherit\n\t\t\t\t\t\tbl-text-[1.125rem] bl-leading-[1.5625rem]\n\t\t\t\t\t\tmd:bl-text-[1.25rem] md:bl-leading-[1.5625rem]\n\t\t\t\t\t\txl:bl-text-[1.5625rem] xl:bl-leading-[2.1875rem]\n\t\t\t\t\t\tbl-m-0 bl-mb-4 xl:bl-mb-5\"\n\t\t\t\t>\n\t\t\t\t\t<strong>KI-Tools f\u00fcr den klimaresilienten Wald: Projekt \u201ePRIMA-Wald\u201c erfolgreich abgeschlossen<\/strong>\t\t\t\t<\/p>\n\t\t\t\t\t\t\t\t\t\t\t\t<p\n\t\t\t\t\tclass=\"bl-font-book bl-text-inherit dark:bl-text-inherit\n\t\t\t\t\t\tbl-text-[1rem] bl-leading-[1.375rem]\n\t\t\t\t\t\tmd:bl-text-[1.125rem] md:bl-leading-[1.375rem]\n\t\t\t\t\t\txl:bl-text-[1.375rem] xl:bl-leading-[2.0625rem]\n\t\t\t\t\t\tbl-m-0\"\n\t\t\t\t>\n\t\t\t\t\tWie lassen sich W\u00e4lder im Klimawandel besser sch\u00fctzen und bewirtschaften? Das nun abgeschlossene Forschungsprojekt \u201ePRIMA-Wald\u201c liefert dazu innovative digitale Werkzeuge. Die Professur f\u00fcr Forst\u00f6konomie und Forstplanung und die Professur f\u00fcr Sensorgest\u00fctzte Geoinformatik (beide Kollaborationspartner von Future Forests) waren ma\u00dfgeblich am Projekt beteiligt und entwickelten ein KI-gest\u00fctztes Tool f\u00fcr das Waldmonitoring.<br>Mehr zum Abschluss des Projekts \u201ePRIMA-Wald\u201c erfahren Sie in der Pressemitteilung des Ministeriums f\u00fcr Ern\u00e4hrung, L\u00e4ndlichen Raum und Verbraucherschutz Baden-W\u00fcrttemberg:\t\t\t\t<\/p>\n\t\t\t\t\t\t\t<\/div>\n\t\t\t<div>\n\t\t\t\t\t\t\t<div\n\t\t\t\t\tclass=\"bl-cursor-pointer bl-float-left rtl:bl-float-right bl-text-center bl-mt-[20px] xl:bl-mt-[30px]\n\t\t\t\t\t\tbl-inline-block bl-font-medium bl-text-[1.125rem] xl:bl-text-[1.25rem] bl-leading-[1.5625rem] bl-no-underline hover:bl-underline bl-decoration-[2px] bl-transition-colors bl-duration-[400ms] bl-px-[26px] xl:bl-px-[32px] bl-py-[7.5px] xl:bl-py-[12.5px] focus-visible:bl-outline-dotted focus-visible:bl-outline-2 bl-outline-offset-[6px] xl:bl-outline-offset-[7px] bl-hyphens-manual\t\t\t\t\t\tbl-bg-pure-white bl-text-identity-black hover:bl-text-identity-black hover:bl-bg-identity-yellow-40 active:bl-bg-identity-yellow !bl-outline-pure-white\t\t\t\t\t\tdark:bl-bg-pure-white dark:bl-text-identity-black dark:hover:bl-text-identity-black dark:hover:bl-bg-identity-yellow-40 dark:active:bl-bg-identity-yellow dark:!bl-outline-pure-white\">\n\t\t\t\t\tPressemitteilung\t\t\t\t<\/div>\n\t\t\t\t\t\t\t<\/div>\n\t\t<\/div>\n\t<\/div>\n\n<\/a>\n\n\n\n\t<a class=\"bl-@container\/teaser-news bl-bg-identity-teal bl-text-pure-white dark:bl-bg-identity-teal dark:bl-text-pure-white bl-group hover:bl-shadow-[8px_8px_15px_rgba(0,0,0,0.25)] bl-transition-[color,background-color,border-color,text-decoration-color,fill,stroke,box-shadow] bl-duration-[400ms] hover:bl-text-pure-white active:bl-text-pure-white hover:dark:bl-text-pure-white active:dark:bl-text-pure-white bl-block bl-relative bl-self-stretch !bl-outline-2 focus-visible:!bl-outline-dotted !bl-outline-offset-4 bl-min-w-full md:bl-min-w-[670px] xl:bl-min-w-[320px] !bl-no-underline hover:!bl-no-underline wp-block-ufr-teaser-news wp-container-content-9cfa9a5a\"\thref=\"https:\/\/video.uni-freiburg.de\/video\/die-anpassung-der-wlder-nicht-nur-eine-frage-der-kosysteme\/00f78535daf4a9ddd3ca7857f5a96fde\"\n\t >\n\n\t<div class=\"bl-flex bl-flex-col bl-h-full @lg\/teaser-news:!bl-flex-row\">\n\t\t\t\t\t<div class=\"bl-w-full @lg\/teaser-news:bl-min-w-[50%] @lg\/teaser-news:bl-w-[50%] @2xl\/teaser-news:bl-max-w-[774px]\">\n\t\t\t\t<img decoding=\"async\" src=\"https:\/\/uni-freiburg.de\/futureforests\/wp-content\/uploads\/sites\/65\/www4_juergen.png\" alt=\"\"\n\t\t\t\t\t\t\tclass=\"bl-object-cover bl-w-full bl-inline-block bl-aspect-[3\/2]\" \/>\n\t\t\t<\/div>\n\t\t\n\t\t<div\n\t\t\tclass=\"bl-flex-grow bl-flex bl-flex-col bl-h-full bl-justify-between bl-px-[25px] bl-py-[20px]\n\t\t\t\t\t\tmd:bl-px-[45px] md:bl-py-[40px]\n\t\t\t\t\t\txl:bl-px-[55px] xl:bl-py-[50px] [overflow-wrap:anywhere]\"\n\t\t>\n\t\t\t<div>\n\t\t\t\t\t\t\t\t\t\t\t\t\t<p\n\t\t\t\t\tclass=\"bl-mt-0 bl-font-medium bl-text-inherit dark:bl-text-inherit\n\t\t\t\t\t\t\t\tbl-text-[1rem] bl-leading-[1.375rem]\n\t\t\t\t\t\t\t\tmd:bl-text-[1.125rem] md:bl-leading-[1.375rem]\n\t\t\t\t\t\t\t\txl:bl-text-[1.375rem] xl:bl-leading-[2.0625rem]\n\t\t\t\t\t\t\t\tbl-mb-4 xl:bl-mb-3\"\n\t\t\t\t>\n\t\t\t\t\tVortragsreihe Wissen \u00fcber den Wald im Wandel \t\t\t\t<\/p>\n\t\t\t\t\t\t\t\t\t\t\t\t<p\n\t\t\t\t\tclass=\"bl-font-medium bl-text-inherit dark:bl-text-inherit\n\t\t\t\t\t\tbl-text-[1.125rem] bl-leading-[1.5625rem]\n\t\t\t\t\t\tmd:bl-text-[1.25rem] md:bl-leading-[1.5625rem]\n\t\t\t\t\t\txl:bl-text-[1.5625rem] xl:bl-leading-[2.1875rem]\n\t\t\t\t\t\tbl-m-0 bl-mb-4 xl:bl-mb-5\"\n\t\t\t\t>\n\t\t\t\t\t<strong><strong>J\u00fcrgen Bauhus (Future Forests Sprecher) \u00fcber die Herausforderungen beim Umbau unserer W\u00e4lder<\/strong><\/strong>\t\t\t\t<\/p>\n\t\t\t\t\t\t\t\t\t\t\t\t<p\n\t\t\t\t\tclass=\"bl-font-book bl-text-inherit dark:bl-text-inherit\n\t\t\t\t\t\tbl-text-[1rem] bl-leading-[1.375rem]\n\t\t\t\t\t\tmd:bl-text-[1.125rem] md:bl-leading-[1.375rem]\n\t\t\t\t\t\txl:bl-text-[1.375rem] xl:bl-leading-[2.0625rem]\n\t\t\t\t\t\tbl-m-0\"\n\t\t\t\t>\n\t\t\t\t\tAm 21.04.2026 er\u00f6ffnete die Vortragsreihe von &#8222;Wissen \u00fcber den Wald im Wandel&#8220; an der Universit\u00e4t Freiburg. Future Forests Sprecher, J\u00fcrgen Bauhus, sprach dabei \u00fcber die Notwendigkeit, die M\u00f6glichkeiten und Unsicherheiten bei der Anpassung und der Transformation unserer W\u00e4lder. <br>Die Vortragsreihe (https:\/\/uni-freiburg.de\/www40\/vortragsreihe-sose-2026\/) beinhaltet Vortr\u00e4ge von Wissenschaftler:innen und Praktiker:innen zum Thema Wald der Zukunft im Anbetracht des globalen Wandels. \t\t\t\t<\/p>\n\t\t\t\t\t\t\t<\/div>\n\t\t\t<div>\n\t\t\t\t\t\t\t<div\n\t\t\t\t\tclass=\"bl-cursor-pointer bl-float-left rtl:bl-float-right bl-text-center bl-mt-[20px] xl:bl-mt-[30px]\n\t\t\t\t\t\tbl-inline-block bl-font-medium bl-text-[1.125rem] xl:bl-text-[1.25rem] bl-leading-[1.5625rem] bl-no-underline hover:bl-underline bl-decoration-[2px] bl-transition-colors bl-duration-[400ms] bl-px-[26px] xl:bl-px-[32px] bl-py-[7.5px] xl:bl-py-[12.5px] focus-visible:bl-outline-dotted focus-visible:bl-outline-2 bl-outline-offset-[6px] xl:bl-outline-offset-[7px] bl-hyphens-manual\t\t\t\t\t\tbl-bg-pure-white bl-text-identity-black hover:bl-text-identity-black hover:bl-bg-identity-yellow-40 active:bl-bg-identity-yellow !bl-outline-pure-white\t\t\t\t\t\tdark:bl-bg-pure-white dark:bl-text-identity-black dark:hover:bl-text-identity-black dark:hover:bl-bg-identity-yellow-40 dark:active:bl-bg-identity-yellow dark:!bl-outline-pure-white\">\n\t\t\t\t\tZum Video\t\t\t\t<\/div>\n\t\t\t\t\t\t\t<\/div>\n\t\t<\/div>\n\t<\/div>\n\n<\/a>\n<\/div>\n\n\n\n\t<a class=\"bl-@container\/teaser-news bl-bg-identity-teal bl-text-pure-white dark:bl-bg-identity-teal dark:bl-text-pure-white bl-group hover:bl-shadow-[8px_8px_15px_rgba(0,0,0,0.25)] bl-transition-[color,background-color,border-color,text-decoration-color,fill,stroke,box-shadow] bl-duration-[400ms] hover:bl-text-pure-white active:bl-text-pure-white hover:dark:bl-text-pure-white active:dark:bl-text-pure-white bl-block bl-relative bl-self-stretch !bl-outline-2 focus-visible:!bl-outline-dotted !bl-outline-offset-4 bl-min-w-full md:bl-min-w-[670px] xl:bl-min-w-[320px] !bl-no-underline hover:!bl-no-underline wp-block-ufr-teaser-news wp-container-content-9cfa9a5a\"\thref=\"https:\/\/uni-freiburg.de\/future-forests-wie-werden-die-waelder-fit-fuer-die-zukunft\/\"\n\t\ttarget=\"_blank\"\n\t >\n\n\t<div class=\"bl-flex bl-flex-col bl-h-full @lg\/teaser-news:!bl-flex-row\">\n\t\t\t\t\t<div class=\"bl-w-full @lg\/teaser-news:bl-min-w-[50%] @lg\/teaser-news:bl-w-[50%] @2xl\/teaser-news:bl-max-w-[774px]\">\n\t\t\t\t<img decoding=\"async\" src=\"https:\/\/uni-freiburg.de\/futureforests\/wp-content\/uploads\/sites\/65\/Uni_Freiburg_Ecotrone_02_Michael_Spiegelhalter.jpg\" alt=\"\"\n\t\t\t\t\t\t\tclass=\"bl-object-cover bl-w-full bl-inline-block bl-aspect-[3\/2]\" \/>\n\t\t\t<\/div>\n\t\t\n\t\t<div\n\t\t\tclass=\"bl-flex-grow bl-flex bl-flex-col bl-h-full bl-justify-between bl-px-[25px] bl-py-[20px]\n\t\t\t\t\t\tmd:bl-px-[45px] md:bl-py-[40px]\n\t\t\t\t\t\txl:bl-px-[55px] xl:bl-py-[50px] [overflow-wrap:anywhere]\"\n\t\t>\n\t\t\t<div>\n\t\t\t\t\t\t\t\t\t\t\t\t\t\t\t\t<p\n\t\t\t\t\tclass=\"bl-font-medium bl-text-inherit dark:bl-text-inherit\n\t\t\t\t\t\tbl-text-[1.125rem] bl-leading-[1.5625rem]\n\t\t\t\t\t\tmd:bl-text-[1.25rem] md:bl-leading-[1.5625rem]\n\t\t\t\t\t\txl:bl-text-[1.5625rem] xl:bl-leading-[2.1875rem]\n\t\t\t\t\t\tbl-m-0 bl-mb-4 xl:bl-mb-5\"\n\t\t\t\t>\n\t\t\t\t\tFuture Forests \u2013 Wie werden die W\u00e4lder fit f\u00fcr die Zukunft?\t\t\t\t<\/p>\n\t\t\t\t\t\t\t\t\t\t\t\t<p\n\t\t\t\t\tclass=\"bl-font-book bl-text-inherit dark:bl-text-inherit\n\t\t\t\t\t\tbl-text-[1rem] bl-leading-[1.375rem]\n\t\t\t\t\t\tmd:bl-text-[1.125rem] md:bl-leading-[1.375rem]\n\t\t\t\t\t\txl:bl-text-[1.375rem] xl:bl-leading-[2.0625rem]\n\t\t\t\t\t\tbl-m-0\"\n\t\t\t\t>\n\t\t\t\t\tKlimawandel und Artenverlust setzen den W\u00e4ldern zu. Der Exzellenzcluster Future Forests an der Universit\u00e4t Freiburg erforscht, mit welchen Strategien sich den Gefahren begegnen l\u00e4sst.\t\t\t\t<\/p>\n\t\t\t\t\t\t\t<\/div>\n\t\t\t<div>\n\t\t\t\t\t\t\t<div\n\t\t\t\t\tclass=\"bl-cursor-pointer bl-float-left rtl:bl-float-right bl-text-center bl-mt-[20px] xl:bl-mt-[30px]\n\t\t\t\t\t\tbl-inline-block bl-font-medium bl-text-[1.125rem] xl:bl-text-[1.25rem] bl-leading-[1.5625rem] bl-no-underline hover:bl-underline bl-decoration-[2px] bl-transition-colors bl-duration-[400ms] bl-px-[26px] xl:bl-px-[32px] bl-py-[7.5px] xl:bl-py-[12.5px] focus-visible:bl-outline-dotted focus-visible:bl-outline-2 bl-outline-offset-[6px] xl:bl-outline-offset-[7px] bl-hyphens-manual\t\t\t\t\t\tbl-bg-pure-white bl-text-identity-black hover:bl-text-identity-black hover:bl-bg-identity-yellow-40 active:bl-bg-identity-yellow !bl-outline-pure-white\t\t\t\t\t\tdark:bl-bg-pure-white dark:bl-text-identity-black dark:hover:bl-text-identity-black dark:hover:bl-bg-identity-yellow-40 dark:active:bl-bg-identity-yellow dark:!bl-outline-pure-white\">\n\t\t\t\t\tZum Artikel\t\t\t\t<\/div>\n\t\t\t\t\t\t\t<\/div>\n\t\t<\/div>\n\t<\/div>\n\n<\/a>\n\n\n\n<div class=\"wp-block-group is-nowrap is-layout-flex wp-container-core-group-is-layout-7387b849 wp-block-group-is-layout-flex\">\n\t<a class=\"bl-@container\/teaser-news bl-bg-identity-teal bl-text-pure-white dark:bl-bg-identity-teal dark:bl-text-pure-white bl-group hover:bl-shadow-[8px_8px_15px_rgba(0,0,0,0.25)] bl-transition-[color,background-color,border-color,text-decoration-color,fill,stroke,box-shadow] bl-duration-[400ms] hover:bl-text-pure-white active:bl-text-pure-white hover:dark:bl-text-pure-white active:dark:bl-text-pure-white bl-block bl-relative bl-self-stretch !bl-outline-2 focus-visible:!bl-outline-dotted !bl-outline-offset-4 bl-min-w-full md:bl-min-w-[670px] xl:bl-min-w-[320px] !bl-no-underline hover:!bl-no-underline wp-block-ufr-teaser-news wp-container-content-9cfa9a5a\"\thref=\"https:\/\/uni-freiburg.de\/unr\/treestability-schuetzt-baumartenvielfalt-waelder-vor-klimaextremen\/\"\n\t\ttarget=\"_blank\"\n\t >\n\n\t<div class=\"bl-flex bl-flex-col bl-h-full @lg\/teaser-news:!bl-flex-row\">\n\t\t\t\t\t<div class=\"bl-w-full @lg\/teaser-news:bl-min-w-[50%] @lg\/teaser-news:bl-w-[50%] @2xl\/teaser-news:bl-max-w-[774px]\">\n\t\t\t\t<img decoding=\"async\" src=\"https:\/\/uni-freiburg.de\/futureforests\/wp-content\/uploads\/sites\/65\/Sardinilla_experiment_2026_Foto-Florian-Schnabel-1024x768-1.jpg\" alt=\"\"\n\t\t\t\t\t\t\tclass=\"bl-object-cover bl-w-full bl-inline-block bl-aspect-[3\/2]\" \/>\n\t\t\t<\/div>\n\t\t\n\t\t<div\n\t\t\tclass=\"bl-flex-grow bl-flex bl-flex-col bl-h-full bl-justify-between bl-px-[25px] bl-py-[20px]\n\t\t\t\t\t\tmd:bl-px-[45px] md:bl-py-[40px]\n\t\t\t\t\t\txl:bl-px-[55px] xl:bl-py-[50px] [overflow-wrap:anywhere]\"\n\t\t>\n\t\t\t<div>\n\t\t\t\t\t\t\t\t\t\t\t\t\t<p\n\t\t\t\t\tclass=\"bl-mt-0 bl-font-medium bl-text-inherit dark:bl-text-inherit\n\t\t\t\t\t\t\t\tbl-text-[1rem] bl-leading-[1.375rem]\n\t\t\t\t\t\t\t\tmd:bl-text-[1.125rem] md:bl-leading-[1.375rem]\n\t\t\t\t\t\t\t\txl:bl-text-[1.375rem] xl:bl-leading-[2.0625rem]\n\t\t\t\t\t\t\t\tbl-mb-4 xl:bl-mb-3\"\n\t\t\t\t>\n\t\t\t\t\tNeues Forschungsprojekt\t\t\t\t<\/p>\n\t\t\t\t\t\t\t\t\t\t\t\t<p\n\t\t\t\t\tclass=\"bl-font-medium bl-text-inherit dark:bl-text-inherit\n\t\t\t\t\t\tbl-text-[1.125rem] bl-leading-[1.5625rem]\n\t\t\t\t\t\tmd:bl-text-[1.25rem] md:bl-leading-[1.5625rem]\n\t\t\t\t\t\txl:bl-text-[1.5625rem] xl:bl-leading-[2.1875rem]\n\t\t\t\t\t\tbl-m-0 bl-mb-4 xl:bl-mb-5\"\n\t\t\t\t>\n\t\t\t\t\tTreeStability: Sch\u00fctzt Baumartenvielfalt W\u00e4lder vor Klimaextremen?\t\t\t\t<\/p>\n\t\t\t\t\t\t\t\t\t\t\t\t<p\n\t\t\t\t\tclass=\"bl-font-book bl-text-inherit dark:bl-text-inherit\n\t\t\t\t\t\tbl-text-[1rem] bl-leading-[1.375rem]\n\t\t\t\t\t\tmd:bl-text-[1.125rem] md:bl-leading-[1.375rem]\n\t\t\t\t\t\txl:bl-text-[1.375rem] xl:bl-leading-[2.0625rem]\n\t\t\t\t\t\tbl-m-0\"\n\t\t\t\t>\n\t\t\t\t\tDie Professur f\u00fcr Waldbau hat F\u00f6rdermittel der DFG f\u00fcr ein neues Forschungsprojekt eingeworben. Es soll untersuchen, ob eine h\u00f6here Baumartenvielfalt die Stabilit\u00e4t von Wald\u00f6kosystemen unter einem sich verst\u00e4rkenden Klimawandel erh\u00f6ht. Das dreij\u00e4hrige Projekt \u201eTreeStability\u201c wird von Dr. Florian Schnabel geleitet und st\u00fctzt sich auf Daten aus 25 Experimenten zur Baumartendiversit\u00e4t rund um den Globus.\t\t\t\t<\/p>\n\t\t\t\t\t\t\t<\/div>\n\t\t\t<div>\n\t\t\t\t\t\t\t<div\n\t\t\t\t\tclass=\"bl-cursor-pointer bl-float-left rtl:bl-float-right bl-text-center bl-mt-[20px] xl:bl-mt-[30px]\n\t\t\t\t\t\tbl-inline-block bl-font-medium bl-text-[1.125rem] xl:bl-text-[1.25rem] bl-leading-[1.5625rem] bl-no-underline hover:bl-underline bl-decoration-[2px] bl-transition-colors bl-duration-[400ms] bl-px-[26px] xl:bl-px-[32px] bl-py-[7.5px] xl:bl-py-[12.5px] focus-visible:bl-outline-dotted focus-visible:bl-outline-2 bl-outline-offset-[6px] xl:bl-outline-offset-[7px] bl-hyphens-manual\t\t\t\t\t\tbl-bg-pure-white bl-text-identity-black hover:bl-text-identity-black hover:bl-bg-identity-yellow-40 active:bl-bg-identity-yellow !bl-outline-pure-white\t\t\t\t\t\tdark:bl-bg-pure-white dark:bl-text-identity-black dark:hover:bl-text-identity-black dark:hover:bl-bg-identity-yellow-40 dark:active:bl-bg-identity-yellow dark:!bl-outline-pure-white\">\n\t\t\t\t\tZum Artikel\t\t\t\t<\/div>\n\t\t\t\t\t\t\t<\/div>\n\t\t<\/div>\n\t<\/div>\n\n<\/a>\n\n\n\n\t<a class=\"bl-@container\/teaser-news bl-bg-identity-teal bl-text-pure-white dark:bl-bg-identity-teal dark:bl-text-pure-white bl-group hover:bl-shadow-[8px_8px_15px_rgba(0,0,0,0.25)] bl-transition-[color,background-color,border-color,text-decoration-color,fill,stroke,box-shadow] bl-duration-[400ms] hover:bl-text-pure-white active:bl-text-pure-white hover:dark:bl-text-pure-white active:dark:bl-text-pure-white bl-block bl-relative bl-self-stretch !bl-outline-2 focus-visible:!bl-outline-dotted !bl-outline-offset-4 bl-min-w-full md:bl-min-w-[670px] xl:bl-min-w-[320px] !bl-no-underline hover:!bl-no-underline wp-block-ufr-teaser-news wp-container-content-9cfa9a5a\"\thref=\"https:\/\/www.saarland.de\/mukmav\/DE\/home\/_klimakongress\/klimakongress_node\"\n\t >\n\n\t<div class=\"bl-flex bl-flex-col bl-h-full @lg\/teaser-news:!bl-flex-row\">\n\t\t\t\t\t<div class=\"bl-w-full @lg\/teaser-news:bl-min-w-[50%] @lg\/teaser-news:bl-w-[50%] @2xl\/teaser-news:bl-max-w-[774px]\">\n\t\t\t\t<img decoding=\"async\" src=\"https:\/\/uni-freiburg.de\/futureforests\/wp-content\/uploads\/sites\/65\/2026-05-21_Min_Klimakongress_c_Ann-Sophie-Ruf-12-scaled.jpg\" alt=\"\"\n\t\t\t\t\t\t\tclass=\"bl-object-cover bl-w-full bl-inline-block bl-aspect-[3\/2]\" \/>\n\t\t\t<\/div>\n\t\t\n\t\t<div\n\t\t\tclass=\"bl-flex-grow bl-flex bl-flex-col bl-h-full bl-justify-between bl-px-[25px] bl-py-[20px]\n\t\t\t\t\t\tmd:bl-px-[45px] md:bl-py-[40px]\n\t\t\t\t\t\txl:bl-px-[55px] xl:bl-py-[50px] [overflow-wrap:anywhere]\"\n\t\t>\n\t\t\t<div>\n\t\t\t\t\t\t\t\t\t\t\t\t\t<p\n\t\t\t\t\tclass=\"bl-mt-0 bl-font-medium bl-text-inherit dark:bl-text-inherit\n\t\t\t\t\t\t\t\tbl-text-[1rem] bl-leading-[1.375rem]\n\t\t\t\t\t\t\t\tmd:bl-text-[1.125rem] md:bl-leading-[1.375rem]\n\t\t\t\t\t\t\t\txl:bl-text-[1.375rem] xl:bl-leading-[2.0625rem]\n\t\t\t\t\t\t\t\tbl-mb-4 xl:bl-mb-3\"\n\t\t\t\t>\n\t\t\t\t\tUmwelt und Klima\t\t\t\t<\/p>\n\t\t\t\t\t\t\t\t\t\t\t\t<p\n\t\t\t\t\tclass=\"bl-font-medium bl-text-inherit dark:bl-text-inherit\n\t\t\t\t\t\tbl-text-[1.125rem] bl-leading-[1.5625rem]\n\t\t\t\t\t\tmd:bl-text-[1.25rem] md:bl-leading-[1.5625rem]\n\t\t\t\t\t\txl:bl-text-[1.5625rem] xl:bl-leading-[2.1875rem]\n\t\t\t\t\t\tbl-m-0 bl-mb-4 xl:bl-mb-5\"\n\t\t\t\t>\n\t\t\t\t\t<strong><strong>Gemeinsam gegen Extremwetter: Neue Impulse vom 2. Saarl\u00e4ndischen Klimakongress<\/strong><\/strong>\t\t\t\t<\/p>\n\t\t\t\t\t\t\t\t\t\t\t\t<p\n\t\t\t\t\tclass=\"bl-font-book bl-text-inherit dark:bl-text-inherit\n\t\t\t\t\t\tbl-text-[1rem] bl-leading-[1.375rem]\n\t\t\t\t\t\tmd:bl-text-[1.125rem] md:bl-leading-[1.375rem]\n\t\t\t\t\t\txl:bl-text-[1.375rem] xl:bl-leading-[2.0625rem]\n\t\t\t\t\t\tbl-m-0\"\n\t\t\t\t>\n\t\t\t\t\tWie sch\u00fctzt sich das Saarland vor Starkregen und Hitzeperioden? Beim 2. Saarl\u00e4ndischen Klimakongress diskutierten \u00fcber 150 Fachleute aus Landwirtschaft, Forst und Katastrophenschutz \u00fcber zukunftsf\u00e4hige Anpassungsstrategien. Mit dabei: Future Forests Sprecher Prof. J\u00fcrgen Bauhus sprach \u00fcber die Herausforderungen f\u00fcr den Waldbau. <br><br><sub>(Foto: v.l.n.r. Prof. Dr. J\u00fcrgen Bauhus, Dirk Sch\u00e4fer, Prof. Dr.-Ing. Alpaslan Y\u00f6r\u00fck, Ministerin Petra Berg, Staatssekret\u00e4r Torsten Lang, Prof. Dr. Harald Grethe und Karsten Schwanke beim 2. Saarl\u00e4ndischen Klimakongress, MUKMAV \/ Ann-Sophie Ruf)<\/sub>\t\t\t\t<\/p>\n\t\t\t\t\t\t\t<\/div>\n\t\t\t<div>\n\t\t\t\t\t\t\t<div\n\t\t\t\t\tclass=\"bl-cursor-pointer bl-float-left rtl:bl-float-right bl-text-center bl-mt-[20px] xl:bl-mt-[30px]\n\t\t\t\t\t\tbl-inline-block bl-font-medium bl-text-[1.125rem] xl:bl-text-[1.25rem] bl-leading-[1.5625rem] bl-no-underline hover:bl-underline bl-decoration-[2px] bl-transition-colors bl-duration-[400ms] bl-px-[26px] xl:bl-px-[32px] bl-py-[7.5px] xl:bl-py-[12.5px] focus-visible:bl-outline-dotted focus-visible:bl-outline-2 bl-outline-offset-[6px] xl:bl-outline-offset-[7px] bl-hyphens-manual\t\t\t\t\t\tbl-bg-pure-white bl-text-identity-black hover:bl-text-identity-black hover:bl-bg-identity-yellow-40 active:bl-bg-identity-yellow !bl-outline-pure-white\t\t\t\t\t\tdark:bl-bg-pure-white dark:bl-text-identity-black dark:hover:bl-text-identity-black dark:hover:bl-bg-identity-yellow-40 dark:active:bl-bg-identity-yellow dark:!bl-outline-pure-white\">\n\t\t\t\t\tWeiterlesen\t\t\t\t<\/div>\n\t\t\t\t\t\t\t<\/div>\n\t\t<\/div>\n\t<\/div>\n\n<\/a>\n<\/div>\n\n\n\n<div class=\"wp-block-columns is-layout-flex wp-container-core-columns-is-layout-7387b849 wp-block-columns-is-layout-flex\">\n<div class=\"wp-block-column is-layout-flow wp-block-column-is-layout-flow\"><\/div>\n\n\n\n<div class=\"wp-block-column is-layout-flow wp-block-column-is-layout-flow\"><\/div>\n<\/div>\n\n\n\n<div class=\"wp-block-group is-nowrap is-layout-flex wp-container-core-group-is-layout-7387b849 wp-block-group-is-layout-flex\">\n\t<a class=\"bl-@container\/teaser-news bl-bg-identity-teal bl-text-pure-white dark:bl-bg-identity-teal dark:bl-text-pure-white bl-group hover:bl-shadow-[8px_8px_15px_rgba(0,0,0,0.25)] bl-transition-[color,background-color,border-color,text-decoration-color,fill,stroke,box-shadow] bl-duration-[400ms] hover:bl-text-pure-white active:bl-text-pure-white hover:dark:bl-text-pure-white active:dark:bl-text-pure-white bl-block bl-relative bl-self-stretch !bl-outline-2 focus-visible:!bl-outline-dotted !bl-outline-offset-4 bl-min-w-full md:bl-min-w-[670px] xl:bl-min-w-[320px] !bl-no-underline hover:!bl-no-underline wp-block-ufr-teaser-news wp-container-content-9cfa9a5a\"\thref=\"https:\/\/uni-freiburg.de\/artenvielfalt-im-wald-kein-garant-fuer-duerreresistenz\/\"\n\t\ttarget=\"_blank\"\n\t >\n\n\t<div class=\"bl-flex bl-flex-col bl-h-full @lg\/teaser-news:!bl-flex-row\">\n\t\t\t\t\t<div class=\"bl-w-full @lg\/teaser-news:bl-min-w-[50%] @lg\/teaser-news:bl-w-[50%] @2xl\/teaser-news:bl-max-w-[774px]\">\n\t\t\t\t<img decoding=\"async\" src=\"https:\/\/uni-freiburg.de\/futureforests\/wp-content\/uploads\/sites\/65\/Picture-1.-Serrano_Leon-Hernan-1152x1536-1.jpg\" alt=\"\"\n\t\t\t\t\t\t\tclass=\"bl-object-cover bl-w-full bl-inline-block bl-aspect-[3\/2]\" \/>\n\t\t\t<\/div>\n\t\t\n\t\t<div\n\t\t\tclass=\"bl-flex-grow bl-flex bl-flex-col bl-h-full bl-justify-between bl-px-[25px] bl-py-[20px]\n\t\t\t\t\t\tmd:bl-px-[45px] md:bl-py-[40px]\n\t\t\t\t\t\txl:bl-px-[55px] xl:bl-py-[50px] [overflow-wrap:anywhere]\"\n\t\t>\n\t\t\t<div>\n\t\t\t\t\t\t\t\t\t\t\t\t\t<p\n\t\t\t\t\tclass=\"bl-mt-0 bl-font-medium bl-text-inherit dark:bl-text-inherit\n\t\t\t\t\t\t\t\tbl-text-[1rem] bl-leading-[1.375rem]\n\t\t\t\t\t\t\t\tmd:bl-text-[1.125rem] md:bl-leading-[1.375rem]\n\t\t\t\t\t\t\t\txl:bl-text-[1.375rem] xl:bl-leading-[2.0625rem]\n\t\t\t\t\t\t\t\tbl-mb-4 xl:bl-mb-3\"\n\t\t\t\t>\n\t\t\t\t\tNeue Studie\t\t\t\t<\/p>\n\t\t\t\t\t\t\t\t\t\t\t\t<p\n\t\t\t\t\tclass=\"bl-font-medium bl-text-inherit dark:bl-text-inherit\n\t\t\t\t\t\tbl-text-[1.125rem] bl-leading-[1.5625rem]\n\t\t\t\t\t\tmd:bl-text-[1.25rem] md:bl-leading-[1.5625rem]\n\t\t\t\t\t\txl:bl-text-[1.5625rem] xl:bl-leading-[2.1875rem]\n\t\t\t\t\t\tbl-m-0 bl-mb-4 xl:bl-mb-5\"\n\t\t\t\t>\n\t\t\t\t\tArtenvielfalt im Wald: Kein Garant f\u00fcr D\u00fcrreresistenz\t\t\t\t<\/p>\n\t\t\t\t\t\t\t\t\t\t\t\t<p\n\t\t\t\t\tclass=\"bl-font-book bl-text-inherit dark:bl-text-inherit\n\t\t\t\t\t\tbl-text-[1rem] bl-leading-[1.375rem]\n\t\t\t\t\t\tmd:bl-text-[1.125rem] md:bl-leading-[1.375rem]\n\t\t\t\t\t\txl:bl-text-[1.375rem] xl:bl-leading-[2.0625rem]\n\t\t\t\t\t\tbl-m-0\"\n\t\t\t\t>\n\t\t\t\t\tEine neue internationale Studie unter Leitung der Universit\u00e4t Freiburg zeigt, dass langanhaltende D\u00fcrreperioden die positiven Effekte einer gro\u00dfen Baumartenvielfalt auf die Baumvitalit\u00e4t umkehren k\u00f6nnen.<br><br>\t\t\t\t<\/p>\n\t\t\t\t\t\t\t<\/div>\n\t\t\t<div>\n\t\t\t\t\t\t\t<div\n\t\t\t\t\tclass=\"bl-cursor-pointer bl-float-left rtl:bl-float-right bl-text-center bl-mt-[20px] xl:bl-mt-[30px]\n\t\t\t\t\t\tbl-inline-block bl-font-medium bl-text-[1.125rem] xl:bl-text-[1.25rem] bl-leading-[1.5625rem] bl-no-underline hover:bl-underline bl-decoration-[2px] bl-transition-colors bl-duration-[400ms] bl-px-[26px] xl:bl-px-[32px] bl-py-[7.5px] xl:bl-py-[12.5px] focus-visible:bl-outline-dotted focus-visible:bl-outline-2 bl-outline-offset-[6px] xl:bl-outline-offset-[7px] bl-hyphens-manual\t\t\t\t\t\tbl-bg-pure-white bl-text-identity-black hover:bl-text-identity-black hover:bl-bg-identity-yellow-40 active:bl-bg-identity-yellow !bl-outline-pure-white\t\t\t\t\t\tdark:bl-bg-pure-white dark:bl-text-identity-black dark:hover:bl-text-identity-black dark:hover:bl-bg-identity-yellow-40 dark:active:bl-bg-identity-yellow dark:!bl-outline-pure-white\">\n\t\t\t\t\tZum Artikel\t\t\t\t<\/div>\n\t\t\t\t\t\t\t<\/div>\n\t\t<\/div>\n\t<\/div>\n\n<\/a>\n\n\n\n\t<a class=\"bl-@container\/teaser-news bl-bg-identity-teal bl-text-pure-white dark:bl-bg-identity-teal dark:bl-text-pure-white bl-group hover:bl-shadow-[8px_8px_15px_rgba(0,0,0,0.25)] bl-transition-[color,background-color,border-color,text-decoration-color,fill,stroke,box-shadow] bl-duration-[400ms] hover:bl-text-pure-white active:bl-text-pure-white hover:dark:bl-text-pure-white active:dark:bl-text-pure-white bl-block bl-relative bl-self-stretch !bl-outline-2 focus-visible:!bl-outline-dotted !bl-outline-offset-4 bl-min-w-full md:bl-min-w-[670px] xl:bl-min-w-[320px] !bl-no-underline hover:!bl-no-underline wp-block-ufr-teaser-news wp-container-content-9cfa9a5a\"\thref=\"https:\/\/uni-freiburg.de\/duerrejahre-machen-kiefernwald-zur-co%e2%82%82-quelle\/\"\n\t\ttarget=\"_blank\"\n\t >\n\n\t<div class=\"bl-flex bl-flex-col bl-h-full @lg\/teaser-news:!bl-flex-row\">\n\t\t\t\t\t<div class=\"bl-w-full @lg\/teaser-news:bl-min-w-[50%] @lg\/teaser-news:bl-w-[50%] @2xl\/teaser-news:bl-max-w-[774px]\">\n\t\t\t\t<img decoding=\"async\" src=\"https:\/\/uni-freiburg.de\/futureforests\/wp-content\/uploads\/sites\/65\/Versuchswald_Hartheim_September_2023-Foto-Fabio-Scarpa-1024x616-1.jpg\" alt=\"\"\n\t\t\t\t\t\t\tclass=\"bl-object-cover bl-w-full bl-inline-block bl-aspect-[3\/2]\" \/>\n\t\t\t<\/div>\n\t\t\n\t\t<div\n\t\t\tclass=\"bl-flex-grow bl-flex bl-flex-col bl-h-full bl-justify-between bl-px-[25px] bl-py-[20px]\n\t\t\t\t\t\tmd:bl-px-[45px] md:bl-py-[40px]\n\t\t\t\t\t\txl:bl-px-[55px] xl:bl-py-[50px] [overflow-wrap:anywhere]\"\n\t\t>\n\t\t\t<div>\n\t\t\t\t\t\t\t\t\t\t\t\t\t<p\n\t\t\t\t\tclass=\"bl-mt-0 bl-font-medium bl-text-inherit dark:bl-text-inherit\n\t\t\t\t\t\t\t\tbl-text-[1rem] bl-leading-[1.375rem]\n\t\t\t\t\t\t\t\tmd:bl-text-[1.125rem] md:bl-leading-[1.375rem]\n\t\t\t\t\t\t\t\txl:bl-text-[1.375rem] xl:bl-leading-[2.0625rem]\n\t\t\t\t\t\t\t\tbl-mb-4 xl:bl-mb-3\"\n\t\t\t\t>\n\t\t\t\t\tNeue Studie\t\t\t\t<\/p>\n\t\t\t\t\t\t\t\t\t\t\t\t<p\n\t\t\t\t\tclass=\"bl-font-medium bl-text-inherit dark:bl-text-inherit\n\t\t\t\t\t\tbl-text-[1.125rem] bl-leading-[1.5625rem]\n\t\t\t\t\t\tmd:bl-text-[1.25rem] md:bl-leading-[1.5625rem]\n\t\t\t\t\t\txl:bl-text-[1.5625rem] xl:bl-leading-[2.1875rem]\n\t\t\t\t\t\tbl-m-0 bl-mb-4 xl:bl-mb-5\"\n\t\t\t\t>\n\t\t\t\t\tD\u00fcrrejahre machen Kiefernwald zur CO\u2082-Quelle\t\t\t\t<\/p>\n\t\t\t\t\t\t\t\t\t\t\t\t<p\n\t\t\t\t\tclass=\"bl-font-book bl-text-inherit dark:bl-text-inherit\n\t\t\t\t\t\tbl-text-[1rem] bl-leading-[1.375rem]\n\t\t\t\t\t\tmd:bl-text-[1.125rem] md:bl-leading-[1.375rem]\n\t\t\t\t\t\txl:bl-text-[1.375rem] xl:bl-leading-[2.0625rem]\n\t\t\t\t\t\tbl-m-0\"\n\t\t\t\t>\n\t\t\t\t\tEine neue Studie der Universit\u00e4t Freiburg zeigt, dass wiederkehrende Hitze- und D\u00fcrrejahre seit 2018 einen Kiefernwald in S\u00fcdwestdeutschland langfristig gesch\u00e4digt haben. \u00dcber 60 Prozent der Kiefern starben ab, Laubb\u00e4ume r\u00fccken nach \u2013 doch das reicht nicht, um die Klimabilanz zu retten. Das \u00d6kosystem setzt nun mehr CO\u2082 frei, als es bindet.<br>\t\t\t\t<\/p>\n\t\t\t\t\t\t\t<\/div>\n\t\t\t<div>\n\t\t\t\t\t\t\t<div\n\t\t\t\t\tclass=\"bl-cursor-pointer bl-float-left rtl:bl-float-right bl-text-center bl-mt-[20px] xl:bl-mt-[30px]\n\t\t\t\t\t\tbl-inline-block bl-font-medium bl-text-[1.125rem] xl:bl-text-[1.25rem] bl-leading-[1.5625rem] bl-no-underline hover:bl-underline bl-decoration-[2px] bl-transition-colors bl-duration-[400ms] bl-px-[26px] xl:bl-px-[32px] bl-py-[7.5px] xl:bl-py-[12.5px] focus-visible:bl-outline-dotted focus-visible:bl-outline-2 bl-outline-offset-[6px] xl:bl-outline-offset-[7px] bl-hyphens-manual\t\t\t\t\t\tbl-bg-pure-white bl-text-identity-black hover:bl-text-identity-black hover:bl-bg-identity-yellow-40 active:bl-bg-identity-yellow !bl-outline-pure-white\t\t\t\t\t\tdark:bl-bg-pure-white dark:bl-text-identity-black dark:hover:bl-text-identity-black dark:hover:bl-bg-identity-yellow-40 dark:active:bl-bg-identity-yellow dark:!bl-outline-pure-white\">\n\t\t\t\t\tZum Artikel\t\t\t\t<\/div>\n\t\t\t\t\t\t\t<\/div>\n\t\t<\/div>\n\t<\/div>\n\n<\/a>\n\n\n\n\t<a class=\"bl-@container\/teaser-news bl-bg-identity-teal bl-text-pure-white dark:bl-bg-identity-teal dark:bl-text-pure-white bl-group hover:bl-shadow-[8px_8px_15px_rgba(0,0,0,0.25)] bl-transition-[color,background-color,border-color,text-decoration-color,fill,stroke,box-shadow] bl-duration-[400ms] hover:bl-text-pure-white active:bl-text-pure-white hover:dark:bl-text-pure-white active:dark:bl-text-pure-white bl-block bl-relative bl-self-stretch !bl-outline-2 focus-visible:!bl-outline-dotted !bl-outline-offset-4 bl-min-w-full md:bl-min-w-[670px] xl:bl-min-w-[320px] !bl-no-underline hover:!bl-no-underline wp-block-ufr-teaser-news wp-container-content-9cfa9a5a\"\thref=\"https:\/\/uni-freiburg.de\/waldsterben-in-wasserschutzgebieten-eine-gefahr-fuer-die-trinkwasserqualitaet\/\"\n\t\ttarget=\"_blank\"\n\t >\n\n\t<div class=\"bl-flex bl-flex-col bl-h-full @lg\/teaser-news:!bl-flex-row\">\n\t\t\t\t\t<div class=\"bl-w-full @lg\/teaser-news:bl-min-w-[50%] @lg\/teaser-news:bl-w-[50%] @2xl\/teaser-news:bl-max-w-[774px]\">\n\t\t\t\t<img decoding=\"async\" src=\"https:\/\/uni-freiburg.de\/futureforests\/wp-content\/uploads\/sites\/65\/deadtrees_2-scaledTeja_Kattenborn.jpg\" alt=\"\"\n\t\t\t\t\t\t\tclass=\"bl-object-cover bl-w-full bl-inline-block bl-aspect-[3\/2]\" \/>\n\t\t\t<\/div>\n\t\t\n\t\t<div\n\t\t\tclass=\"bl-flex-grow bl-flex bl-flex-col bl-h-full bl-justify-between bl-px-[25px] bl-py-[20px]\n\t\t\t\t\t\tmd:bl-px-[45px] md:bl-py-[40px]\n\t\t\t\t\t\txl:bl-px-[55px] xl:bl-py-[50px] [overflow-wrap:anywhere]\"\n\t\t>\n\t\t\t<div>\n\t\t\t\t\t\t\t\t\t\t\t\t\t<p\n\t\t\t\t\tclass=\"bl-mt-0 bl-font-medium bl-text-inherit dark:bl-text-inherit\n\t\t\t\t\t\t\t\tbl-text-[1rem] bl-leading-[1.375rem]\n\t\t\t\t\t\t\t\tmd:bl-text-[1.125rem] md:bl-leading-[1.375rem]\n\t\t\t\t\t\t\t\txl:bl-text-[1.375rem] xl:bl-leading-[2.0625rem]\n\t\t\t\t\t\t\t\tbl-mb-4 xl:bl-mb-3\"\n\t\t\t\t>\n\t\t\t\t\tNeue Studie\t\t\t\t<\/p>\n\t\t\t\t\t\t\t\t\t\t\t\t<p\n\t\t\t\t\tclass=\"bl-font-medium bl-text-inherit dark:bl-text-inherit\n\t\t\t\t\t\tbl-text-[1.125rem] bl-leading-[1.5625rem]\n\t\t\t\t\t\tmd:bl-text-[1.25rem] md:bl-leading-[1.5625rem]\n\t\t\t\t\t\txl:bl-text-[1.5625rem] xl:bl-leading-[2.1875rem]\n\t\t\t\t\t\tbl-m-0 bl-mb-4 xl:bl-mb-5\"\n\t\t\t\t>\n\t\t\t\t\tWaldsterben in Wasserschutzgebieten: Eine Gefahr f\u00fcr die Trinkwasserqualit\u00e4t\t\t\t\t<\/p>\n\t\t\t\t\t\t\t\t\t\t\t\t<p\n\t\t\t\t\tclass=\"bl-font-book bl-text-inherit dark:bl-text-inherit\n\t\t\t\t\t\tbl-text-[1rem] bl-leading-[1.375rem]\n\t\t\t\t\t\tmd:bl-text-[1.125rem] md:bl-leading-[1.375rem]\n\t\t\t\t\t\txl:bl-text-[1.375rem] xl:bl-leading-[2.0625rem]\n\t\t\t\t\t\tbl-m-0\"\n\t\t\t\t>\n\t\t\t\t\tDas Waldsterben in deutschen Wasserschutzgebieten f\u00fchrt zu einer Verschlechterung der Trinkwasserqualit\u00e4t. Eine neue Studie der Universit\u00e4t Freiburg zeigt, dass sich die durchschnittlichen Nitratkonzentrationen in betroffenen Wasserschutzgebieten verdoppelt haben.<br>\t\t\t\t<\/p>\n\t\t\t\t\t\t\t<\/div>\n\t\t\t<div>\n\t\t\t\t\t\t\t<div\n\t\t\t\t\tclass=\"bl-cursor-pointer bl-float-left rtl:bl-float-right bl-text-center bl-mt-[20px] xl:bl-mt-[30px]\n\t\t\t\t\t\tbl-inline-block bl-font-medium bl-text-[1.125rem] xl:bl-text-[1.25rem] bl-leading-[1.5625rem] bl-no-underline hover:bl-underline bl-decoration-[2px] bl-transition-colors bl-duration-[400ms] bl-px-[26px] xl:bl-px-[32px] bl-py-[7.5px] xl:bl-py-[12.5px] focus-visible:bl-outline-dotted focus-visible:bl-outline-2 bl-outline-offset-[6px] xl:bl-outline-offset-[7px] bl-hyphens-manual\t\t\t\t\t\tbl-bg-pure-white bl-text-identity-black hover:bl-text-identity-black hover:bl-bg-identity-yellow-40 active:bl-bg-identity-yellow !bl-outline-pure-white\t\t\t\t\t\tdark:bl-bg-pure-white dark:bl-text-identity-black dark:hover:bl-text-identity-black dark:hover:bl-bg-identity-yellow-40 dark:active:bl-bg-identity-yellow dark:!bl-outline-pure-white\">\n\t\t\t\t\tZum Artikel\t\t\t\t<\/div>\n\t\t\t\t\t\t\t<\/div>\n\t\t<\/div>\n\t<\/div>\n\n<\/a>\n<\/div>\n","protected":false},"excerpt":{"rendered":"","protected":false},"author":29,"featured_media":0,"parent":0,"menu_order":0,"comment_status":"closed","ping_status":"closed","template":"","meta":{"_trash_the_other_posts":false,"editor_notices":[],"footnotes":""},"class_list":["post-158","page","type-page","status-publish","hentry"],"_links":{"self":[{"href":"https:\/\/uni-freiburg.de\/futureforests\/wp-json\/wp\/v2\/pages\/158","targetHints":{"allow":["GET"]}}],"collection":[{"href":"https:\/\/uni-freiburg.de\/futureforests\/wp-json\/wp\/v2\/pages"}],"about":[{"href":"https:\/\/uni-freiburg.de\/futureforests\/wp-json\/wp\/v2\/types\/page"}],"author":[{"embeddable":true,"href":"https:\/\/uni-freiburg.de\/futureforests\/wp-json\/wp\/v2\/users\/29"}],"replies":[{"embeddable":true,"href":"https:\/\/uni-freiburg.de\/futureforests\/wp-json\/wp\/v2\/comments?post=158"}],"version-history":[{"count":14,"href":"https:\/\/uni-freiburg.de\/futureforests\/wp-json\/wp\/v2\/pages\/158\/revisions"}],"predecessor-version":[{"id":965,"href":"https:\/\/uni-freiburg.de\/futureforests\/wp-json\/wp\/v2\/pages\/158\/revisions\/965"}],"wp:attachment":[{"href":"https:\/\/uni-freiburg.de\/futureforests\/wp-json\/wp\/v2\/media?parent=158"}],"curies":[{"name":"wp","href":"https:\/\/api.w.org\/{rel}","templated":true}]}}