{"id":201,"date":"2024-07-30T11:32:52","date_gmt":"2024-07-30T09:32:52","guid":{"rendered":"https:\/\/uni-freiburg.de\/beispielseiten\/?page_id=201"},"modified":"2026-08-31T11:00:38","modified_gmt":"2026-08-31T09:00:38","slug":"studium-und-lehre","status":"publish","type":"page","link":"https:\/\/uni-freiburg.de\/ska\/startseite\/studium-und-lehre\/","title":{"rendered":"Studium und Lehre"},"content":{"rendered":"\n<div class=\"[&amp;&gt;*]:bl-relative last:[&amp;&gt;*.bl-absolute]:bl-absolute [&amp;&gt;*]:bl-z-20 last:[&amp;&gt;*]:bl-z-10 bl-relative bl-overflow-x-clip [.wp-block-ufr-section_&amp;]:bl-overflow-x-visible bl-bg-identity-lightblue bl-text-identity-black dark:bl-bg-identity-lightblue dark:bl-text-identity-black bl-py-[24px] alignfull wp-block-ufr-section has-global-padding is-layout-constrained wp-block-ufr-section-is-layout-constrained\">\n\n\t\n\n<p class=\"wp-block-paragraph\"><strong>Sie interessieren sich f\u00fcr ein Studium der Sozial- und Kulturanthropologie? Oder studieren bereits bei uns und suchen Informationen rund um Ihr Studium?<\/strong><br>Auf den folgenden Seiten finden Sie alle wichtigen Informationen zu unseren Studieng\u00e4ngen, Lehrveranstaltungen, Beratungsm\u00f6glichkeiten, Praxisbez\u00fcgen und internationalen Angeboten. Unser Ziel ist es, Sie im Studium bestm\u00f6glich zu begleiten \u2013 vom Studienstart \u00fcber Ihre eigenen Lernprojekte bis zum Abschluss.<\/p>\n\n\t<\/div>\n\n\n\n<div style=\"height:25px\" aria-hidden=\"true\" class=\"wp-block-spacer\"><\/div>\n\n\n\n<div class=\"[&amp;&gt;*]:bl-relative last:[&amp;&gt;*.bl-absolute]:bl-absolute [&amp;&gt;*]:bl-z-20 last:[&amp;&gt;*]:bl-z-10 bl-relative bl-overflow-x-clip [.wp-block-ufr-section_&amp;]:bl-overflow-x-visible bl-bg-transparent bl-text-inherit dark:bl-bg-transparent dark:bl-text-inherit aligncenter wp-block-ufr-section has-global-padding is-content-justification-center is-layout-constrained wp-block-ufr-section-is-layout-constrained\">\n\n\t\t<\/div>\n\n\n\n<div class=\"[&amp;&gt;*]:bl-relative last:[&amp;&gt;*.bl-absolute]:bl-absolute [&amp;&gt;*]:bl-z-20 last:[&amp;&gt;*]:bl-z-10 bl-relative bl-overflow-x-clip [.wp-block-ufr-section_&amp;]:bl-overflow-x-visible bl-bg-transparent bl-text-inherit dark:bl-bg-transparent dark:bl-text-inherit alignfull wp-block-ufr-section has-global-padding is-layout-constrained wp-block-ufr-section-is-layout-constrained\">\n\n\t\n\n<div class=\"wp-block-group is-nowrap is-layout-flex wp-container-core-group-is-layout-7387b849 wp-block-group-is-layout-flex\">\n<div class=\"wp-block-cover is-light wp-container-content-9cfa9a5a\"><img loading=\"lazy\" decoding=\"async\" width=\"1024\" height=\"684\" class=\"wp-block-cover__image-background wp-image-1258 size-large\" alt=\"\" src=\"https:\/\/uni-freiburg.de\/ska\/wp-content\/uploads\/sites\/186\/daisy_2-1024x684.jpg\" data-object-fit=\"cover\" srcset=\"https:\/\/uni-freiburg.de\/ska\/wp-content\/uploads\/sites\/186\/daisy_2-1024x684.jpg 1024w, https:\/\/uni-freiburg.de\/ska\/wp-content\/uploads\/sites\/186\/daisy_2-300x200.jpg 300w, https:\/\/uni-freiburg.de\/ska\/wp-content\/uploads\/sites\/186\/daisy_2-768x513.jpg 768w, https:\/\/uni-freiburg.de\/ska\/wp-content\/uploads\/sites\/186\/daisy_2-1536x1026.jpg 1536w, https:\/\/uni-freiburg.de\/ska\/wp-content\/uploads\/sites\/186\/daisy_2-2048x1368.jpg 2048w\" sizes=\"auto, (max-width: 1024px) 100vw, 1024px\" \/><span aria-hidden=\"true\" class=\"wp-block-cover__background has-background-dim-0 has-background-dim\"><\/span><div class=\"wp-block-cover__inner-container has-global-padding is-layout-constrained wp-block-cover-is-layout-constrained\">\n<p class=\"has-text-align-center wp-block-paragraph\"><\/p>\n<\/div><\/div>\n\n\n\n<div style=\"height:0px\" aria-hidden=\"true\" class=\"wp-block-spacer wp-container-content-1387b69e\"><\/div>\n\n\n\n<div class=\"wp-block-group is-vertical is-layout-flex wp-container-core-group-is-layout-2c90304e wp-block-group-is-layout-flex\">\n<h2 class=\"wp-block-heading\">B.A. Sozial- und Kulturanthropologie<\/h2>\n\n\n\n<p class=\"has-text-align-left wp-block-paragraph\">Mit neuen Perspektiven auf die Welt schauen: An unserem Institut k\u00f6nnen Sie Sozial- und Kulturanthropologie im Bachelor als Haupt- oder Nebenfach studieren.<\/p>\n\n\n\n<div class=\"is-layout-flex wp-block-ufr-buttons-is-layout-flex\">\n\t\n\n<div class=\"wp-block-ufr-button\"> \n\t<a href=\"https:\/\/uni-freiburg.de\/ska\/ba\/\"\n\t\t\t\taria-label=\"\"\n\t\tclass=\"\n\t\tbl-text-[1.125rem] bl-leading-[1.5625rem] bl-px-[26px] bl-py-[7px] bl-border-[2px] bl-gap-[8px] !bl-decoration-2 !bl-underline-offset-[5px] focus-visible:bl-outline-offset-[6px]\t\tbl-no-underline hover:bl-underline bl-font-medium\n\t\t\n\t\tfocus-visible:bl-outline-dotted focus-visible:bl-outline-2 bl-border-identity-black bl-bg-identity-black bl-text-pure-white\n\t   hover:bl-bg-identity-blue-80 hover:bl-border-identity-blue-80 hover:bl-text-pure-white\n\t   active:bl-border-identity-blue active:bl-bg-identity-blue\n\t   bl-outline-identity-black dark:bl-border-pure-white dark:bl-bg-pure-white dark:bl-text-identity-black\n\t\tdark:hover:bl-bg-identity-yellow-40 dark:hover:bl-border-identity-yellow-40\n\t\tdark:active:bl-border-identity-yellow dark:active:bl-bg-identity-yellow\n\t\tdark:bl-outline-pure-white\t\tbl-inline-flex bl-flex-row bl-items-center motion-safe:bl-transition-colors\n\t\tmotion-safe:bl-duration-[400ms] justify-center bl-hyphens-auto\n\t\t\">\n\t\t\t\t<span class=\"bl-inline-block\">\n\t\t\tB.A. Sozial- und Kulturanthropologie \/ Ethnologie (Hauptfach)\t\t<\/span>\n\t<\/a>\n<\/div>\n\n\n\n<div class=\"wp-block-ufr-button\"> \n\t<a href=\"https:\/\/uni-freiburg.de\/ska\/b-a-sozial-und-kulturanthropologie-nebenfach\/\"\n\t\t\t\taria-label=\"\"\n\t\tclass=\"\n\t\tbl-text-[1.125rem] bl-leading-[1.5625rem] bl-px-[26px] bl-py-[7px] bl-border-[2px] bl-gap-[8px] !bl-decoration-2 !bl-underline-offset-[5px] focus-visible:bl-outline-offset-[6px]\t\tbl-no-underline hover:bl-underline bl-font-medium\n\t\t\n\t\tfocus-visible:bl-outline-dotted focus-visible:bl-outline-2 bl-border-identity-black bl-text-identity-black\n\t   hover:bl-bg-identity-blue-80 hover:bl-border-identity-blue-80 hover:bl-text-pure-white\n\t   active:bl-bg-identity-blue active:bl-text-pure-white active:bl-border-identity-blue\n\t   !bl-outline-identity-black dark:bl-text-pure-white dark:!bl-border-pure-white\n\t\tdark:hover:bl-text-identity-black dark:hover:bl-bg-identity-yellow-40 dark:hover:!bl-border-identity-yellow-40\n\t\tdark:active:bl-text-identity-black dark:active:bl-bg-identity-yellow dark:active:!bl-border-identity-yellow\n\t\tdark:!bl-outline-pure-white\t\tbl-inline-flex bl-flex-row bl-items-center motion-safe:bl-transition-colors\n\t\tmotion-safe:bl-duration-[400ms] justify-center bl-hyphens-auto\n\t\t\">\n\t\t\t\t<span class=\"bl-inline-block\">\n\t\t\tB.A. Sozial- und Kulturanthropologie \/ Ethnologie (Nebenfach)\t\t<\/span>\n\t<\/a>\n<\/div>\n\n<\/div>\n\n<\/div>\n<\/div>\n\n\t<\/div>\n\n\n\n<div style=\"height:50px\" aria-hidden=\"true\" class=\"wp-block-spacer\"><\/div>\n\n\n\n<div class=\"[&amp;&gt;*]:bl-relative last:[&amp;&gt;*.bl-absolute]:bl-absolute [&amp;&gt;*]:bl-z-20 last:[&amp;&gt;*]:bl-z-10 bl-relative bl-overflow-x-clip [.wp-block-ufr-section_&amp;]:bl-overflow-x-visible bl-bg-transparent bl-text-inherit dark:bl-bg-transparent dark:bl-text-inherit alignfull wp-block-ufr-section has-global-padding is-layout-constrained wp-block-ufr-section-is-layout-constrained\">\n\n\t\n\n<div class=\"wp-block-group is-nowrap is-layout-flex wp-container-core-group-is-layout-7387b849 wp-block-group-is-layout-flex\">\n<div class=\"wp-block-cover is-light wp-container-content-9cfa9a5a\"><img loading=\"lazy\" decoding=\"async\" width=\"1024\" height=\"680\" class=\"wp-block-cover__image-background wp-image-1121 size-large\" alt=\"\" src=\"https:\/\/uni-freiburg.de\/ska\/wp-content\/uploads\/sites\/186\/mikkel_3-1024x680.jpg\" style=\"object-position:48% 73%\" data-object-fit=\"cover\" data-object-position=\"48% 73%\" srcset=\"https:\/\/uni-freiburg.de\/ska\/wp-content\/uploads\/sites\/186\/mikkel_3-1024x680.jpg 1024w, https:\/\/uni-freiburg.de\/ska\/wp-content\/uploads\/sites\/186\/mikkel_3-300x199.jpg 300w, https:\/\/uni-freiburg.de\/ska\/wp-content\/uploads\/sites\/186\/mikkel_3-768x510.jpg 768w, https:\/\/uni-freiburg.de\/ska\/wp-content\/uploads\/sites\/186\/mikkel_3-1536x1020.jpg 1536w, https:\/\/uni-freiburg.de\/ska\/wp-content\/uploads\/sites\/186\/mikkel_3.jpg 1600w\" sizes=\"auto, (max-width: 1024px) 100vw, 1024px\" \/><span aria-hidden=\"true\" class=\"wp-block-cover__background has-background-dim-0 has-background-dim\"><\/span><div class=\"wp-block-cover__inner-container has-global-padding is-layout-constrained wp-block-cover-is-layout-constrained\">\n<p class=\"has-text-align-center wp-block-paragraph\"><\/p>\n<\/div><\/div>\n\n\n\n<div style=\"height:0px\" aria-hidden=\"true\" class=\"wp-block-spacer wp-container-content-1387b69e\"><\/div>\n\n\n\n<div class=\"wp-block-group is-vertical is-layout-flex wp-container-core-group-is-layout-2c90304e wp-block-group-is-layout-flex\">\n<h2 class=\"wp-block-heading\"><strong>M.A. Social and Cultural Anthropology<\/strong><\/h2>\n\n\n\n<p class=\"has-text-align-left wp-block-paragraph\">Unseren Masterstudiengang bieten wir seit dem Wintersemester 2024\/25 auf Englisch an \u2013 f\u00fcr ein Studium mit internationaler Ausrichtung.<\/p>\n\n\n\n<div class=\"is-layout-flex wp-block-ufr-buttons-is-layout-flex\">\n\t\n\n<div class=\"wp-block-ufr-button\"> \n\t<a href=\"https:\/\/uni-freiburg.de\/ska\/ma\/\"\n\t\t\t\taria-label=\"\"\n\t\tclass=\"\n\t\tbl-text-[1.125rem] bl-leading-[1.5625rem] bl-px-[26px] bl-py-[7px] bl-border-[2px] bl-gap-[8px] !bl-decoration-2 !bl-underline-offset-[5px] focus-visible:bl-outline-offset-[6px]\t\tbl-no-underline hover:bl-underline bl-font-medium\n\t\t\n\t\tfocus-visible:bl-outline-dotted focus-visible:bl-outline-2 bl-border-identity-black bl-bg-identity-black bl-text-pure-white\n\t   hover:bl-bg-identity-blue-80 hover:bl-border-identity-blue-80 hover:bl-text-pure-white\n\t   active:bl-border-identity-blue active:bl-bg-identity-blue\n\t   bl-outline-identity-black dark:bl-border-pure-white dark:bl-bg-pure-white dark:bl-text-identity-black\n\t\tdark:hover:bl-bg-identity-yellow-40 dark:hover:bl-border-identity-yellow-40\n\t\tdark:active:bl-border-identity-yellow dark:active:bl-bg-identity-yellow\n\t\tdark:bl-outline-pure-white\t\tbl-inline-flex bl-flex-row bl-items-center motion-safe:bl-transition-colors\n\t\tmotion-safe:bl-duration-[400ms] justify-center bl-hyphens-auto\n\t\t\">\n\t\t\t\t<span class=\"bl-inline-block\">\n\t\t\t<strong>M.A. Social and Cultural Anthropology<\/strong>\t\t<\/span>\n\t<\/a>\n<\/div>\n\n\n\n<div class=\"wp-block-ufr-button\"> \n\t<a href=\"https:\/\/uni-freiburg.de\/ska\/the-master-program-at-a-glance\/\"\n\t\t\t\taria-label=\"\"\n\t\tclass=\"\n\t\tbl-text-[1.125rem] bl-leading-[1.5625rem] bl-px-[26px] bl-py-[7px] bl-border-[2px] bl-gap-[8px] !bl-decoration-2 !bl-underline-offset-[5px] focus-visible:bl-outline-offset-[6px]\t\tbl-no-underline hover:bl-underline bl-font-medium\n\t\t\n\t\tfocus-visible:bl-outline-dotted focus-visible:bl-outline-2 bl-border-identity-black bl-text-identity-black\n\t   hover:bl-bg-identity-blue-80 hover:bl-border-identity-blue-80 hover:bl-text-pure-white\n\t   active:bl-bg-identity-blue active:bl-text-pure-white active:bl-border-identity-blue\n\t   !bl-outline-identity-black dark:bl-text-pure-white dark:!bl-border-pure-white\n\t\tdark:hover:bl-text-identity-black dark:hover:bl-bg-identity-yellow-40 dark:hover:!bl-border-identity-yellow-40\n\t\tdark:active:bl-text-identity-black dark:active:bl-bg-identity-yellow dark:active:!bl-border-identity-yellow\n\t\tdark:!bl-outline-pure-white\t\tbl-inline-flex bl-flex-row bl-items-center motion-safe:bl-transition-colors\n\t\tmotion-safe:bl-duration-[400ms] justify-center bl-hyphens-auto\n\t\t\">\n\t\t\t\t<span class=\"bl-inline-block\">\n\t\t\tThe Master\u2019s Program at a Glance\t\t<\/span>\n\t<\/a>\n<\/div>\n\n<\/div>\n\n<\/div>\n<\/div>\n\n\t<\/div>\n\n\n\n<div style=\"height:50px\" aria-hidden=\"true\" class=\"wp-block-spacer\"><\/div>\n\n\n\n<div class=\"[&amp;&gt;*]:bl-relative last:[&amp;&gt;*.bl-absolute]:bl-absolute [&amp;&gt;*]:bl-z-20 last:[&amp;&gt;*]:bl-z-10 bl-relative bl-overflow-x-clip [.wp-block-ufr-section_&amp;]:bl-overflow-x-visible bl-bg-transparent bl-text-inherit dark:bl-bg-transparent dark:bl-text-inherit alignfull wp-block-ufr-section has-global-padding is-content-justification-left is-layout-constrained wp-container-ufr-section-is-layout-54d22900 wp-block-ufr-section-is-layout-constrained\">\n\n\t\n\n<div class=\"wp-block-group is-nowrap is-layout-flex wp-container-core-group-is-layout-7387b849 wp-block-group-is-layout-flex\">\n<div class=\"wp-block-cover is-light\"><img loading=\"lazy\" decoding=\"async\" width=\"1024\" height=\"868\" class=\"wp-block-cover__image-background wp-image-740 size-large\" alt=\"\" src=\"https:\/\/uni-freiburg.de\/ska\/wp-content\/uploads\/sites\/186\/@@image-e1761735258115-1024x868.jpeg\" data-object-fit=\"cover\" srcset=\"https:\/\/uni-freiburg.de\/ska\/wp-content\/uploads\/sites\/186\/@@image-e1761735258115-1024x868.jpeg 1024w, https:\/\/uni-freiburg.de\/ska\/wp-content\/uploads\/sites\/186\/@@image-e1761735258115-300x254.jpeg 300w, https:\/\/uni-freiburg.de\/ska\/wp-content\/uploads\/sites\/186\/@@image-e1761735258115-768x651.jpeg 768w, https:\/\/uni-freiburg.de\/ska\/wp-content\/uploads\/sites\/186\/@@image-e1761735258115.jpeg 1060w\" sizes=\"auto, (max-width: 1024px) 100vw, 1024px\" \/><span aria-hidden=\"true\" class=\"wp-block-cover__background has-background-dim-0 has-background-dim\"><\/span><div class=\"wp-block-cover__inner-container has-global-padding is-layout-constrained wp-block-cover-is-layout-constrained\">\n<p class=\"has-text-align-center wp-block-paragraph\"><\/p>\n<\/div><\/div>\n\n\n\n<div style=\"height:0px\" aria-hidden=\"true\" class=\"wp-block-spacer wp-container-content-1387b69e\"><\/div>\n\n\n\n<div class=\"wp-block-group is-vertical is-layout-flex wp-container-core-group-is-layout-2c90304e wp-block-group-is-layout-flex\">\n<h2 class=\"wp-block-heading\"><strong>Internationale Tandem-Lehrforschung<\/strong><\/h2>\n\n\n\n<p class=\"has-text-align-left wp-block-paragraph\">in Kooperation mit der Gadjah Mada Universit\u00e4t, Yogyakarta, Indonesien<\/p>\n\n\n\n<div class=\"is-layout-flex wp-block-ufr-buttons-is-layout-flex\">\n\t\n\n<div class=\"wp-block-ufr-button\"> \n\t<a href=\"https:\/\/uni-freiburg.de\/ska\/startseite\/studium-und-lehre\/internationale-tandem-lehrforschung-in-ko-operation-mit-der-gadjah-mada-universitaet-yogyakarta-indonesien\/\"\n\t\t\t\taria-label=\"\"\n\t\tclass=\"\n\t\tbl-text-[1.125rem] bl-leading-[1.5625rem] bl-px-[26px] bl-py-[7px] bl-border-[2px] bl-gap-[8px] !bl-decoration-2 !bl-underline-offset-[5px] focus-visible:bl-outline-offset-[6px]\t\tbl-no-underline hover:bl-underline bl-font-medium\n\t\t\n\t\tfocus-visible:bl-outline-dotted focus-visible:bl-outline-2 bl-border-identity-black bl-bg-identity-black bl-text-pure-white\n\t   hover:bl-bg-identity-blue-80 hover:bl-border-identity-blue-80 hover:bl-text-pure-white\n\t   active:bl-border-identity-blue active:bl-bg-identity-blue\n\t   bl-outline-identity-black dark:bl-border-pure-white dark:bl-bg-pure-white dark:bl-text-identity-black\n\t\tdark:hover:bl-bg-identity-yellow-40 dark:hover:bl-border-identity-yellow-40\n\t\tdark:active:bl-border-identity-yellow dark:active:bl-bg-identity-yellow\n\t\tdark:bl-outline-pure-white\t\tbl-inline-flex bl-flex-row bl-items-center motion-safe:bl-transition-colors\n\t\tmotion-safe:bl-duration-[400ms] justify-center bl-hyphens-auto\n\t\t\">\n\t\t\t\t<span class=\"bl-inline-block\">\n\t\t\t<strong><strong>Internationale Tandem-Lehrforschung<\/strong><\/strong>\t\t<\/span>\n\t<\/a>\n<\/div>\n\n<\/div>\n\n<\/div>\n<\/div>\n\n\t<\/div>\n\n\n\n<div style=\"height:50px\" aria-hidden=\"true\" class=\"wp-block-spacer\"><\/div>\n\n\n\n<div class=\"[&amp;&gt;*]:bl-relative last:[&amp;&gt;*.bl-absolute]:bl-absolute [&amp;&gt;*]:bl-z-20 last:[&amp;&gt;*]:bl-z-10 bl-relative bl-overflow-x-clip [.wp-block-ufr-section_&amp;]:bl-overflow-x-visible bl-bg-transparent bl-text-inherit dark:bl-bg-transparent dark:bl-text-inherit alignfull wp-block-ufr-section has-global-padding is-layout-constrained wp-block-ufr-section-is-layout-constrained\">\n\n\t\n\n<div class=\"wp-block-group is-nowrap is-layout-flex wp-container-core-group-is-layout-7387b849 wp-block-group-is-layout-flex\">\n<div class=\"wp-block-cover is-light wp-container-content-9cfa9a5a\"><img loading=\"lazy\" decoding=\"async\" width=\"2000\" height=\"1333\" class=\"wp-block-cover__image-background wp-image-1702 size-full\" alt=\"\" src=\"https:\/\/uni-freiburg.de\/ska\/wp-content\/uploads\/sites\/186\/blick-ins-audimax-sandra-meyndt-universitaet-freiburg.jpg\" data-object-fit=\"cover\" srcset=\"https:\/\/uni-freiburg.de\/ska\/wp-content\/uploads\/sites\/186\/blick-ins-audimax-sandra-meyndt-universitaet-freiburg.jpg 2000w, https:\/\/uni-freiburg.de\/ska\/wp-content\/uploads\/sites\/186\/blick-ins-audimax-sandra-meyndt-universitaet-freiburg-300x200.jpg 300w, https:\/\/uni-freiburg.de\/ska\/wp-content\/uploads\/sites\/186\/blick-ins-audimax-sandra-meyndt-universitaet-freiburg-1024x682.jpg 1024w, https:\/\/uni-freiburg.de\/ska\/wp-content\/uploads\/sites\/186\/blick-ins-audimax-sandra-meyndt-universitaet-freiburg-768x512.jpg 768w, https:\/\/uni-freiburg.de\/ska\/wp-content\/uploads\/sites\/186\/blick-ins-audimax-sandra-meyndt-universitaet-freiburg-1536x1024.jpg 1536w\" sizes=\"auto, (max-width: 2000px) 100vw, 2000px\" \/><span aria-hidden=\"true\" class=\"wp-block-cover__background has-background-dim-0 has-background-dim\"><\/span><div class=\"wp-block-cover__inner-container has-global-padding is-layout-constrained wp-block-cover-is-layout-constrained\">\n<p class=\"has-text-align-center wp-block-paragraph\"><\/p>\n<\/div><\/div>\n\n\n\n<div style=\"height:150px;width:0px\" aria-hidden=\"true\" class=\"wp-block-spacer wp-container-content-1387b69e\"><\/div>\n\n\n\n<div class=\"wp-block-group is-vertical is-layout-flex wp-container-core-group-is-layout-2c90304e wp-block-group-is-layout-flex\">\n<h2 class=\"wp-block-heading\">Lehrveranstaltungen<\/h2>\n\n\n\n<p class=\"has-text-align-left wp-block-paragraph\">Neben den Forschungsschwerpunkten des Instituts spiegelt unser Lehrangebot eine breite und wechselnde Themenauswahl wider. <\/p>\n\n\n\n<div class=\"is-layout-flex wp-block-ufr-buttons-is-layout-flex\">\n\t\n\n<div class=\"wp-block-ufr-button\"> \n\t<a href=\"https:\/\/uni-freiburg.de\/ska\/lehrveranstaltungen\/\"\n\t\t\t\taria-label=\"\"\n\t\tclass=\"\n\t\tbl-text-[1.125rem] bl-leading-[1.5625rem] bl-px-[26px] bl-py-[7px] bl-border-[2px] bl-gap-[8px] !bl-decoration-2 !bl-underline-offset-[5px] focus-visible:bl-outline-offset-[6px]\t\tbl-no-underline hover:bl-underline bl-font-medium\n\t\t\n\t\tfocus-visible:bl-outline-dotted focus-visible:bl-outline-2 bl-border-identity-black bl-bg-identity-black bl-text-pure-white\n\t   hover:bl-bg-identity-blue-80 hover:bl-border-identity-blue-80 hover:bl-text-pure-white\n\t   active:bl-border-identity-blue active:bl-bg-identity-blue\n\t   bl-outline-identity-black dark:bl-border-pure-white dark:bl-bg-pure-white dark:bl-text-identity-black\n\t\tdark:hover:bl-bg-identity-yellow-40 dark:hover:bl-border-identity-yellow-40\n\t\tdark:active:bl-border-identity-yellow dark:active:bl-bg-identity-yellow\n\t\tdark:bl-outline-pure-white\t\tbl-inline-flex bl-flex-row bl-items-center motion-safe:bl-transition-colors\n\t\tmotion-safe:bl-duration-[400ms] justify-center bl-hyphens-auto\n\t\t\">\n\t\t\t\t<span class=\"bl-inline-block\">\n\t\t\tLehrveranstaltungen\t\t<\/span>\n\t<\/a>\n<\/div>\n\n<\/div>\n\n<\/div>\n<\/div>\n\n\t<\/div>\n\n\n\n<div style=\"height:50px\" aria-hidden=\"true\" class=\"wp-block-spacer\"><\/div>\n\n\n\n<div class=\"[&amp;&gt;*]:bl-relative last:[&amp;&gt;*.bl-absolute]:bl-absolute [&amp;&gt;*]:bl-z-20 last:[&amp;&gt;*]:bl-z-10 bl-relative bl-overflow-x-clip [.wp-block-ufr-section_&amp;]:bl-overflow-x-visible bl-bg-transparent bl-text-inherit dark:bl-bg-transparent dark:bl-text-inherit alignfull wp-block-ufr-section has-global-padding is-layout-constrained wp-block-ufr-section-is-layout-constrained\">\n\n\t\n\n<div class=\"wp-block-group is-nowrap is-layout-flex wp-container-core-group-is-layout-7387b849 wp-block-group-is-layout-flex\">\n<div class=\"wp-block-cover is-light wp-container-content-9cfa9a5a\"><img loading=\"lazy\" decoding=\"async\" width=\"2560\" height=\"1707\" class=\"wp-block-cover__image-background wp-image-2050 size-full\" alt=\"\" src=\"https:\/\/uni-freiburg.de\/ska\/wp-content\/uploads\/sites\/186\/IMG_7867-scaled.jpg\" data-object-fit=\"cover\" srcset=\"https:\/\/uni-freiburg.de\/ska\/wp-content\/uploads\/sites\/186\/IMG_7867-scaled.jpg 2560w, https:\/\/uni-freiburg.de\/ska\/wp-content\/uploads\/sites\/186\/IMG_7867-300x200.jpg 300w, https:\/\/uni-freiburg.de\/ska\/wp-content\/uploads\/sites\/186\/IMG_7867-1024x683.jpg 1024w, https:\/\/uni-freiburg.de\/ska\/wp-content\/uploads\/sites\/186\/IMG_7867-768x512.jpg 768w, https:\/\/uni-freiburg.de\/ska\/wp-content\/uploads\/sites\/186\/IMG_7867-1536x1024.jpg 1536w, https:\/\/uni-freiburg.de\/ska\/wp-content\/uploads\/sites\/186\/IMG_7867-2048x1365.jpg 2048w\" sizes=\"auto, (max-width: 2560px) 100vw, 2560px\" \/><span aria-hidden=\"true\" class=\"wp-block-cover__background has-background-dim-0 has-background-dim\"><\/span><div class=\"wp-block-cover__inner-container has-global-padding is-layout-constrained wp-block-cover-is-layout-constrained\">\n<p class=\"has-text-align-center wp-block-paragraph\"><\/p>\n<\/div><\/div>\n\n\n\n<div style=\"height:150px;width:0px\" aria-hidden=\"true\" class=\"wp-block-spacer wp-container-content-1387b69e\"><\/div>\n\n\n\n<div class=\"wp-block-group is-vertical is-layout-flex wp-container-core-group-is-layout-2c90304e wp-block-group-is-layout-flex\">\n<h2 class=\"wp-block-heading\">Studienberatung<\/h2>\n\n\n\n<p class=\"has-text-align-left wp-block-paragraph\">Von Fristen und Formalien bis zu Beratungsangeboten \u2013 hier finden Sie Informationen rund um die Organisation Ihres Studienalltags.<\/p>\n\n\n\n<div class=\"is-layout-flex wp-block-ufr-buttons-is-layout-flex\">\n\t\n\n<div class=\"wp-block-ufr-button\"> \n\t<a href=\"https:\/\/uni-freiburg.de\/ska\/startseite\/studium-und-lehre\/ma\/student-advisory-service\/\"\n\t\t\t\taria-label=\"\"\n\t\tclass=\"\n\t\tbl-text-[1.125rem] bl-leading-[1.5625rem] bl-px-[26px] bl-py-[7px] bl-border-[2px] bl-gap-[8px] !bl-decoration-2 !bl-underline-offset-[5px] focus-visible:bl-outline-offset-[6px]\t\tbl-no-underline hover:bl-underline bl-font-medium\n\t\t\n\t\tfocus-visible:bl-outline-dotted focus-visible:bl-outline-2 bl-border-identity-black bl-bg-identity-black bl-text-pure-white\n\t   hover:bl-bg-identity-blue-80 hover:bl-border-identity-blue-80 hover:bl-text-pure-white\n\t   active:bl-border-identity-blue active:bl-bg-identity-blue\n\t   bl-outline-identity-black dark:bl-border-pure-white dark:bl-bg-pure-white dark:bl-text-identity-black\n\t\tdark:hover:bl-bg-identity-yellow-40 dark:hover:bl-border-identity-yellow-40\n\t\tdark:active:bl-border-identity-yellow dark:active:bl-bg-identity-yellow\n\t\tdark:bl-outline-pure-white\t\tbl-inline-flex bl-flex-row bl-items-center motion-safe:bl-transition-colors\n\t\tmotion-safe:bl-duration-[400ms] justify-center bl-hyphens-auto\n\t\t\">\n\t\t\t\t<span class=\"bl-inline-block\">\n\t\t\tStudienberatung\t\t<\/span>\n\t<\/a>\n<\/div>\n\n<\/div>\n\n<\/div>\n<\/div>\n\n\t<\/div>\n\n\n\n<div style=\"height:50px\" aria-hidden=\"true\" class=\"wp-block-spacer\"><\/div>\n\n\n\n<div class=\"[&amp;&gt;*]:bl-relative last:[&amp;&gt;*.bl-absolute]:bl-absolute [&amp;&gt;*]:bl-z-20 last:[&amp;&gt;*]:bl-z-10 bl-relative bl-overflow-x-clip [.wp-block-ufr-section_&amp;]:bl-overflow-x-visible bl-bg-transparent bl-text-inherit dark:bl-bg-transparent dark:bl-text-inherit alignfull wp-block-ufr-section has-global-padding is-layout-constrained wp-block-ufr-section-is-layout-constrained\">\n\n\t\n\n<div class=\"wp-block-group is-nowrap is-layout-flex wp-container-core-group-is-layout-7387b849 wp-block-group-is-layout-flex\">\n<div class=\"wp-block-cover is-light wp-container-content-9cfa9a5a\"><img loading=\"lazy\" decoding=\"async\" width=\"1000\" height=\"562\" class=\"wp-block-cover__image-background wp-image-1231 size-full\" alt=\"\" src=\"https:\/\/uni-freiburg.de\/ska\/wp-content\/uploads\/sites\/186\/liz_1.jpg\" data-object-fit=\"cover\" srcset=\"https:\/\/uni-freiburg.de\/ska\/wp-content\/uploads\/sites\/186\/liz_1.jpg 1000w, https:\/\/uni-freiburg.de\/ska\/wp-content\/uploads\/sites\/186\/liz_1-300x169.jpg 300w, https:\/\/uni-freiburg.de\/ska\/wp-content\/uploads\/sites\/186\/liz_1-768x432.jpg 768w\" sizes=\"auto, (max-width: 1000px) 100vw, 1000px\" \/><span aria-hidden=\"true\" class=\"wp-block-cover__background has-background-dim-0 has-background-dim\"><\/span><div class=\"wp-block-cover__inner-container has-global-padding is-layout-constrained wp-block-cover-is-layout-constrained\">\n<p class=\"has-text-align-center wp-block-paragraph\"><\/p>\n<\/div><\/div>\n\n\n\n<div style=\"height:150px;width:0px\" aria-hidden=\"true\" class=\"wp-block-spacer wp-container-content-1387b69e\"><\/div>\n\n\n\n<div class=\"wp-block-group is-vertical is-layout-flex wp-container-core-group-is-layout-2c90304e wp-block-group-is-layout-flex\">\n<h2 class=\"wp-block-heading\">Berufspraxis<\/h2>\n\n\n\n<p class=\"has-text-align-left wp-block-paragraph\">Zur beruflichen Orientierung bietet das Studium Einblicke in vielf\u00e4ltige Berufsfelder \u2013 etwa durch Lehrveranstaltungen, Praktika und verschiedene Austauschformate.<\/p>\n\n\n\n<div class=\"is-layout-flex wp-block-ufr-buttons-is-layout-flex\">\n\t\n\n<div class=\"wp-block-ufr-button\"> \n\t<a href=\"https:\/\/uni-freiburg.de\/ska\/startseite\/studium-und-lehre\/berufspraxis\/\"\n\t\t\t\taria-label=\"\"\n\t\tclass=\"\n\t\tbl-text-[1.125rem] bl-leading-[1.5625rem] bl-px-[26px] bl-py-[7px] bl-border-[2px] bl-gap-[8px] !bl-decoration-2 !bl-underline-offset-[5px] focus-visible:bl-outline-offset-[6px]\t\tbl-no-underline hover:bl-underline bl-font-medium\n\t\t\n\t\tfocus-visible:bl-outline-dotted focus-visible:bl-outline-2 bl-border-identity-black bl-bg-identity-black bl-text-pure-white\n\t   hover:bl-bg-identity-blue-80 hover:bl-border-identity-blue-80 hover:bl-text-pure-white\n\t   active:bl-border-identity-blue active:bl-bg-identity-blue\n\t   bl-outline-identity-black dark:bl-border-pure-white dark:bl-bg-pure-white dark:bl-text-identity-black\n\t\tdark:hover:bl-bg-identity-yellow-40 dark:hover:bl-border-identity-yellow-40\n\t\tdark:active:bl-border-identity-yellow dark:active:bl-bg-identity-yellow\n\t\tdark:bl-outline-pure-white\t\tbl-inline-flex bl-flex-row bl-items-center motion-safe:bl-transition-colors\n\t\tmotion-safe:bl-duration-[400ms] justify-center bl-hyphens-auto\n\t\t\">\n\t\t\t\t<span class=\"bl-inline-block\">\n\t\t\tBerufspraxis\t\t<\/span>\n\t<\/a>\n<\/div>\n\n<\/div>\n\n<\/div>\n<\/div>\n\n\t<\/div>\n\n\n\n<div style=\"height:50px\" aria-hidden=\"true\" class=\"wp-block-spacer\"><\/div>\n\n\n\n<div class=\"[&amp;&gt;*]:bl-relative last:[&amp;&gt;*.bl-absolute]:bl-absolute [&amp;&gt;*]:bl-z-20 last:[&amp;&gt;*]:bl-z-10 bl-relative bl-overflow-x-clip [.wp-block-ufr-section_&amp;]:bl-overflow-x-visible bl-bg-transparent bl-text-inherit dark:bl-bg-transparent dark:bl-text-inherit alignfull wp-block-ufr-section has-global-padding is-layout-constrained wp-block-ufr-section-is-layout-constrained\">\n\n\t\n\n<div class=\"wp-block-group is-nowrap is-layout-flex wp-container-core-group-is-layout-7387b849 wp-block-group-is-layout-flex\">\n<div class=\"wp-block-cover is-light wp-container-content-9cfa9a5a\"><img loading=\"lazy\" decoding=\"async\" width=\"1600\" height=\"1200\" class=\"wp-block-cover__image-background wp-image-1248 size-full\" alt=\"\" src=\"https:\/\/uni-freiburg.de\/ska\/wp-content\/uploads\/sites\/186\/women-tending-oil-palm-seeds.jpg\" style=\"object-position:54% 55%\" data-object-fit=\"cover\" data-object-position=\"54% 55%\" srcset=\"https:\/\/uni-freiburg.de\/ska\/wp-content\/uploads\/sites\/186\/women-tending-oil-palm-seeds.jpg 1600w, https:\/\/uni-freiburg.de\/ska\/wp-content\/uploads\/sites\/186\/women-tending-oil-palm-seeds-300x225.jpg 300w, https:\/\/uni-freiburg.de\/ska\/wp-content\/uploads\/sites\/186\/women-tending-oil-palm-seeds-1024x768.jpg 1024w, https:\/\/uni-freiburg.de\/ska\/wp-content\/uploads\/sites\/186\/women-tending-oil-palm-seeds-768x576.jpg 768w, https:\/\/uni-freiburg.de\/ska\/wp-content\/uploads\/sites\/186\/women-tending-oil-palm-seeds-1536x1152.jpg 1536w\" sizes=\"auto, (max-width: 1600px) 100vw, 1600px\" \/><span aria-hidden=\"true\" class=\"wp-block-cover__background has-background-dim-0 has-background-dim\"><\/span><div class=\"wp-block-cover__inner-container has-global-padding is-layout-constrained wp-block-cover-is-layout-constrained\">\n<p class=\"has-text-align-center wp-block-paragraph\"><\/p>\n<\/div><\/div>\n\n\n\n<div style=\"height:150px;width:0px\" aria-hidden=\"true\" class=\"wp-block-spacer wp-container-content-1387b69e\"><\/div>\n\n\n\n<div class=\"wp-block-group is-vertical is-layout-flex wp-container-core-group-is-layout-2c90304e wp-block-group-is-layout-flex\">\n<h2 class=\"wp-block-heading\">Forschendes Lernen<\/h2>\n\n\n\n<p class=\"has-text-align-left wp-block-paragraph\">Forschendes Lernen wird bei uns gro\u00dfgeschrieben \u2013 von ersten Seminaraufgaben \u00fcber gemeinsame Lehrforschungen bis hin zu eigener Feldforschung.<\/p>\n\n\n\n<div class=\"is-layout-flex wp-block-ufr-buttons-is-layout-flex\">\n\t\n\n<div class=\"wp-block-ufr-button\"> \n\t<a href=\"https:\/\/uni-freiburg.de\/ska\/startseite\/studium-und-lehre\/feldforschungspraxis\/\"\n\t\t\t\taria-label=\"\"\n\t\tclass=\"\n\t\tbl-text-[1.125rem] bl-leading-[1.5625rem] bl-px-[26px] bl-py-[7px] bl-border-[2px] bl-gap-[8px] !bl-decoration-2 !bl-underline-offset-[5px] focus-visible:bl-outline-offset-[6px]\t\tbl-no-underline hover:bl-underline bl-font-medium\n\t\t\n\t\tfocus-visible:bl-outline-dotted focus-visible:bl-outline-2 bl-border-identity-black bl-bg-identity-black bl-text-pure-white\n\t   hover:bl-bg-identity-blue-80 hover:bl-border-identity-blue-80 hover:bl-text-pure-white\n\t   active:bl-border-identity-blue active:bl-bg-identity-blue\n\t   bl-outline-identity-black dark:bl-border-pure-white dark:bl-bg-pure-white dark:bl-text-identity-black\n\t\tdark:hover:bl-bg-identity-yellow-40 dark:hover:bl-border-identity-yellow-40\n\t\tdark:active:bl-border-identity-yellow dark:active:bl-bg-identity-yellow\n\t\tdark:bl-outline-pure-white\t\tbl-inline-flex bl-flex-row bl-items-center motion-safe:bl-transition-colors\n\t\tmotion-safe:bl-duration-[400ms] justify-center bl-hyphens-auto\n\t\t\">\n\t\t\t\t<span class=\"bl-inline-block\">\n\t\t\tForschendes Lernen\t\t<\/span>\n\t<\/a>\n<\/div>\n\n<\/div>\n\n<\/div>\n<\/div>\n\n\t<\/div>\n\n\n\n<div style=\"height:50px\" aria-hidden=\"true\" class=\"wp-block-spacer\"><\/div>\n\n\n\n<div class=\"[&amp;&gt;*]:bl-relative last:[&amp;&gt;*.bl-absolute]:bl-absolute [&amp;&gt;*]:bl-z-20 last:[&amp;&gt;*]:bl-z-10 bl-relative bl-overflow-x-clip [.wp-block-ufr-section_&amp;]:bl-overflow-x-visible bl-bg-transparent bl-text-inherit dark:bl-bg-transparent dark:bl-text-inherit alignfull wp-block-ufr-section has-global-padding is-layout-constrained wp-block-ufr-section-is-layout-constrained\">\n\n\t\n\n<div class=\"wp-block-group is-nowrap is-layout-flex wp-container-core-group-is-layout-7387b849 wp-block-group-is-layout-flex\">\n<div class=\"wp-block-cover wp-container-content-9cfa9a5a\"><img loading=\"lazy\" decoding=\"async\" width=\"2560\" height=\"1707\" class=\"wp-block-cover__image-background wp-image-1237 size-full\" alt=\"\" src=\"https:\/\/uni-freiburg.de\/ska\/wp-content\/uploads\/sites\/186\/mechthild_5-scaled.jpg\" style=\"object-position:71% 30%\" data-object-fit=\"cover\" data-object-position=\"71% 30%\" srcset=\"https:\/\/uni-freiburg.de\/ska\/wp-content\/uploads\/sites\/186\/mechthild_5-scaled.jpg 2560w, https:\/\/uni-freiburg.de\/ska\/wp-content\/uploads\/sites\/186\/mechthild_5-300x200.jpg 300w, https:\/\/uni-freiburg.de\/ska\/wp-content\/uploads\/sites\/186\/mechthild_5-1024x683.jpg 1024w, https:\/\/uni-freiburg.de\/ska\/wp-content\/uploads\/sites\/186\/mechthild_5-768x512.jpg 768w, https:\/\/uni-freiburg.de\/ska\/wp-content\/uploads\/sites\/186\/mechthild_5-1536x1024.jpg 1536w, https:\/\/uni-freiburg.de\/ska\/wp-content\/uploads\/sites\/186\/mechthild_5-2048x1365.jpg 2048w\" sizes=\"auto, (max-width: 2560px) 100vw, 2560px\" \/><span aria-hidden=\"true\" class=\"wp-block-cover__background has-background-dim-0 has-background-dim\"><\/span><div class=\"wp-block-cover__inner-container has-global-padding is-layout-constrained wp-block-cover-is-layout-constrained\">\n<p class=\"has-text-align-center wp-block-paragraph\"><\/p>\n<\/div><\/div>\n\n\n\n<div style=\"height:150px;width:0px\" aria-hidden=\"true\" class=\"wp-block-spacer wp-container-content-1387b69e\"><\/div>\n\n\n\n<div class=\"wp-block-group is-vertical is-layout-flex wp-container-core-group-is-layout-2c90304e wp-block-group-is-layout-flex\">\n<h2 class=\"wp-block-heading\">Internationales<\/h2>\n\n\n\n<p class=\"has-text-align-left wp-block-paragraph\">Als global orientiertes Fach lebt die Sozial- und Kulturanthropologie vom internationalen Austausch \u2013 diesen f\u00f6rdern wir gezielt im Studium.<\/p>\n\n\n\n<div class=\"is-layout-flex wp-block-ufr-buttons-is-layout-flex\">\n\t\n\n<div class=\"wp-block-ufr-button\"> \n\t<a href=\"https:\/\/uni-freiburg.de\/ska\/internationales\/\"\n\t\t\t\taria-label=\"\"\n\t\tclass=\"\n\t\tbl-text-[1.125rem] bl-leading-[1.5625rem] bl-px-[26px] bl-py-[7px] bl-border-[2px] bl-gap-[8px] !bl-decoration-2 !bl-underline-offset-[5px] focus-visible:bl-outline-offset-[6px]\t\tbl-no-underline hover:bl-underline bl-font-medium\n\t\t\n\t\tfocus-visible:bl-outline-dotted focus-visible:bl-outline-2 bl-border-identity-black bl-bg-identity-black bl-text-pure-white\n\t   hover:bl-bg-identity-blue-80 hover:bl-border-identity-blue-80 hover:bl-text-pure-white\n\t   active:bl-border-identity-blue active:bl-bg-identity-blue\n\t   bl-outline-identity-black dark:bl-border-pure-white dark:bl-bg-pure-white dark:bl-text-identity-black\n\t\tdark:hover:bl-bg-identity-yellow-40 dark:hover:bl-border-identity-yellow-40\n\t\tdark:active:bl-border-identity-yellow dark:active:bl-bg-identity-yellow\n\t\tdark:bl-outline-pure-white\t\tbl-inline-flex bl-flex-row bl-items-center motion-safe:bl-transition-colors\n\t\tmotion-safe:bl-duration-[400ms] justify-center bl-hyphens-auto\n\t\t\">\n\t\t\t\t<span class=\"bl-inline-block\">\n\t\t\tInternationales\t\t<\/span>\n\t<\/a>\n<\/div>\n\n<\/div>\n\n<\/div>\n<\/div>\n\n\t<\/div>\n\n\n\n<div style=\"height:50px\" aria-hidden=\"true\" class=\"wp-block-spacer\"><\/div>\n\n\n\n<p class=\"wp-block-paragraph\"><\/p>\n","protected":false},"excerpt":{"rendered":"","protected":false},"author":2,"featured_media":0,"parent":167,"menu_order":0,"comment_status":"closed","ping_status":"closed","template":"","meta":{"_trash_the_other_posts":false,"editor_notices":[],"footnotes":""},"class_list":["post-201","page","type-page","status-publish","hentry"],"_links":{"self":[{"href":"https:\/\/uni-freiburg.de\/ska\/wp-json\/wp\/v2\/pages\/201","targetHints":{"allow":["GET"]}}],"collection":[{"href":"https:\/\/uni-freiburg.de\/ska\/wp-json\/wp\/v2\/pages"}],"about":[{"href":"https:\/\/uni-freiburg.de\/ska\/wp-json\/wp\/v2\/types\/page"}],"author":[{"embeddable":true,"href":"https:\/\/uni-freiburg.de\/ska\/wp-json\/wp\/v2\/users\/2"}],"replies":[{"embeddable":true,"href":"https:\/\/uni-freiburg.de\/ska\/wp-json\/wp\/v2\/comments?post=201"}],"version-history":[{"count":30,"href":"https:\/\/uni-freiburg.de\/ska\/wp-json\/wp\/v2\/pages\/201\/revisions"}],"predecessor-version":[{"id":5492,"href":"https:\/\/uni-freiburg.de\/ska\/wp-json\/wp\/v2\/pages\/201\/revisions\/5492"}],"up":[{"embeddable":true,"href":"https:\/\/uni-freiburg.de\/ska\/wp-json\/wp\/v2\/pages\/167"}],"wp:attachment":[{"href":"https:\/\/uni-freiburg.de\/ska\/wp-json\/wp\/v2\/media?parent=201"}],"curies":[{"name":"wp","href":"https:\/\/api.w.org\/{rel}","templated":true}]}}