{"id":203,"date":"2024-07-30T11:33:25","date_gmt":"2024-07-30T09:33:25","guid":{"rendered":"https:\/\/uni-freiburg.de\/beispielseiten\/?page_id=203"},"modified":"2026-01-21T08:40:45","modified_gmt":"2026-01-21T07:40:45","slug":"forschung","status":"publish","type":"page","link":"https:\/\/uni-freiburg.de\/tf\/forschung\/","title":{"rendered":"Forschung"},"content":{"rendered":"\n<div class=\"wp-block-cover alignfull is-light has-parallax\"><div class=\"wp-block-cover__image-background wp-image-2465 size-large has-parallax\" style=\"background-position:50% 50%;background-image:url(https:\/\/uni-freiburg.de\/tf\/wp-content\/uploads\/sites\/10\/JS_4-1024x683.jpg)\"><\/div><span aria-hidden=\"true\" class=\"wp-block-cover__background has-background-dim-0 has-background-dim\" style=\"background-color:#cec7c5\"><\/span><div class=\"wp-block-cover__inner-container has-global-padding is-layout-constrained wp-block-cover-is-layout-constrained\">\n<p class=\"has-text-align-center\"><\/p>\n<\/div><\/div>\n\n\n\n<div style=\"height:10px\" aria-hidden=\"true\" class=\"wp-block-spacer\"><\/div>\n\n\n\n<div class=\"wp-block-columns is-layout-flex wp-container-core-columns-is-layout-28f84493 wp-block-columns-is-layout-flex\">\n<div class=\"wp-block-column is-layout-flow wp-block-column-is-layout-flow\" style=\"flex-basis:75%\">\n<h2 class=\"wp-block-heading\"><strong>Exzellente Forschung, Innovation und Zusammenarbeit<\/strong><\/h2>\n\n\n\n<p>Die Technische Fakult\u00e4t z\u00e4hlt zu den forschungsst\u00e4rksten ingenieurwissenschaftlichen Fakult\u00e4ten Deutschlands. Hier treffen bahnbrechende Grundlagenforschung auf anwendungsorientierte Spitzenprojekte &#8211; und gestalten aktiv die Technologien der Zukunft.<\/p>\n\n\n\n<p>An unseren drei renommierten Instituten b\u00fcndeln wir unser Fachwissen, um L\u00f6sungen f\u00fcr die dr\u00e4ngendsten Herausforderungen von Wissenschaft, Wirtschaft und Gesellschaft zu entwickeln:<\/p>\n<\/div>\n<\/div>\n\n\n\n<div style=\"height:25px\" aria-hidden=\"true\" class=\"wp-block-spacer\"><\/div>\n\n\n\n<div class=\"[&amp;amp;&amp;gt;*]:bl-relative last:[&amp;amp;&amp;gt;*.bl-absolute]:bl-absolute\n\t\t\t[&amp;amp;&amp;gt;*]:bl-z-20 last:[&amp;amp;&amp;gt;*]:bl-z-10 bl-relative bl-overflow-x-clip\n\t\t\t[.wp-block-ufr-section_&amp;amp;]:bl-overflow-x-visible\n\t\t\tbl-bg-identity-darkblue bl-text-pure-white dark:bl-bg-identity-lightblue dark:bl-text-identity-black bl-py-[24px] alignfull wp-block-ufr-section has-global-padding is-layout-constrained wp-block-ufr-section-is-layout-constrained\">\n\n\t\n\n<div class=\"wp-block-columns are-vertically-aligned-top is-layout-flex wp-container-core-columns-is-layout-28f84493 wp-block-columns-is-layout-flex\">\n<div class=\"wp-block-column is-vertically-aligned-top is-layout-flow wp-block-column-is-layout-flow\">\n<h3 class=\"wp-block-heading\">Institut f\u00fcr <br>Informatik<\/h3>\n\n\n\n<figure class=\"wp-block-image size-full is-resized\"><img loading=\"lazy\" decoding=\"async\" width=\"431\" height=\"230\" src=\"https:\/\/uni-freiburg.de\/tf\/wp-content\/uploads\/sites\/10\/Logo_CS_DEU_NEGATIV.png\" alt=\"\" class=\"wp-image-2467\" style=\"aspect-ratio:1.8739961143600377;width:311px;height:auto\" srcset=\"https:\/\/uni-freiburg.de\/tf\/wp-content\/uploads\/sites\/10\/Logo_CS_DEU_NEGATIV.png 431w, https:\/\/uni-freiburg.de\/tf\/wp-content\/uploads\/sites\/10\/Logo_CS_DEU_NEGATIV-300x160.png 300w\" sizes=\"auto, (max-width: 431px) 100vw, 431px\" \/><\/figure>\n<\/div>\n\n\n\n<div class=\"wp-block-column is-vertically-aligned-top is-layout-flow wp-block-column-is-layout-flow\">\n<h3 class=\"wp-block-heading\">Institut <br>f\u00fcr Mikrosystemtechnik<\/h3>\n\n\n\n<figure class=\"wp-block-image size-full is-resized\"><img loading=\"lazy\" decoding=\"async\" width=\"745\" height=\"234\" src=\"https:\/\/uni-freiburg.de\/tf\/wp-content\/uploads\/sites\/10\/Logo_IMTEK_DEU_NEGATIV.png\" alt=\"\" class=\"wp-image-2468\" style=\"aspect-ratio:3.183598272564324;width:438px;height:auto\" srcset=\"https:\/\/uni-freiburg.de\/tf\/wp-content\/uploads\/sites\/10\/Logo_IMTEK_DEU_NEGATIV.png 745w, https:\/\/uni-freiburg.de\/tf\/wp-content\/uploads\/sites\/10\/Logo_IMTEK_DEU_NEGATIV-300x94.png 300w\" sizes=\"auto, (max-width: 745px) 100vw, 745px\" \/><\/figure>\n<\/div>\n\n\n\n<div class=\"wp-block-column is-vertically-aligned-top is-layout-flow wp-block-column-is-layout-flow\">\n<h3 class=\"wp-block-heading\">Institut f\u00fcr Nachhaltige Technische Systeme<\/h3>\n\n\n\n<figure class=\"wp-block-image size-full is-resized\"><img loading=\"lazy\" decoding=\"async\" width=\"659\" height=\"240\" src=\"https:\/\/uni-freiburg.de\/tf\/wp-content\/uploads\/sites\/10\/Logo_INATECH_DEU_NEGATIV.png\" alt=\"\" class=\"wp-image-2469\" style=\"aspect-ratio:2.7458266113233325;width:420px;height:auto\" srcset=\"https:\/\/uni-freiburg.de\/tf\/wp-content\/uploads\/sites\/10\/Logo_INATECH_DEU_NEGATIV.png 659w, https:\/\/uni-freiburg.de\/tf\/wp-content\/uploads\/sites\/10\/Logo_INATECH_DEU_NEGATIV-300x109.png 300w\" sizes=\"auto, (max-width: 659px) 100vw, 659px\" \/><\/figure>\n<\/div>\n<\/div>\n\n\t<\/div>\n\n\n\n<div style=\"height:25px\" aria-hidden=\"true\" class=\"wp-block-spacer\"><\/div>\n\n\n\n<h2 class=\"wp-block-heading\">Interdisziplin\u00e4re High-Tech-Forschung<\/h2>\n\n\n\n<h3 class=\"wp-block-heading\">Drei erfolgreiche Institute<\/h3>\n\n\n\n<div class=\"wp-block-media-text is-stacked-on-mobile\" style=\"grid-template-columns:42% auto\"><figure class=\"wp-block-media-text__media\"><img loading=\"lazy\" decoding=\"async\" width=\"491\" height=\"471\" src=\"https:\/\/uni-freiburg.de\/tf\/wp-content\/uploads\/sites\/10\/Kreis-Institute-deutsch_klein.jpg\" alt=\"\" class=\"wp-image-3425 size-full\" srcset=\"https:\/\/uni-freiburg.de\/tf\/wp-content\/uploads\/sites\/10\/Kreis-Institute-deutsch_klein.jpg 491w, https:\/\/uni-freiburg.de\/tf\/wp-content\/uploads\/sites\/10\/Kreis-Institute-deutsch_klein-300x288.jpg 300w\" sizes=\"auto, (max-width: 491px) 100vw, 491px\" \/><\/figure><div class=\"wp-block-media-text__content\">\n<p><strong>Institut f\u00fcr Informatik<\/strong><\/p>\n\n\n\n<ul class=\"wp-block-list\">\n<li>Cyber Physical Systems<\/li>\n\n\n\n<li>Informationssysteme<\/li>\n\n\n\n<li>K\u00fcnstliche Intelligenz und Machine Learning<\/li>\n\n\n\n<li>Netzwerke und Resilienz<\/li>\n\n\n\n<li>Neurotechnologie und Robotik<\/li>\n<\/ul>\n\n\n\n<p><strong>Institut f\u00fcr Nachhaltige Technische Systeme<\/strong><\/p>\n\n\n\n<ul class=\"wp-block-list\">\n<li>Nachhaltige Material- und Energiesysteme<\/li>\n\n\n\n<li>Netzwerke und Resillienz<\/li>\n\n\n\n<li>Circularity Engineering<\/li>\n<\/ul>\n\n\n\n<p><strong>Institut f\u00fcr Mikrosystemtechnik<\/strong><\/p>\n\n\n\n<ul class=\"wp-block-list\">\n<li>Biomedizinische Mikrosysteme<\/li>\n\n\n\n<li>Intelligente integrierte Mikrosysteme<\/li>\n\n\n\n<li>Intelligente Materialien und bioinspirierte Systeme<\/li>\n\n\n\n<li>Photonik<\/li>\n<\/ul>\n<\/div><\/div>\n\n\n\n<div style=\"height:15px\" aria-hidden=\"true\" class=\"wp-block-spacer\"><\/div>\n\n\n\n<div class=\"wp-block-columns is-layout-flex wp-container-core-columns-is-layout-28f84493 wp-block-columns-is-layout-flex\">\n<div class=\"wp-block-column is-layout-flow wp-block-column-is-layout-flow\" style=\"flex-basis:75%\">\n<h2 class=\"wp-block-heading\"><strong>Globale Vernetzung f\u00fcr maximale Wirkung<\/strong><\/h2>\n\n\n\n<p>Unsere Fakult\u00e4t ist Teil eines globalen Netzwerks: Gemeinsam mit den&nbsp;<strong>f\u00fcnf&nbsp;<\/strong><strong>Fraunhofer-Instituten<\/strong>, den&nbsp;<strong>Hahn-Schickard-Instituten<\/strong>&nbsp;sowie zahlreichen&nbsp;<strong>Partnern aus Wirtschaft und Wissenschaft<\/strong>&nbsp;schaffen wir Synergien, die Innovation auf h\u00f6chstem Niveau erm\u00f6glichen. Diese Partnerschaften &#8211; regional, europaweit und international &#8211; er\u00f6ffnen neue Horizonte und tragen zur Entwicklung von Technologien mit weltweiter Reichweite bei.<\/p>\n<\/div>\n<\/div>\n\n\n\n<div class=\"wp-block-columns is-layout-flex wp-container-core-columns-is-layout-28f84493 wp-block-columns-is-layout-flex\">\n<div class=\"wp-block-column is-layout-flow wp-block-column-is-layout-flow\" style=\"flex-basis:75%\">\n<h2 class=\"wp-block-heading\"><strong>Zukunft gestalten durch Exzellenz<\/strong><\/h2>\n\n\n\n<p>Die St\u00e4rke unserer Fakult\u00e4t zeigt sich auch in der Entwicklung von Exzellenzclustern und Innovationszentren. Mit modernster Infrastruktur, international vernetzten Teams und einem dynamischen Zusammenspiel von Forschung und Anwendung schaffen wir Plattformen, die Wissenschaft und Wirtschaft nachhaltig pr\u00e4gen.<\/p>\n\n\n\n<div style=\"height:25px\" aria-hidden=\"true\" class=\"wp-block-spacer\"><\/div>\n<\/div>\n<\/div>\n\n\n\n<div class=\"[&amp;amp;&amp;gt;*]:bl-relative last:[&amp;amp;&amp;gt;*.bl-absolute]:bl-absolute\n\t\t\t[&amp;amp;&amp;gt;*]:bl-z-20 last:[&amp;amp;&amp;gt;*]:bl-z-10 bl-relative bl-overflow-x-clip\n\t\t\t[.wp-block-ufr-section_&amp;amp;]:bl-overflow-x-visible\n\t\t\tbl-bg-identity-lightblue bl-text-identity-black dark:bl-bg-identity-lightblue dark:bl-text-identity-black bl-py-[24px]  align wp-block-ufr-section has-global-padding is-layout-constrained wp-block-ufr-section-is-layout-constrained\">\n\n\t\n\n<h3 class=\"wp-block-heading\"><strong>Exzellenzcluster<\/strong><\/h3>\n\n\n\n<div class=\"wp-block-columns is-layout-flex wp-container-core-columns-is-layout-28f84493 wp-block-columns-is-layout-flex\">\n<div class=\"wp-block-column is-layout-flow wp-block-column-is-layout-flow\" style=\"flex-basis:75%\">\n<p>Die Exzellenzinitiative des Bundes und der L\u00e4nder f\u00f6rdert herausragende Forschung an deutschen Universit\u00e4ten. Forscherinnen und Forscher der Technischen Fakult\u00e4t gestalten die folgenden Exzellenzcluster mit.<\/p>\n<\/div>\n<\/div>\n\n\t<\/div>\n\n\n\n<div style=\"height:15px\" aria-hidden=\"true\" class=\"wp-block-spacer\"><\/div>\n\n\n\n<div class=\"wp-block-media-text is-stacked-on-mobile\" style=\"grid-template-columns:16% auto\"><figure class=\"wp-block-media-text__media\"><img loading=\"lazy\" decoding=\"async\" width=\"568\" height=\"400\" src=\"https:\/\/uni-freiburg.de\/tf\/wp-content\/uploads\/sites\/10\/livmats-logo-scaled-500px-1.jpg\" alt=\"Logo des Exzellenzclusters: Living, Adaptive and Energy-autonomous Materials Systems (livMatS).\" class=\"wp-image-3405 size-full\" srcset=\"https:\/\/uni-freiburg.de\/tf\/wp-content\/uploads\/sites\/10\/livmats-logo-scaled-500px-1.jpg 568w, https:\/\/uni-freiburg.de\/tf\/wp-content\/uploads\/sites\/10\/livmats-logo-scaled-500px-1-300x211.jpg 300w\" sizes=\"auto, (max-width: 568px) 100vw, 568px\" \/><\/figure><div class=\"wp-block-media-text__content\">\n<p>Die Vision des Exzellenzclusters <strong>Living, Adaptive and Energy-autonomous Materials Systems (livMatS)<\/strong> ist es, das Beste aus zwei Welten &#8211; der Natur und der Technik &#8211; zu verbinden. livMatS entwickelt lebensechte Materialsysteme nach dem Vorbild der Natur. Die Systeme werden sich autonom an ihre Umgebung anpassen, saubere Energie aus ihr gewinnen und unempfindlich gegen\u00fcber Sch\u00e4den sein oder sich von ihnen erholen.<\/p>\n\n\n\n<div class=\"is-content-justification-left is-layout-flex wp-container-ufr-buttons-is-layout-1f03815a wp-block-ufr-buttons-is-layout-flex\">\n\t\n\n<div class=\"wp-block-ufr-button\"> \n\t<a href=\"https:\/\/uni-freiburg.de\/livmats\"\n\t\t\t\taria-label=\"\"\n\t\tclass=\"\n\t\tbl-text-[1.125rem] bl-leading-[1.5625rem] bl-px-[26px] bl-py-[7px] bl-border-[2px] bl-gap-[8px] !bl-decoration-2 !bl-underline-offset-[5px] focus-visible:bl-outline-offset-[6px]\t\tbl-no-underline hover:bl-underline bl-font-medium\n\t\t\n\t\tfocus-visible:bl-outline-dotted focus-visible:bl-outline-2 bl-border-identity-black bl-text-identity-black\n\t   hover:bl-bg-identity-blue-80 hover:bl-border-identity-blue-80 hover:bl-text-pure-white\n\t   active:bl-bg-identity-blue active:bl-text-pure-white active:bl-border-identity-blue\n\t   !bl-outline-identity-black dark:bl-text-pure-white dark:!bl-border-pure-white\n\t\tdark:hover:bl-text-identity-black dark:hover:bl-bg-identity-yellow-40 dark:hover:!bl-border-identity-yellow-40\n\t\tdark:active:bl-text-identity-black dark:active:bl-bg-identity-yellow dark:active:!bl-border-identity-yellow\n\t\tdark:!bl-outline-pure-white\t\tbl-inline-flex bl-flex-row bl-items-center motion-safe:bl-transition-colors\n\t\tmotion-safe:bl-duration-[400ms] justify-center bl-hyphens-auto\n\t\t\">\n\t\t\t\t<span class=\"bl-inline-block\">\n\t\t\tlivMatS\t\t<\/span>\n\t<\/a>\n<\/div>\n\n<\/div>\n\n<\/div><\/div>\n\n\n\n<div class=\"wp-block-media-text is-stacked-on-mobile\" style=\"grid-template-columns:16% auto\"><figure class=\"wp-block-media-text__media\"><img loading=\"lazy\" decoding=\"async\" width=\"568\" height=\"400\" src=\"https:\/\/uni-freiburg.de\/tf\/wp-content\/uploads\/sites\/10\/cibss-logo-scaled-500px.jpg\" alt=\"Logo des Exzellenzclusters CIBSS: Zentrum f\u00fcr Integrative Biologische Signalstudien.\" class=\"wp-image-3404 size-full\" srcset=\"https:\/\/uni-freiburg.de\/tf\/wp-content\/uploads\/sites\/10\/cibss-logo-scaled-500px.jpg 568w, https:\/\/uni-freiburg.de\/tf\/wp-content\/uploads\/sites\/10\/cibss-logo-scaled-500px-300x211.jpg 300w\" sizes=\"auto, (max-width: 568px) 100vw, 568px\" \/><\/figure><div class=\"wp-block-media-text__content\">\n<p>Forscherinnen und Forscher des Exzellenzcluster<strong>s CIBSS \u2013 Zentrum f\u00fcr Integrative Biologische Signalstudien <\/strong>widmen sich der Frage, wie Signale das vielzellige Leben in Menschen, Tieren und Pflanzen steuern. Die biologische Signalforschung befasst sich mit den Kommunikationsprozessen, die f\u00fcr Lebewesen und ihre Gesundheit grundlegend sind. Sie erkundet, wie Zellen auf verschiedene Bedingungen und Signale reagieren und wie sie miteinander kommunizieren, um die Entwicklung und Funktion eines Organismus zu steuern &#8211; egal ob es sich um einen Menschen, ein Tier oder eine Pflanze handelt. Um ein ganzheitliches Verst\u00e4ndnis der zellul\u00e4ren Signalprozesse \u00fcber das gesamte Spektrum der biologischen Skalen zu erreichen, leistet CIBSS Pionierarbeit mit einem neuen Ansatz, der die Grenzen der Signalforschung erweitert.<\/p>\n\n\n\n<div class=\"is-content-justification-left is-layout-flex wp-container-ufr-buttons-is-layout-fc4fd283 wp-block-ufr-buttons-is-layout-flex\">\n\t\n\n<div class=\"wp-block-ufr-button\"> \n\t<a href=\"https:\/\/uni-freiburg.de\/cibss\"\n\t\t\t\taria-label=\"\"\n\t\tclass=\"\n\t\tbl-text-[1.125rem] bl-leading-[1.5625rem] bl-px-[26px] bl-py-[7px] bl-border-[2px] bl-gap-[8px] !bl-decoration-2 !bl-underline-offset-[5px] focus-visible:bl-outline-offset-[6px]\t\tbl-no-underline hover:bl-underline bl-font-medium\n\t\t\n\t\tfocus-visible:bl-outline-dotted focus-visible:bl-outline-2 bl-border-identity-black bl-text-identity-black\n\t   hover:bl-bg-identity-blue-80 hover:bl-border-identity-blue-80 hover:bl-text-pure-white\n\t   active:bl-bg-identity-blue active:bl-text-pure-white active:bl-border-identity-blue\n\t   !bl-outline-identity-black dark:bl-text-pure-white dark:!bl-border-pure-white\n\t\tdark:hover:bl-text-identity-black dark:hover:bl-bg-identity-yellow-40 dark:hover:!bl-border-identity-yellow-40\n\t\tdark:active:bl-text-identity-black dark:active:bl-bg-identity-yellow dark:active:!bl-border-identity-yellow\n\t\tdark:!bl-outline-pure-white\t\tbl-inline-flex bl-flex-row bl-items-center motion-safe:bl-transition-colors\n\t\tmotion-safe:bl-duration-[400ms] justify-center bl-hyphens-auto\n\t\t\">\n\t\t\t\t<span class=\"bl-inline-block\">\n\t\t\tCIBSS\t\t<\/span>\n\t<\/a>\n<\/div>\n\n<\/div>\n\n<\/div><\/div>\n\n\n\n<div style=\"height:25px\" aria-hidden=\"true\" class=\"wp-block-spacer\"><\/div>\n\n\n\n<div class=\"[&amp;amp;&amp;gt;*]:bl-relative last:[&amp;amp;&amp;gt;*.bl-absolute]:bl-absolute\n\t\t\t[&amp;amp;&amp;gt;*]:bl-z-20 last:[&amp;amp;&amp;gt;*]:bl-z-10 bl-relative bl-overflow-x-clip\n\t\t\t[.wp-block-ufr-section_&amp;amp;]:bl-overflow-x-visible\n\t\t\tbl-bg-identity-lightblue bl-text-identity-black dark:bl-bg-identity-lightblue dark:bl-text-identity-black bl-py-[24px]  align wp-block-ufr-section has-global-padding is-layout-constrained wp-block-ufr-section-is-layout-constrained\">\n\n\t\n\n<h3 class=\"wp-block-heading\"><strong>Zentren<\/strong><\/h3>\n\n\t<\/div>\n\n\n\n<div class=\"wp-block-media-text is-stacked-on-mobile\" style=\"grid-template-columns:16% auto\"><figure class=\"wp-block-media-text__media\"><img loading=\"lazy\" decoding=\"async\" width=\"270\" height=\"187\" src=\"https:\/\/uni-freiburg.de\/tf\/wp-content\/uploads\/sites\/10\/BrainLinksBrainTools.png\" alt=\"\" class=\"wp-image-2472 size-full\" \/><\/figure><div class=\"wp-block-media-text__content\">\n<p><strong>BrainLinks-BrainTools<\/strong> wurde als Exzellenzcluster, der 2012 im Rahmen der deutschen <strong>Exzellenzinitiative II<\/strong> der DFG gegr\u00fcndet (EXC 1086) und wird seit 2019 vom Ministerium f\u00fcr Wissenschaft, Forschung und Kunst Baden-W\u00fcrttemberg im Rahmen der Nachhaltigkeitsfinanzierung der Projekte der Exzellenzinitiative II als Zentrum finanziert.<\/p>\n\n\n\n<div class=\"is-content-justification-left is-layout-flex wp-container-ufr-buttons-is-layout-1f03815a wp-block-ufr-buttons-is-layout-flex\">\n\t\n\n<div class=\"wp-block-ufr-button\"> \n\t<a href=\"https:\/\/www.brainlinks-braintools.uni-freiburg.de\/de\/\"\n\t\t\t\taria-label=\"\"\n\t\tclass=\"\n\t\tbl-text-[1.125rem] bl-leading-[1.5625rem] bl-px-[26px] bl-py-[7px] bl-border-[2px] bl-gap-[8px] !bl-decoration-2 !bl-underline-offset-[5px] focus-visible:bl-outline-offset-[6px]\t\tbl-no-underline hover:bl-underline bl-font-medium\n\t\t\n\t\tfocus-visible:bl-outline-dotted focus-visible:bl-outline-2 bl-border-identity-black bl-text-identity-black\n\t   hover:bl-bg-identity-blue-80 hover:bl-border-identity-blue-80 hover:bl-text-pure-white\n\t   active:bl-bg-identity-blue active:bl-text-pure-white active:bl-border-identity-blue\n\t   !bl-outline-identity-black dark:bl-text-pure-white dark:!bl-border-pure-white\n\t\tdark:hover:bl-text-identity-black dark:hover:bl-bg-identity-yellow-40 dark:hover:!bl-border-identity-yellow-40\n\t\tdark:active:bl-text-identity-black dark:active:bl-bg-identity-yellow dark:active:!bl-border-identity-yellow\n\t\tdark:!bl-outline-pure-white\t\tbl-inline-flex bl-flex-row bl-items-center motion-safe:bl-transition-colors\n\t\tmotion-safe:bl-duration-[400ms] justify-center bl-hyphens-auto\n\t\t\">\n\t\t\t\t<span class=\"bl-inline-block\">\n\t\t\tBrainLinks-BrainTools\t\t<\/span>\n\t<\/a>\n<\/div>\n\n\n\n<div class=\"wp-block-ufr-button\"> \n\t<a href=\"http:\/\/www.dfg.de\/foerderung\/programme\/exzellenzinitiative\/\"\n\t\t\t\taria-label=\"\"\n\t\tclass=\"\n\t\tbl-text-[1.125rem] bl-leading-[1.5625rem] bl-px-[26px] bl-py-[7px] bl-border-[2px] bl-gap-[8px] !bl-decoration-2 !bl-underline-offset-[5px] focus-visible:bl-outline-offset-[6px]\t\tbl-no-underline hover:bl-underline bl-font-medium\n\t\t\n\t\tfocus-visible:bl-outline-dotted focus-visible:bl-outline-2 bl-border-identity-black bl-text-identity-black\n\t   hover:bl-bg-identity-blue-80 hover:bl-border-identity-blue-80 hover:bl-text-pure-white\n\t   active:bl-bg-identity-blue active:bl-text-pure-white active:bl-border-identity-blue\n\t   !bl-outline-identity-black dark:bl-text-pure-white dark:!bl-border-pure-white\n\t\tdark:hover:bl-text-identity-black dark:hover:bl-bg-identity-yellow-40 dark:hover:!bl-border-identity-yellow-40\n\t\tdark:active:bl-text-identity-black dark:active:bl-bg-identity-yellow dark:active:!bl-border-identity-yellow\n\t\tdark:!bl-outline-pure-white\t\tbl-inline-flex bl-flex-row bl-items-center motion-safe:bl-transition-colors\n\t\tmotion-safe:bl-duration-[400ms] justify-center bl-hyphens-auto\n\t\t\">\n\t\t\t\t<span class=\"bl-inline-block\">\n\t\t\tExzellenzinitiative II\t\t<\/span>\n\t<\/a>\n<\/div>\n\n<\/div>\n\n\n\n\n<p><\/p>\n<\/div><\/div>\n\n\n\n<div class=\"wp-block-media-text is-stacked-on-mobile\" style=\"grid-template-columns:16% auto\"><figure class=\"wp-block-media-text__media\"><img loading=\"lazy\" decoding=\"async\" width=\"277\" height=\"142\" src=\"https:\/\/uni-freiburg.de\/tf\/wp-content\/uploads\/sites\/10\/Bioss_neu.jpg\" alt=\"\" class=\"wp-image-3420 size-full\" \/><\/figure><div class=\"wp-block-media-text__content\">\n<p><strong>BIOSS Zentrum f\u00fcr biologische Signalstudien (2007\u20132019)<\/strong> wurde 2007 im Rahmen der Exzellenzstrategie der Deutschen Forschungsgemeinschaft (DFG) als Exzellenzcluster gegr\u00fcndet und konnte im Jahr 2012 f\u00fcr weitere sechs Jahre erfolgreich verl\u00e4ngert werden. Ab 2019 setzt BIOSS als Zentrum der Universit\u00e4t Freiburg das Forschungs- und Ausbildungsprogramm sowie die Dienstleistungen f\u00fcr die Life Science Community fort, die von der Universit\u00e4t und dem Ministerium f\u00fcr Wissenschaft und Bildung (MWK) des Landes Baden-W\u00fcrttemberg nachhaltig gef\u00f6rdert werden (Exzellenzinitiative 2005\u20132019).<\/p>\n\n\n\n<div class=\"is-content-justification-left is-layout-flex wp-container-ufr-buttons-is-layout-fc4fd283 wp-block-ufr-buttons-is-layout-flex\">\n\t\n\n<div class=\"wp-block-ufr-button\"> \n\t<a href=\"http:\/\/www.bioss.uni-freiburg.de\/de\/\"\n\t\ttarget=\"_blank\" rel=\"noopener noreferrer\"\t\taria-label=\"\"\n\t\tclass=\"\n\t\tbl-text-[1.125rem] bl-leading-[1.5625rem] bl-px-[26px] bl-py-[7px] bl-border-[2px] bl-gap-[8px] !bl-decoration-2 !bl-underline-offset-[5px] focus-visible:bl-outline-offset-[6px]\t\tbl-no-underline hover:bl-underline bl-font-medium\n\t\t\n\t\tfocus-visible:bl-outline-dotted focus-visible:bl-outline-2 bl-border-identity-black bl-text-identity-black\n\t   hover:bl-bg-identity-blue-80 hover:bl-border-identity-blue-80 hover:bl-text-pure-white\n\t   active:bl-bg-identity-blue active:bl-text-pure-white active:bl-border-identity-blue\n\t   !bl-outline-identity-black dark:bl-text-pure-white dark:!bl-border-pure-white\n\t\tdark:hover:bl-text-identity-black dark:hover:bl-bg-identity-yellow-40 dark:hover:!bl-border-identity-yellow-40\n\t\tdark:active:bl-text-identity-black dark:active:bl-bg-identity-yellow dark:active:!bl-border-identity-yellow\n\t\tdark:!bl-outline-pure-white\t\tbl-inline-flex bl-flex-row bl-items-center motion-safe:bl-transition-colors\n\t\tmotion-safe:bl-duration-[400ms] justify-center bl-hyphens-auto\n\t\t\">\n\t\t\t\t<span class=\"bl-inline-block\">\n\t\t\tBIOSS\t\t<\/span>\n\t<\/a>\n<\/div>\n\n<\/div>\n\n\n\n\n<p><\/p>\n<\/div><\/div>\n\n\n\n<div class=\"[&amp;amp;&amp;gt;*]:bl-relative last:[&amp;amp;&amp;gt;*.bl-absolute]:bl-absolute\n\t\t\t[&amp;amp;&amp;gt;*]:bl-z-20 last:[&amp;amp;&amp;gt;*]:bl-z-10 bl-relative bl-overflow-x-clip\n\t\t\t[.wp-block-ufr-section_&amp;amp;]:bl-overflow-x-visible\n\t\t\tbl-bg-transparent bl-text-inherit dark:bl-bg-transparent dark:bl-text-inherit   align wp-block-ufr-section has-global-padding is-layout-constrained wp-block-ufr-section-is-layout-constrained\">\n\n\t\n\n<div style=\"height:25px\" aria-hidden=\"true\" class=\"wp-block-spacer\"><\/div>\n\n\n\n<div class=\"is-content-justification-center is-layout-flex wp-container-ufr-buttons-is-layout-a89b3969 wp-block-ufr-buttons-is-layout-flex\">\n\t\n\n<div class=\"wp-block-ufr-button\"> \n\t<a href=\"#Top\"\n\t\t\t\taria-label=\"NachOben\"\n\t\tclass=\"\n\t\tbl-text-[1.5625rem] bl-leading-[2.1875rem] bl-px-[44px] bl-py-[12px] bl-border-[4px] bl-gap-[14px] !bl-decoration-4 !bl-underline-offset-[9px] focus-visible:bl-outline-offset-[9px]\t\tbl-no-underline hover:bl-underline bl-font-medium\n\t\t\n\t\tfocus-visible:bl-outline-dotted focus-visible:bl-outline-2 bl-border-identity-black bl-bg-identity-black bl-text-pure-white\n\t   hover:bl-bg-identity-blue-80 hover:bl-border-identity-blue-80 hover:bl-text-pure-white\n\t   active:bl-border-identity-blue active:bl-bg-identity-blue\n\t   bl-outline-identity-black dark:bl-border-pure-white dark:bl-bg-pure-white dark:bl-text-identity-black\n\t\tdark:hover:bl-bg-identity-yellow-40 dark:hover:bl-border-identity-yellow-40\n\t\tdark:active:bl-border-identity-yellow dark:active:bl-bg-identity-yellow\n\t\tdark:bl-outline-pure-white\t\tbl-inline-flex bl-flex-row bl-items-center motion-safe:bl-transition-colors\n\t\tmotion-safe:bl-duration-[400ms] justify-center bl-hyphens-auto\n\t\t\">\n\t\t\t\t<span class=\"bl-inline-block\">\n\t\t\tNach Oben\t\t<\/span>\n\t<\/a>\n<\/div>\n\n<\/div>\n\n\n\n\n<div style=\"height:75px\" aria-hidden=\"true\" class=\"wp-block-spacer\"><\/div>\n\n\t<\/div>\n\n\n\n<p><\/p>\n","protected":false},"excerpt":{"rendered":"<p>Exzellente Forschung, Innovation und Zusammenarbeit Die Technische Fakult\u00e4t z\u00e4hlt zu den forschungsst\u00e4rksten ingenieurwissenschaftlichen Fakult\u00e4ten Deutschlands. Hier treffen bahnbrechende Grundlagenforschung auf anwendungsorientierte Spitzenprojekte &#8211; und gestalten aktiv die Technologien der Zukunft. An unseren drei renommierten Instituten b\u00fcndeln wir unser Fachwissen, um L\u00f6sungen f\u00fcr die dr\u00e4ngendsten Herausforderungen von Wissenschaft, Wirtschaft und Gesellschaft zu entwickeln: Interdisziplin\u00e4re High-Tech-Forschung Drei<\/p>\n","protected":false},"author":2,"featured_media":0,"parent":0,"menu_order":0,"comment_status":"closed","ping_status":"closed","template":"","meta":{"_trash_the_other_posts":false,"editor_notices":[],"footnotes":""},"class_list":["post-203","page","type-page","status-publish","hentry"],"_links":{"self":[{"href":"https:\/\/uni-freiburg.de\/tf\/wp-json\/wp\/v2\/pages\/203","targetHints":{"allow":["GET"]}}],"collection":[{"href":"https:\/\/uni-freiburg.de\/tf\/wp-json\/wp\/v2\/pages"}],"about":[{"href":"https:\/\/uni-freiburg.de\/tf\/wp-json\/wp\/v2\/types\/page"}],"author":[{"embeddable":true,"href":"https:\/\/uni-freiburg.de\/tf\/wp-json\/wp\/v2\/users\/2"}],"replies":[{"embeddable":true,"href":"https:\/\/uni-freiburg.de\/tf\/wp-json\/wp\/v2\/comments?post=203"}],"version-history":[{"count":30,"href":"https:\/\/uni-freiburg.de\/tf\/wp-json\/wp\/v2\/pages\/203\/revisions"}],"predecessor-version":[{"id":3674,"href":"https:\/\/uni-freiburg.de\/tf\/wp-json\/wp\/v2\/pages\/203\/revisions\/3674"}],"wp:attachment":[{"href":"https:\/\/uni-freiburg.de\/tf\/wp-json\/wp\/v2\/media?parent=203"}],"curies":[{"name":"wp","href":"https:\/\/api.w.org\/{rel}","templated":true}]}}